{"id":125,"date":"2018-11-26T12:45:27","date_gmt":"2018-11-26T12:45:27","guid":{"rendered":"https:\/\/kunst-portraits.at\/index.php\/home\/"},"modified":"2022-03-25T10:29:07","modified_gmt":"2022-03-25T10:29:07","slug":"home","status":"publish","type":"page","link":"https:\/\/kunst-portraits.at\/","title":{"rendered":"Home"},"content":{"rendered":"\t\t<div data-elementor-type=\"wp-post\" data-elementor-id=\"125\" class=\"elementor elementor-125\">\n\t\t\t\t\t\t\t\t\t<section class=\"elementor-section elementor-top-section elementor-element elementor-element-71b8a127 elementor-section-content-middle elementor-section-full_width elementor-section-height-default elementor-section-height-default\" data-id=\"71b8a127\" data-element_type=\"section\" data-settings=\"{&quot;background_background&quot;:&quot;classic&quot;,&quot;animation&quot;:&quot;none&quot;}\">\n\t\t\t\t\t\t\t<div class=\"elementor-background-overlay\"><\/div>\n\t\t\t\t\t\t\t<div class=\"elementor-container elementor-column-gap-no\">\n\t\t\t\t\t<div class=\"elementor-column elementor-col-100 elementor-top-column elementor-element elementor-element-5d739494\" data-id=\"5d739494\" data-element_type=\"column\">\n\t\t\t<div class=\"elementor-widget-wrap elementor-element-populated\">\n\t\t\t\t\t\t\t\t<div class=\"elementor-element elementor-element-7a7d1f32 elementor-view-default elementor-widget elementor-widget-icon\" data-id=\"7a7d1f32\" data-element_type=\"widget\" data-widget_type=\"icon.default\">\n\t\t\t\t<div class=\"elementor-widget-container\">\n\t\t\t\t\t<div class=\"elementor-icon-wrapper\">\n\t\t\t<div class=\"elementor-icon\">\n\t\t\t<i aria-hidden=\"true\" class=\"fas fa-arrow-circle-down\"><\/i>\t\t\t<\/div>\n\t\t<\/div>\n\t\t\t\t<\/div>\n\t\t\t\t<\/div>\n\t\t\t\t\t<\/div>\n\t\t<\/div>\n\t\t\t\t\t\t\t<\/div>\n\t\t<\/section>\n\t\t\t\t<section class=\"elementor-section elementor-top-section elementor-element elementor-element-64237c02 elementor-section-height-min-height elementor-section-boxed elementor-section-height-default elementor-section-items-middle\" data-id=\"64237c02\" data-element_type=\"section\" data-settings=\"{&quot;background_background&quot;:&quot;classic&quot;}\">\n\t\t\t\t\t\t<div class=\"elementor-container elementor-column-gap-default\">\n\t\t\t\t\t<div class=\"elementor-column elementor-col-100 elementor-top-column elementor-element elementor-element-38d48391\" data-id=\"38d48391\" data-element_type=\"column\">\n\t\t\t<div class=\"elementor-widget-wrap elementor-element-populated\">\n\t\t\t\t\t\t\t\t<div class=\"elementor-element elementor-element-5214d87e elementor-invisible elementor-widget elementor-widget-heading\" data-id=\"5214d87e\" data-element_type=\"widget\" data-settings=\"{&quot;_animation&quot;:&quot;fadeInUp&quot;}\" data-widget_type=\"heading.default\">\n\t\t\t\t<div class=\"elementor-widget-container\">\n\t\t\t<style>\/*! elementor - v3.6.1 - 23-03-2022 *\/\n.elementor-heading-title{padding:0;margin:0;line-height:1}.elementor-widget-heading .elementor-heading-title[class*=elementor-size-]>a{color:inherit;font-size:inherit;line-height:inherit}.elementor-widget-heading .elementor-heading-title.elementor-size-small{font-size:15px}.elementor-widget-heading .elementor-heading-title.elementor-size-medium{font-size:19px}.elementor-widget-heading .elementor-heading-title.elementor-size-large{font-size:29px}.elementor-widget-heading .elementor-heading-title.elementor-size-xl{font-size:39px}.elementor-widget-heading .elementor-heading-title.elementor-size-xxl{font-size:59px}<\/style><h3 class=\"elementor-heading-title elementor-size-default\">\"Es ist mir wichtig, nicht Fotos von Menschen zu machen, sondern mit Menschen zu machen und mit ihnen zu kreieren.\"<br><br>-Robert Peres<\/h3>\t\t<\/div>\n\t\t\t\t<\/div>\n\t\t\t\t\t<\/div>\n\t\t<\/div>\n\t\t\t\t\t\t\t<\/div>\n\t\t<\/section>\n\t\t\t\t<section class=\"elementor-section elementor-top-section elementor-element elementor-element-7769fc01 elementor-section-content-middle elementor-section-height-min-height elementor-section-boxed elementor-section-height-default elementor-section-items-middle\" data-id=\"7769fc01\" data-element_type=\"section\" id=\"about\" data-settings=\"{&quot;background_background&quot;:&quot;classic&quot;}\">\n\t\t\t\t\t\t<div class=\"elementor-container elementor-column-gap-default\">\n\t\t\t\t\t<div class=\"elementor-column elementor-col-50 elementor-top-column elementor-element elementor-element-3604a223 elementor-invisible\" data-id=\"3604a223\" data-element_type=\"column\" data-settings=\"{&quot;animation&quot;:&quot;fadeInLeft&quot;}\">\n\t\t\t<div class=\"elementor-widget-wrap elementor-element-populated\">\n\t\t\t\t\t\t\t\t<div class=\"elementor-element elementor-element-61aa78a2 elementor-widget elementor-widget-heading\" data-id=\"61aa78a2\" data-element_type=\"widget\" data-widget_type=\"heading.default\">\n\t\t\t\t<div class=\"elementor-widget-container\">\n\t\t\t<h5 class=\"elementor-heading-title elementor-size-default\">Gedankeng\u00e4nge<\/h5>\t\t<\/div>\n\t\t\t\t<\/div>\n\t\t\t\t<div class=\"elementor-element elementor-element-780029eb elementor-widget-divider--view-line elementor-widget elementor-widget-divider\" data-id=\"780029eb\" data-element_type=\"widget\" data-widget_type=\"divider.default\">\n\t\t\t\t<div class=\"elementor-widget-container\">\n\t\t\t<style>\/*! elementor - v3.6.1 - 23-03-2022 *\/\n.elementor-widget-divider{--divider-border-style:none;--divider-border-width:1px;--divider-color:#2c2c2c;--divider-icon-size:20px;--divider-element-spacing:10px;--divider-pattern-height:24px;--divider-pattern-size:20px;--divider-pattern-url:none;--divider-pattern-repeat:repeat-x}.elementor-widget-divider .elementor-divider{display:-webkit-box;display:-ms-flexbox;display:flex}.elementor-widget-divider .elementor-divider__text{font-size:15px;line-height:1;max-width:95%}.elementor-widget-divider .elementor-divider__element{margin:0 var(--divider-element-spacing);-ms-flex-negative:0;flex-shrink:0}.elementor-widget-divider .elementor-icon{font-size:var(--divider-icon-size)}.elementor-widget-divider .elementor-divider-separator{display:-webkit-box;display:-ms-flexbox;display:flex;margin:0;direction:ltr}.elementor-widget-divider--view-line_icon .elementor-divider-separator,.elementor-widget-divider--view-line_text .elementor-divider-separator{-webkit-box-align:center;-ms-flex-align:center;align-items:center}.elementor-widget-divider--view-line_icon .elementor-divider-separator:after,.elementor-widget-divider--view-line_icon .elementor-divider-separator:before,.elementor-widget-divider--view-line_text .elementor-divider-separator:after,.elementor-widget-divider--view-line_text .elementor-divider-separator:before{display:block;content:\"\";border-bottom:0;-webkit-box-flex:1;-ms-flex-positive:1;flex-grow:1;border-top:var(--divider-border-width) var(--divider-border-style) var(--divider-color)}.elementor-widget-divider--element-align-left .elementor-divider .elementor-divider-separator>.elementor-divider__svg:first-of-type{-webkit-box-flex:0;-ms-flex-positive:0;flex-grow:0;-ms-flex-negative:100;flex-shrink:100}.elementor-widget-divider--element-align-left .elementor-divider-separator:before{content:none}.elementor-widget-divider--element-align-left .elementor-divider__element{margin-left:0}.elementor-widget-divider--element-align-right .elementor-divider .elementor-divider-separator>.elementor-divider__svg:last-of-type{-webkit-box-flex:0;-ms-flex-positive:0;flex-grow:0;-ms-flex-negative:100;flex-shrink:100}.elementor-widget-divider--element-align-right .elementor-divider-separator:after{content:none}.elementor-widget-divider--element-align-right .elementor-divider__element{margin-right:0}.elementor-widget-divider:not(.elementor-widget-divider--view-line_text):not(.elementor-widget-divider--view-line_icon) .elementor-divider-separator{border-top:var(--divider-border-width) var(--divider-border-style) var(--divider-color)}.elementor-widget-divider--separator-type-pattern{--divider-border-style:none}.elementor-widget-divider--separator-type-pattern.elementor-widget-divider--view-line .elementor-divider-separator,.elementor-widget-divider--separator-type-pattern:not(.elementor-widget-divider--view-line) .elementor-divider-separator:after,.elementor-widget-divider--separator-type-pattern:not(.elementor-widget-divider--view-line) .elementor-divider-separator:before,.elementor-widget-divider--separator-type-pattern:not([class*=elementor-widget-divider--view]) .elementor-divider-separator{width:100%;min-height:var(--divider-pattern-height);-webkit-mask-size:var(--divider-pattern-size) 100%;mask-size:var(--divider-pattern-size) 100%;-webkit-mask-repeat:var(--divider-pattern-repeat);mask-repeat:var(--divider-pattern-repeat);background-color:var(--divider-color);-webkit-mask-image:var(--divider-pattern-url);mask-image:var(--divider-pattern-url)}.elementor-widget-divider--no-spacing{--divider-pattern-size:auto}.elementor-widget-divider--bg-round{--divider-pattern-repeat:round}.rtl .elementor-widget-divider .elementor-divider__text{direction:rtl}<\/style>\t\t<div class=\"elementor-divider\">\n\t\t\t<span class=\"elementor-divider-separator\">\n\t\t\t\t\t\t<\/span>\n\t\t<\/div>\n\t\t\t\t<\/div>\n\t\t\t\t<\/div>\n\t\t\t\t<div class=\"elementor-element elementor-element-69a2ec elementor-widget elementor-widget-text-editor\" data-id=\"69a2ec\" data-element_type=\"widget\" data-widget_type=\"text-editor.default\">\n\t\t\t\t<div class=\"elementor-widget-container\">\n\t\t\t<style>\/*! elementor - v3.6.1 - 23-03-2022 *\/\n.elementor-widget-text-editor.elementor-drop-cap-view-stacked .elementor-drop-cap{background-color:#818a91;color:#fff}.elementor-widget-text-editor.elementor-drop-cap-view-framed .elementor-drop-cap{color:#818a91;border:3px solid;background-color:transparent}.elementor-widget-text-editor:not(.elementor-drop-cap-view-default) .elementor-drop-cap{margin-top:8px}.elementor-widget-text-editor:not(.elementor-drop-cap-view-default) .elementor-drop-cap-letter{width:1em;height:1em}.elementor-widget-text-editor .elementor-drop-cap{float:left;text-align:center;line-height:1;font-size:50px}.elementor-widget-text-editor .elementor-drop-cap-letter{display:inline-block}<\/style>\t\t\t\t<p>Als Fotograf verstehe ich mich als Mittler zwischen dem zu portraitierenden Menschen und der Zeit jenseits der Gegenwart \u2013 dem zuk\u00fcnftigen Betrachter des Bildes. Ich sehe oft mehr in einem Bild als die Person \u2013 ich sehe eine Befindlichkeit, eine Einstellung, Zeitgeist. Viele Informationen die mehr vermitteln als das reine Aussehen. Daher ist es mir wichtig, nicht Fotos von Menschen zu machen, sondern mit Menschen zu machen und mit ihnen zu kreieren.<\/p><p>Ich fotografiere seit 1985.<\/p>\t\t\t\t\t\t<\/div>\n\t\t\t\t<\/div>\n\t\t\t\t\t<\/div>\n\t\t<\/div>\n\t\t\t\t<div class=\"elementor-column elementor-col-50 elementor-top-column elementor-element elementor-element-75ad86a elementor-invisible\" data-id=\"75ad86a\" data-element_type=\"column\" data-settings=\"{&quot;animation&quot;:&quot;fadeInRight&quot;}\">\n\t\t\t<div class=\"elementor-widget-wrap elementor-element-populated\">\n\t\t\t\t\t\t\t\t<div class=\"elementor-element elementor-element-c123ca3 elementor-widget elementor-widget-image\" data-id=\"c123ca3\" data-element_type=\"widget\" data-widget_type=\"image.default\">\n\t\t\t\t<div class=\"elementor-widget-container\">\n\t\t\t<style>\/*! elementor - v3.6.1 - 23-03-2022 *\/\n.elementor-widget-image{text-align:center}.elementor-widget-image a{display:inline-block}.elementor-widget-image a img[src$=\".svg\"]{width:48px}.elementor-widget-image img{vertical-align:middle;display:inline-block}<\/style>\t\t\t\t\t\t\t\t\t\t\t\t<img decoding=\"async\" src=\"https:\/\/kunst-portraits.at\/wp-content\/uploads\/elementor\/thumbs\/Bio22-v1-pmcbu8ef7n0d5th55m5grj3raqm29i49e3thihp6yw.jpg\" title=\"Bio22-v1\" alt=\"Bio22-v1\" \/>\t\t\t\t\t\t\t\t\t\t\t\t\t\t\t<\/div>\n\t\t\t\t<\/div>\n\t\t\t\t\t<\/div>\n\t\t<\/div>\n\t\t\t\t\t\t\t<\/div>\n\t\t<\/section>\n\t\t\t\t<section class=\"elementor-section elementor-top-section elementor-element elementor-element-de397ef elementor-section-content-middle elementor-section-height-min-height elementor-section-boxed elementor-section-height-default elementor-section-items-middle\" data-id=\"de397ef\" data-element_type=\"section\" id=\"services\" data-settings=\"{&quot;background_background&quot;:&quot;classic&quot;}\">\n\t\t\t\t\t\t\t<div class=\"elementor-background-overlay\"><\/div>\n\t\t\t\t\t\t\t<div class=\"elementor-container elementor-column-gap-no\">\n\t\t\t\t\t<div class=\"elementor-column elementor-col-100 elementor-top-column elementor-element elementor-element-22202b04\" data-id=\"22202b04\" data-element_type=\"column\">\n\t\t\t<div class=\"elementor-widget-wrap elementor-element-populated\">\n\t\t\t\t\t\t\t\t<div class=\"elementor-element elementor-element-57b08ef1 elementor-widget elementor-widget-heading\" data-id=\"57b08ef1\" data-element_type=\"widget\" data-widget_type=\"heading.default\">\n\t\t\t\t<div class=\"elementor-widget-container\">\n\t\t\t<h5 class=\"elementor-heading-title elementor-size-default\">Leidenschaften<\/h5>\t\t<\/div>\n\t\t\t\t<\/div>\n\t\t\t\t<div class=\"elementor-element elementor-element-6ea7a37c elementor-widget-divider--view-line elementor-widget elementor-widget-divider\" data-id=\"6ea7a37c\" data-element_type=\"widget\" data-widget_type=\"divider.default\">\n\t\t\t\t<div class=\"elementor-widget-container\">\n\t\t\t\t\t<div class=\"elementor-divider\">\n\t\t\t<span class=\"elementor-divider-separator\">\n\t\t\t\t\t\t<\/span>\n\t\t<\/div>\n\t\t\t\t<\/div>\n\t\t\t\t<\/div>\n\t\t\t\t<section class=\"elementor-section elementor-inner-section elementor-element elementor-element-2cd4198a elementor-section-boxed elementor-section-height-default elementor-section-height-default\" data-id=\"2cd4198a\" data-element_type=\"section\" data-settings=\"{&quot;animation&quot;:&quot;none&quot;}\">\n\t\t\t\t\t\t<div class=\"elementor-container elementor-column-gap-default\">\n\t\t\t\t\t<div class=\"elementor-column elementor-col-33 elementor-inner-column elementor-element elementor-element-7ba6011f\" data-id=\"7ba6011f\" data-element_type=\"column\">\n\t\t\t<div class=\"elementor-widget-wrap elementor-element-populated\">\n\t\t\t\t\t\t\t\t<div class=\"elementor-element elementor-element-1451fb57 elementor-view-default elementor-mobile-position-top elementor-vertical-align-top elementor-invisible elementor-widget elementor-widget-icon-box\" data-id=\"1451fb57\" data-element_type=\"widget\" data-settings=\"{&quot;_animation&quot;:&quot;fadeInLeft&quot;}\" data-widget_type=\"icon-box.default\">\n\t\t\t\t<div class=\"elementor-widget-container\">\n\t\t\t<link rel=\"stylesheet\" href=\"https:\/\/kunst-portraits.at\/wp-content\/plugins\/elementor\/assets\/css\/widget-icon-box.min.css\">\t\t<div class=\"elementor-icon-box-wrapper\">\n\t\t\t\t\t\t<div class=\"elementor-icon-box-icon\">\n\t\t\t\t<span class=\"elementor-icon elementor-animation-grow\" >\n\t\t\t\t<i aria-hidden=\"true\" class=\"fas fa-camera\"><\/i>\t\t\t\t<\/span>\n\t\t\t<\/div>\n\t\t\t\t\t\t<div class=\"elementor-icon-box-content\">\n\t\t\t\t<h3 class=\"elementor-icon-box-title\">\n\t\t\t\t\t<span  >\n\t\t\t\t\t\tFotografie\t\t\t\t\t<\/span>\n\t\t\t\t<\/h3>\n\t\t\t\t\t\t\t\t\t<p class=\"elementor-icon-box-description\">\n\t\t\t\t\t\tVom passenden Bild f\u00fcr die richtige Zielgruppe bis zum Statement. Die Welt dazwischen ist unendlich. Viel platz f\u00fcr Abenteuer \t\t\t\t\t<\/p>\n\t\t\t\t\t\t\t<\/div>\n\t\t<\/div>\n\t\t\t\t<\/div>\n\t\t\t\t<\/div>\n\t\t\t\t\t<\/div>\n\t\t<\/div>\n\t\t\t\t<div class=\"elementor-column elementor-col-33 elementor-inner-column elementor-element elementor-element-11167d1e\" data-id=\"11167d1e\" data-element_type=\"column\">\n\t\t\t<div class=\"elementor-widget-wrap elementor-element-populated\">\n\t\t\t\t\t\t\t\t<div class=\"elementor-element elementor-element-59beaf2c elementor-view-default elementor-mobile-position-top elementor-vertical-align-top elementor-invisible elementor-widget elementor-widget-icon-box\" data-id=\"59beaf2c\" data-element_type=\"widget\" data-settings=\"{&quot;_animation&quot;:&quot;fadeInUp&quot;}\" data-widget_type=\"icon-box.default\">\n\t\t\t\t<div class=\"elementor-widget-container\">\n\t\t\t\t\t<div class=\"elementor-icon-box-wrapper\">\n\t\t\t\t\t\t<div class=\"elementor-icon-box-icon\">\n\t\t\t\t<span class=\"elementor-icon elementor-animation-grow\" >\n\t\t\t\t<i aria-hidden=\"true\" class=\"fas fa-video\"><\/i>\t\t\t\t<\/span>\n\t\t\t<\/div>\n\t\t\t\t\t\t<div class=\"elementor-icon-box-content\">\n\t\t\t\t<h3 class=\"elementor-icon-box-title\">\n\t\t\t\t\t<span  >\n\t\t\t\t\t\tFilm\t\t\t\t\t<\/span>\n\t\t\t\t<\/h3>\n\t\t\t\t\t\t\t\t\t<p class=\"elementor-icon-box-description\">\n\t\t\t\t\t\tIn der heutigen digitalen Wirklichkeit ist ein Video oft die einzige Visitenkarte die man zur Verf\u00fcgung hat. Aber daf\u00fcr gibt es diverse Platformen zur Pr\u00e4sentation. Vom e-casting bis social-media. \t\t\t\t\t<\/p>\n\t\t\t\t\t\t\t<\/div>\n\t\t<\/div>\n\t\t\t\t<\/div>\n\t\t\t\t<\/div>\n\t\t\t\t\t<\/div>\n\t\t<\/div>\n\t\t\t\t<div class=\"elementor-column elementor-col-33 elementor-inner-column elementor-element elementor-element-127a94be\" data-id=\"127a94be\" data-element_type=\"column\">\n\t\t\t<div class=\"elementor-widget-wrap elementor-element-populated\">\n\t\t\t\t\t\t\t\t<div class=\"elementor-element elementor-element-2487c57 elementor-view-default elementor-mobile-position-top elementor-vertical-align-top elementor-invisible elementor-widget elementor-widget-icon-box\" data-id=\"2487c57\" data-element_type=\"widget\" data-settings=\"{&quot;_animation&quot;:&quot;fadeInRight&quot;}\" data-widget_type=\"icon-box.default\">\n\t\t\t\t<div class=\"elementor-widget-container\">\n\t\t\t\t\t<div class=\"elementor-icon-box-wrapper\">\n\t\t\t\t\t\t<div class=\"elementor-icon-box-icon\">\n\t\t\t\t<span class=\"elementor-icon elementor-animation-grow\" >\n\t\t\t\t<i aria-hidden=\"true\" class=\"fab fa-instagram\"><\/i>\t\t\t\t<\/span>\n\t\t\t<\/div>\n\t\t\t\t\t\t<div class=\"elementor-icon-box-content\">\n\t\t\t\t<h3 class=\"elementor-icon-box-title\">\n\t\t\t\t\t<span  >\n\t\t\t\t\t\tSocial Media\t\t\t\t\t<\/span>\n\t\t\t\t<\/h3>\n\t\t\t\t\t\t\t\t\t<p class=\"elementor-icon-box-description\">\n\t\t\t\t\t\tDie M\u00f6glichkeiten von social media scheinen unbegrenzt. Ebenso wie die Darreichungsformen und technischen Vorgaben.\t\t\t\t\t<\/p>\n\t\t\t\t\t\t\t<\/div>\n\t\t<\/div>\n\t\t\t\t<\/div>\n\t\t\t\t<\/div>\n\t\t\t\t\t<\/div>\n\t\t<\/div>\n\t\t\t\t\t\t\t<\/div>\n\t\t<\/section>\n\t\t\t\t\t<\/div>\n\t\t<\/div>\n\t\t\t\t\t\t\t<\/div>\n\t\t<\/section>\n\t\t\t\t<section class=\"elementor-section elementor-top-section elementor-element elementor-element-70978c30 elementor-section-content-middle elementor-section-height-min-height elementor-section-boxed elementor-section-height-default elementor-section-items-middle elementor-invisible\" data-id=\"70978c30\" data-element_type=\"section\" id=\"gallery\" data-settings=\"{&quot;background_background&quot;:&quot;gradient&quot;,&quot;animation&quot;:&quot;fadeIn&quot;}\">\n\t\t\t\t\t\t\t<div class=\"elementor-background-overlay\"><\/div>\n\t\t\t\t\t\t\t<div class=\"elementor-container elementor-column-gap-no\">\n\t\t\t\t\t<div class=\"elementor-column elementor-col-100 elementor-top-column elementor-element elementor-element-d3a8cbe\" data-id=\"d3a8cbe\" data-element_type=\"column\">\n\t\t\t<div class=\"elementor-widget-wrap elementor-element-populated\">\n\t\t\t\t\t\t\t\t<div class=\"elementor-element elementor-element-113af4ef elementor-widget elementor-widget-heading\" data-id=\"113af4ef\" data-element_type=\"widget\" data-widget_type=\"heading.default\">\n\t\t\t\t<div class=\"elementor-widget-container\">\n\t\t\t<h5 class=\"elementor-heading-title elementor-size-default\">gallerie<\/h5>\t\t<\/div>\n\t\t\t\t<\/div>\n\t\t\t\t<div class=\"elementor-element elementor-element-4cf91c5f elementor-widget-divider--view-line elementor-widget elementor-widget-divider\" data-id=\"4cf91c5f\" data-element_type=\"widget\" data-widget_type=\"divider.default\">\n\t\t\t\t<div class=\"elementor-widget-container\">\n\t\t\t\t\t<div class=\"elementor-divider\">\n\t\t\t<span class=\"elementor-divider-separator\">\n\t\t\t\t\t\t<\/span>\n\t\t<\/div>\n\t\t\t\t<\/div>\n\t\t\t\t<\/div>\n\t\t\t\t<div class=\"elementor-element elementor-element-14c3a47a elementor-invisible elementor-widget elementor-widget-image-gallery\" data-id=\"14c3a47a\" data-element_type=\"widget\" data-settings=\"{&quot;_animation&quot;:&quot;fadeInUp&quot;}\" data-widget_type=\"image-gallery.default\">\n\t\t\t\t<div class=\"elementor-widget-container\">\n\t\t\t<style>\/*! elementor - v3.6.1 - 23-03-2022 *\/\n.elementor-image-gallery .gallery-item{display:inline-block;text-align:center;vertical-align:top;width:100%;max-width:100%;margin:0 auto}.elementor-image-gallery .gallery-item img{margin:0 auto}.elementor-image-gallery .gallery-item .gallery-caption{margin:0}.elementor-image-gallery figure img{display:block}.elementor-image-gallery figure figcaption{width:100%}.gallery-spacing-custom .elementor-image-gallery .gallery-icon{padding:0}@media (min-width:768px){.elementor-image-gallery .gallery-columns-2 .gallery-item{max-width:50%}.elementor-image-gallery .gallery-columns-3 .gallery-item{max-width:33.33%}.elementor-image-gallery .gallery-columns-4 .gallery-item{max-width:25%}.elementor-image-gallery .gallery-columns-5 .gallery-item{max-width:20%}.elementor-image-gallery .gallery-columns-6 .gallery-item{max-width:16.666%}.elementor-image-gallery .gallery-columns-7 .gallery-item{max-width:14.28%}.elementor-image-gallery .gallery-columns-8 .gallery-item{max-width:12.5%}.elementor-image-gallery .gallery-columns-9 .gallery-item{max-width:11.11%}.elementor-image-gallery .gallery-columns-10 .gallery-item{max-width:10%}}@media (min-width:480px) and (max-width:767px){.elementor-image-gallery .gallery.gallery-columns-2 .gallery-item,.elementor-image-gallery .gallery.gallery-columns-3 .gallery-item,.elementor-image-gallery .gallery.gallery-columns-4 .gallery-item,.elementor-image-gallery .gallery.gallery-columns-5 .gallery-item,.elementor-image-gallery .gallery.gallery-columns-6 .gallery-item,.elementor-image-gallery .gallery.gallery-columns-7 .gallery-item,.elementor-image-gallery .gallery.gallery-columns-8 .gallery-item,.elementor-image-gallery .gallery.gallery-columns-9 .gallery-item,.elementor-image-gallery .gallery.gallery-columns-10 .gallery-item{max-width:50%}}@media (max-width:479px){.elementor-image-gallery .gallery.gallery-columns-2 .gallery-item,.elementor-image-gallery .gallery.gallery-columns-3 .gallery-item,.elementor-image-gallery .gallery.gallery-columns-4 .gallery-item,.elementor-image-gallery .gallery.gallery-columns-5 .gallery-item,.elementor-image-gallery .gallery.gallery-columns-6 .gallery-item,.elementor-image-gallery .gallery.gallery-columns-7 .gallery-item,.elementor-image-gallery .gallery.gallery-columns-8 .gallery-item,.elementor-image-gallery .gallery.gallery-columns-9 .gallery-item,.elementor-image-gallery .gallery.gallery-columns-10 .gallery-item{max-width:100%}}<\/style>\t\t<div class=\"elementor-image-gallery\">\n\t\t\t<div id='gallery-1' class='gallery galleryid-125 gallery-columns-1 gallery-size-large'><figure class='gallery-item'>\n\t\t\t<div class='gallery-icon portrait'>\n\t\t\t\t<a data-elementor-open-lightbox=\"yes\" data-elementor-lightbox-slideshow=\"14c3a47a\" data-elementor-lightbox-title=\"Adrianna Zartl\" e-action-hash=\"#elementor-action%3Aaction%3Dlightbox%26settings%3DeyJpZCI6NzQzLCJ1cmwiOiJodHRwczpcL1wva3Vuc3QtcG9ydHJhaXRzLmF0XC93cC1jb250ZW50XC91cGxvYWRzXC8yMDIyXC8wM1wvMTkyLWFkcmlhbm5hLXphcnRsLTAzLmpwZyIsInNsaWRlc2hvdyI6IjE0YzNhNDdhIn0%3D\" href='https:\/\/kunst-portraits.at\/wp-content\/uploads\/2022\/03\/192-adrianna-zartl-03.jpg'><img loading=\"lazy\" decoding=\"async\" width=\"683\" height=\"1024\" src=\"https:\/\/kunst-portraits.at\/wp-content\/uploads\/2022\/03\/192-adrianna-zartl-03-683x1024.jpg\" class=\"attachment-large size-large\" alt=\"\" srcset=\"https:\/\/kunst-portraits.at\/wp-content\/uploads\/2022\/03\/192-adrianna-zartl-03-683x1024.jpg 683w, https:\/\/kunst-portraits.at\/wp-content\/uploads\/2022\/03\/192-adrianna-zartl-03-200x300.jpg 200w, https:\/\/kunst-portraits.at\/wp-content\/uploads\/2022\/03\/192-adrianna-zartl-03.jpg 717w\" sizes=\"auto, (max-width: 683px) 100vw, 683px\" \/><\/a>\n\t\t\t<\/div><\/figure><figure class='gallery-item'>\n\t\t\t<div class='gallery-icon portrait'>\n\t\t\t\t<a data-elementor-open-lightbox=\"yes\" data-elementor-lightbox-slideshow=\"14c3a47a\" data-elementor-lightbox-title=\"Alexander Rossi\" e-action-hash=\"#elementor-action%3Aaction%3Dlightbox%26settings%3DeyJpZCI6NzQyLCJ1cmwiOiJodHRwczpcL1wva3Vuc3QtcG9ydHJhaXRzLmF0XC93cC1jb250ZW50XC91cGxvYWRzXC8yMDIyXC8wM1wvMTkxLWFsZXhhbmRlci1yb3NzaS0wMi5qcGciLCJzbGlkZXNob3ciOiIxNGMzYTQ3YSJ9\" href='https:\/\/kunst-portraits.at\/wp-content\/uploads\/2022\/03\/191-alexander-rossi-02.jpg'><img loading=\"lazy\" decoding=\"async\" width=\"680\" height=\"1020\" src=\"https:\/\/kunst-portraits.at\/wp-content\/uploads\/2022\/03\/191-alexander-rossi-02.jpg\" class=\"attachment-large size-large\" alt=\"\" srcset=\"https:\/\/kunst-portraits.at\/wp-content\/uploads\/2022\/03\/191-alexander-rossi-02.jpg 680w, https:\/\/kunst-portraits.at\/wp-content\/uploads\/2022\/03\/191-alexander-rossi-02-200x300.jpg 200w\" sizes=\"auto, (max-width: 680px) 100vw, 680px\" \/><\/a>\n\t\t\t<\/div><\/figure><figure class='gallery-item'>\n\t\t\t<div class='gallery-icon portrait'>\n\t\t\t\t<a data-elementor-open-lightbox=\"yes\" data-elementor-lightbox-slideshow=\"14c3a47a\" data-elementor-lightbox-title=\"Anna Sophie Krenn\" e-action-hash=\"#elementor-action%3Aaction%3Dlightbox%26settings%3DeyJpZCI6NzQxLCJ1cmwiOiJodHRwczpcL1wva3Vuc3QtcG9ydHJhaXRzLmF0XC93cC1jb250ZW50XC91cGxvYWRzXC8yMDIyXC8wM1wvMTkwLWFubmEtc29waGllLWtyZW5uLTAxLmpwZyIsInNsaWRlc2hvdyI6IjE0YzNhNDdhIn0%3D\" href='https:\/\/kunst-portraits.at\/wp-content\/uploads\/2022\/03\/190-anna-sophie-krenn-01.jpg'><img loading=\"lazy\" decoding=\"async\" width=\"680\" height=\"1020\" src=\"https:\/\/kunst-portraits.at\/wp-content\/uploads\/2022\/03\/190-anna-sophie-krenn-01.jpg\" class=\"attachment-large size-large\" alt=\"\" srcset=\"https:\/\/kunst-portraits.at\/wp-content\/uploads\/2022\/03\/190-anna-sophie-krenn-01.jpg 680w, https:\/\/kunst-portraits.at\/wp-content\/uploads\/2022\/03\/190-anna-sophie-krenn-01-200x300.jpg 200w\" sizes=\"auto, (max-width: 680px) 100vw, 680px\" \/><\/a>\n\t\t\t<\/div><\/figure><figure class='gallery-item'>\n\t\t\t<div class='gallery-icon portrait'>\n\t\t\t\t<a data-elementor-open-lightbox=\"yes\" data-elementor-lightbox-slideshow=\"14c3a47a\" data-elementor-lightbox-title=\"Alfred Dorfer\" e-action-hash=\"#elementor-action%3Aaction%3Dlightbox%26settings%3DeyJpZCI6NzQwLCJ1cmwiOiJodHRwczpcL1wva3Vuc3QtcG9ydHJhaXRzLmF0XC93cC1jb250ZW50XC91cGxvYWRzXC8yMDIyXC8wM1wvMTg5LWFsZnJlZC1kb3JmZXItMDMuanBnIiwic2xpZGVzaG93IjoiMTRjM2E0N2EifQ%3D%3D\" href='https:\/\/kunst-portraits.at\/wp-content\/uploads\/2022\/03\/189-alfred-dorfer-03.jpg'><img loading=\"lazy\" decoding=\"async\" width=\"680\" height=\"1020\" src=\"https:\/\/kunst-portraits.at\/wp-content\/uploads\/2022\/03\/189-alfred-dorfer-03.jpg\" class=\"attachment-large size-large\" alt=\"\" srcset=\"https:\/\/kunst-portraits.at\/wp-content\/uploads\/2022\/03\/189-alfred-dorfer-03.jpg 680w, https:\/\/kunst-portraits.at\/wp-content\/uploads\/2022\/03\/189-alfred-dorfer-03-200x300.jpg 200w\" sizes=\"auto, (max-width: 680px) 100vw, 680px\" \/><\/a>\n\t\t\t<\/div><\/figure><figure class='gallery-item'>\n\t\t\t<div class='gallery-icon portrait'>\n\t\t\t\t<a data-elementor-open-lightbox=\"yes\" data-elementor-lightbox-slideshow=\"14c3a47a\" data-elementor-lightbox-title=\"Daniela Kong\" e-action-hash=\"#elementor-action%3Aaction%3Dlightbox%26settings%3DeyJpZCI6NzM5LCJ1cmwiOiJodHRwczpcL1wva3Vuc3QtcG9ydHJhaXRzLmF0XC93cC1jb250ZW50XC91cGxvYWRzXC8yMDIyXC8wM1wvMTg4LWRhbmllbGEta29uZy0wMi5qcGciLCJzbGlkZXNob3ciOiIxNGMzYTQ3YSJ9\" href='https:\/\/kunst-portraits.at\/wp-content\/uploads\/2022\/03\/188-daniela-kong-02.jpg'><img loading=\"lazy\" decoding=\"async\" width=\"680\" height=\"1020\" src=\"https:\/\/kunst-portraits.at\/wp-content\/uploads\/2022\/03\/188-daniela-kong-02.jpg\" class=\"attachment-large size-large\" alt=\"\" srcset=\"https:\/\/kunst-portraits.at\/wp-content\/uploads\/2022\/03\/188-daniela-kong-02.jpg 680w, https:\/\/kunst-portraits.at\/wp-content\/uploads\/2022\/03\/188-daniela-kong-02-200x300.jpg 200w\" sizes=\"auto, (max-width: 680px) 100vw, 680px\" \/><\/a>\n\t\t\t<\/div><\/figure><figure class='gallery-item'>\n\t\t\t<div class='gallery-icon portrait'>\n\t\t\t\t<a data-elementor-open-lightbox=\"yes\" data-elementor-lightbox-slideshow=\"14c3a47a\" data-elementor-lightbox-title=\"Sasha Wussow\" e-action-hash=\"#elementor-action%3Aaction%3Dlightbox%26settings%3DeyJpZCI6NzM3LCJ1cmwiOiJodHRwczpcL1wva3Vuc3QtcG9ydHJhaXRzLmF0XC93cC1jb250ZW50XC91cGxvYWRzXC8yMDIyXC8wM1wvMTg2LXNhc2hhLXd1c3Nvdy0wMS5qcGciLCJzbGlkZXNob3ciOiIxNGMzYTQ3YSJ9\" href='https:\/\/kunst-portraits.at\/wp-content\/uploads\/2022\/03\/186-sasha-wussow-01.jpg'><img loading=\"lazy\" decoding=\"async\" width=\"680\" height=\"1020\" src=\"https:\/\/kunst-portraits.at\/wp-content\/uploads\/2022\/03\/186-sasha-wussow-01.jpg\" class=\"attachment-large size-large\" alt=\"\" srcset=\"https:\/\/kunst-portraits.at\/wp-content\/uploads\/2022\/03\/186-sasha-wussow-01.jpg 680w, https:\/\/kunst-portraits.at\/wp-content\/uploads\/2022\/03\/186-sasha-wussow-01-200x300.jpg 200w\" sizes=\"auto, (max-width: 680px) 100vw, 680px\" \/><\/a>\n\t\t\t<\/div><\/figure><figure class='gallery-item'>\n\t\t\t<div class='gallery-icon portrait'>\n\t\t\t\t<a data-elementor-open-lightbox=\"yes\" data-elementor-lightbox-slideshow=\"14c3a47a\" data-elementor-lightbox-title=\"Andrea Frohn\" e-action-hash=\"#elementor-action%3Aaction%3Dlightbox%26settings%3DeyJpZCI6NzM2LCJ1cmwiOiJodHRwczpcL1wva3Vuc3QtcG9ydHJhaXRzLmF0XC93cC1jb250ZW50XC91cGxvYWRzXC8yMDIyXC8wM1wvMTg1LWltZ18wNDQ2cHMtc2NhbGVkLmpwZyIsInNsaWRlc2hvdyI6IjE0YzNhNDdhIn0%3D\" href='https:\/\/kunst-portraits.at\/wp-content\/uploads\/2022\/03\/185-img_0446ps-scaled.jpg'><img loading=\"lazy\" decoding=\"async\" width=\"683\" height=\"1024\" src=\"https:\/\/kunst-portraits.at\/wp-content\/uploads\/2022\/03\/185-img_0446ps-683x1024.jpg\" class=\"attachment-large size-large\" alt=\"\" srcset=\"https:\/\/kunst-portraits.at\/wp-content\/uploads\/2022\/03\/185-img_0446ps-683x1024.jpg 683w, https:\/\/kunst-portraits.at\/wp-content\/uploads\/2022\/03\/185-img_0446ps-200x300.jpg 200w, https:\/\/kunst-portraits.at\/wp-content\/uploads\/2022\/03\/185-img_0446ps-768x1152.jpg 768w, https:\/\/kunst-portraits.at\/wp-content\/uploads\/2022\/03\/185-img_0446ps-1024x1536.jpg 1024w, https:\/\/kunst-portraits.at\/wp-content\/uploads\/2022\/03\/185-img_0446ps-1365x2048.jpg 1365w, https:\/\/kunst-portraits.at\/wp-content\/uploads\/2022\/03\/185-img_0446ps-scaled.jpg 1707w\" sizes=\"auto, (max-width: 683px) 100vw, 683px\" \/><\/a>\n\t\t\t<\/div><\/figure><figure class='gallery-item'>\n\t\t\t<div class='gallery-icon portrait'>\n\t\t\t\t<a data-elementor-open-lightbox=\"yes\" data-elementor-lightbox-slideshow=\"14c3a47a\" data-elementor-lightbox-title=\"Monika Zirngast\" e-action-hash=\"#elementor-action%3Aaction%3Dlightbox%26settings%3DeyJpZCI6NzM0LCJ1cmwiOiJodHRwczpcL1wva3Vuc3QtcG9ydHJhaXRzLmF0XC93cC1jb250ZW50XC91cGxvYWRzXC8yMDIyXC8wM1wvMTgzLW1vbmlrYS16aXJuZ2FzdC0wMS5qcGciLCJzbGlkZXNob3ciOiIxNGMzYTQ3YSJ9\" href='https:\/\/kunst-portraits.at\/wp-content\/uploads\/2022\/03\/183-monika-zirngast-01.jpg'><img loading=\"lazy\" decoding=\"async\" width=\"680\" height=\"1020\" src=\"https:\/\/kunst-portraits.at\/wp-content\/uploads\/2022\/03\/183-monika-zirngast-01.jpg\" class=\"attachment-large size-large\" alt=\"\" srcset=\"https:\/\/kunst-portraits.at\/wp-content\/uploads\/2022\/03\/183-monika-zirngast-01.jpg 680w, https:\/\/kunst-portraits.at\/wp-content\/uploads\/2022\/03\/183-monika-zirngast-01-200x300.jpg 200w\" sizes=\"auto, (max-width: 680px) 100vw, 680px\" \/><\/a>\n\t\t\t<\/div><\/figure><figure class='gallery-item'>\n\t\t\t<div class='gallery-icon portrait'>\n\t\t\t\t<a data-elementor-open-lightbox=\"yes\" data-elementor-lightbox-slideshow=\"14c3a47a\" data-elementor-lightbox-title=\"\u00d6zaydin Akbaba\" e-action-hash=\"#elementor-action%3Aaction%3Dlightbox%26settings%3DeyJpZCI6NzMzLCJ1cmwiOiJodHRwczpcL1wva3Vuc3QtcG9ydHJhaXRzLmF0XC93cC1jb250ZW50XC91cGxvYWRzXC8yMDIyXC8wM1wvMTgyLW96eS0wMS5qcGciLCJzbGlkZXNob3ciOiIxNGMzYTQ3YSJ9\" href='https:\/\/kunst-portraits.at\/wp-content\/uploads\/2022\/03\/182-ozy-01.jpg'><img loading=\"lazy\" decoding=\"async\" width=\"680\" height=\"1020\" src=\"https:\/\/kunst-portraits.at\/wp-content\/uploads\/2022\/03\/182-ozy-01.jpg\" class=\"attachment-large size-large\" alt=\"\" srcset=\"https:\/\/kunst-portraits.at\/wp-content\/uploads\/2022\/03\/182-ozy-01.jpg 680w, https:\/\/kunst-portraits.at\/wp-content\/uploads\/2022\/03\/182-ozy-01-200x300.jpg 200w\" sizes=\"auto, (max-width: 680px) 100vw, 680px\" \/><\/a>\n\t\t\t<\/div><\/figure><figure class='gallery-item'>\n\t\t\t<div class='gallery-icon portrait'>\n\t\t\t\t<a data-elementor-open-lightbox=\"yes\" data-elementor-lightbox-slideshow=\"14c3a47a\" data-elementor-lightbox-title=\"Sabine Muhar\" e-action-hash=\"#elementor-action%3Aaction%3Dlightbox%26settings%3DeyJpZCI6NzMyLCJ1cmwiOiJodHRwczpcL1wva3Vuc3QtcG9ydHJhaXRzLmF0XC93cC1jb250ZW50XC91cGxvYWRzXC8yMDIyXC8wM1wvMTgxLXNhYmluZS1tdWhhci0wMS5qcGciLCJzbGlkZXNob3ciOiIxNGMzYTQ3YSJ9\" href='https:\/\/kunst-portraits.at\/wp-content\/uploads\/2022\/03\/181-sabine-muhar-01.jpg'><img loading=\"lazy\" decoding=\"async\" width=\"680\" height=\"1020\" src=\"https:\/\/kunst-portraits.at\/wp-content\/uploads\/2022\/03\/181-sabine-muhar-01.jpg\" class=\"attachment-large size-large\" alt=\"\" srcset=\"https:\/\/kunst-portraits.at\/wp-content\/uploads\/2022\/03\/181-sabine-muhar-01.jpg 680w, https:\/\/kunst-portraits.at\/wp-content\/uploads\/2022\/03\/181-sabine-muhar-01-200x300.jpg 200w\" sizes=\"auto, (max-width: 680px) 100vw, 680px\" \/><\/a>\n\t\t\t<\/div><\/figure><figure class='gallery-item'>\n\t\t\t<div class='gallery-icon portrait'>\n\t\t\t\t<a data-elementor-open-lightbox=\"yes\" data-elementor-lightbox-slideshow=\"14c3a47a\" data-elementor-lightbox-title=\"Gerhard Walter\" e-action-hash=\"#elementor-action%3Aaction%3Dlightbox%26settings%3DeyJpZCI6NzMxLCJ1cmwiOiJodHRwczpcL1wva3Vuc3QtcG9ydHJhaXRzLmF0XC93cC1jb250ZW50XC91cGxvYWRzXC8yMDIyXC8wM1wvMTgwLWdlcmhhcmQtd2FsdGVyLTAyLmpwZyIsInNsaWRlc2hvdyI6IjE0YzNhNDdhIn0%3D\" href='https:\/\/kunst-portraits.at\/wp-content\/uploads\/2022\/03\/180-gerhard-walter-02.jpg'><img loading=\"lazy\" decoding=\"async\" width=\"722\" height=\"1020\" src=\"https:\/\/kunst-portraits.at\/wp-content\/uploads\/2022\/03\/180-gerhard-walter-02.jpg\" class=\"attachment-large size-large\" alt=\"\" srcset=\"https:\/\/kunst-portraits.at\/wp-content\/uploads\/2022\/03\/180-gerhard-walter-02.jpg 722w, https:\/\/kunst-portraits.at\/wp-content\/uploads\/2022\/03\/180-gerhard-walter-02-212x300.jpg 212w\" sizes=\"auto, (max-width: 722px) 100vw, 722px\" \/><\/a>\n\t\t\t<\/div><\/figure><figure class='gallery-item'>\n\t\t\t<div class='gallery-icon portrait'>\n\t\t\t\t<a data-elementor-open-lightbox=\"yes\" data-elementor-lightbox-slideshow=\"14c3a47a\" data-elementor-lightbox-title=\"Verena Barth\" e-action-hash=\"#elementor-action%3Aaction%3Dlightbox%26settings%3DeyJpZCI6NzMwLCJ1cmwiOiJodHRwczpcL1wva3Vuc3QtcG9ydHJhaXRzLmF0XC93cC1jb250ZW50XC91cGxvYWRzXC8yMDIyXC8wM1wvMTc5LXZlcmVuYS1iYXJ0aC0wMi5qcGciLCJzbGlkZXNob3ciOiIxNGMzYTQ3YSJ9\" href='https:\/\/kunst-portraits.at\/wp-content\/uploads\/2022\/03\/179-verena-barth-02.jpg'><img loading=\"lazy\" decoding=\"async\" width=\"680\" height=\"1020\" src=\"https:\/\/kunst-portraits.at\/wp-content\/uploads\/2022\/03\/179-verena-barth-02.jpg\" class=\"attachment-large size-large\" alt=\"\" srcset=\"https:\/\/kunst-portraits.at\/wp-content\/uploads\/2022\/03\/179-verena-barth-02.jpg 680w, https:\/\/kunst-portraits.at\/wp-content\/uploads\/2022\/03\/179-verena-barth-02-200x300.jpg 200w\" sizes=\"auto, (max-width: 680px) 100vw, 680px\" \/><\/a>\n\t\t\t<\/div><\/figure><figure class='gallery-item'>\n\t\t\t<div class='gallery-icon portrait'>\n\t\t\t\t<a data-elementor-open-lightbox=\"yes\" data-elementor-lightbox-slideshow=\"14c3a47a\" data-elementor-lightbox-title=\"Gunkl\" e-action-hash=\"#elementor-action%3Aaction%3Dlightbox%26settings%3DeyJpZCI6NzI5LCJ1cmwiOiJodHRwczpcL1wva3Vuc3QtcG9ydHJhaXRzLmF0XC93cC1jb250ZW50XC91cGxvYWRzXC8yMDIyXC8wM1wvMTc4LWd1bmtsLTA0LmpwZyIsInNsaWRlc2hvdyI6IjE0YzNhNDdhIn0%3D\" href='https:\/\/kunst-portraits.at\/wp-content\/uploads\/2022\/03\/178-gunkl-04.jpg'><img loading=\"lazy\" decoding=\"async\" width=\"680\" height=\"1020\" src=\"https:\/\/kunst-portraits.at\/wp-content\/uploads\/2022\/03\/178-gunkl-04.jpg\" class=\"attachment-large size-large\" alt=\"\" srcset=\"https:\/\/kunst-portraits.at\/wp-content\/uploads\/2022\/03\/178-gunkl-04.jpg 680w, https:\/\/kunst-portraits.at\/wp-content\/uploads\/2022\/03\/178-gunkl-04-200x300.jpg 200w\" sizes=\"auto, (max-width: 680px) 100vw, 680px\" \/><\/a>\n\t\t\t<\/div><\/figure><figure class='gallery-item'>\n\t\t\t<div class='gallery-icon portrait'>\n\t\t\t\t<a data-elementor-open-lightbox=\"yes\" data-elementor-lightbox-slideshow=\"14c3a47a\" data-elementor-lightbox-title=\"Andrea H\u00e4ndler\" e-action-hash=\"#elementor-action%3Aaction%3Dlightbox%26settings%3DeyJpZCI6NzI4LCJ1cmwiOiJodHRwczpcL1wva3Vuc3QtcG9ydHJhaXRzLmF0XC93cC1jb250ZW50XC91cGxvYWRzXC8yMDIyXC8wM1wvMTc3LWFuZHJlYS1oYW5kbGVyLTAzLmpwZyIsInNsaWRlc2hvdyI6IjE0YzNhNDdhIn0%3D\" href='https:\/\/kunst-portraits.at\/wp-content\/uploads\/2022\/03\/177-andrea-handler-03.jpg'><img loading=\"lazy\" decoding=\"async\" width=\"680\" height=\"1020\" src=\"https:\/\/kunst-portraits.at\/wp-content\/uploads\/2022\/03\/177-andrea-handler-03.jpg\" class=\"attachment-large size-large\" alt=\"\" srcset=\"https:\/\/kunst-portraits.at\/wp-content\/uploads\/2022\/03\/177-andrea-handler-03.jpg 680w, https:\/\/kunst-portraits.at\/wp-content\/uploads\/2022\/03\/177-andrea-handler-03-200x300.jpg 200w\" sizes=\"auto, (max-width: 680px) 100vw, 680px\" \/><\/a>\n\t\t\t<\/div><\/figure><figure class='gallery-item'>\n\t\t\t<div class='gallery-icon portrait'>\n\t\t\t\t<a data-elementor-open-lightbox=\"yes\" data-elementor-lightbox-slideshow=\"14c3a47a\" data-elementor-lightbox-title=\"Karl K\u00fcnstler\" e-action-hash=\"#elementor-action%3Aaction%3Dlightbox%26settings%3DeyJpZCI6NzI3LCJ1cmwiOiJodHRwczpcL1wva3Vuc3QtcG9ydHJhaXRzLmF0XC93cC1jb250ZW50XC91cGxvYWRzXC8yMDIyXC8wM1wvMTc2LWthcmwta3Vuc3RsZXItMDEuanBnIiwic2xpZGVzaG93IjoiMTRjM2E0N2EifQ%3D%3D\" href='https:\/\/kunst-portraits.at\/wp-content\/uploads\/2022\/03\/176-karl-kunstler-01.jpg'><img loading=\"lazy\" decoding=\"async\" width=\"680\" height=\"1020\" src=\"https:\/\/kunst-portraits.at\/wp-content\/uploads\/2022\/03\/176-karl-kunstler-01.jpg\" class=\"attachment-large size-large\" alt=\"\" srcset=\"https:\/\/kunst-portraits.at\/wp-content\/uploads\/2022\/03\/176-karl-kunstler-01.jpg 680w, https:\/\/kunst-portraits.at\/wp-content\/uploads\/2022\/03\/176-karl-kunstler-01-200x300.jpg 200w\" sizes=\"auto, (max-width: 680px) 100vw, 680px\" \/><\/a>\n\t\t\t<\/div><\/figure><figure class='gallery-item'>\n\t\t\t<div class='gallery-icon portrait'>\n\t\t\t\t<a data-elementor-open-lightbox=\"yes\" data-elementor-lightbox-slideshow=\"14c3a47a\" data-elementor-lightbox-title=\"Sophie Prusa\" e-action-hash=\"#elementor-action%3Aaction%3Dlightbox%26settings%3DeyJpZCI6NzI2LCJ1cmwiOiJodHRwczpcL1wva3Vuc3QtcG9ydHJhaXRzLmF0XC93cC1jb250ZW50XC91cGxvYWRzXC8yMDIyXC8wM1wvMTc1LXNvcGhpZS1wcnVzYS0wMy5qcGciLCJzbGlkZXNob3ciOiIxNGMzYTQ3YSJ9\" href='https:\/\/kunst-portraits.at\/wp-content\/uploads\/2022\/03\/175-sophie-prusa-03.jpg'><img loading=\"lazy\" decoding=\"async\" width=\"680\" height=\"1020\" src=\"https:\/\/kunst-portraits.at\/wp-content\/uploads\/2022\/03\/175-sophie-prusa-03.jpg\" class=\"attachment-large size-large\" alt=\"\" srcset=\"https:\/\/kunst-portraits.at\/wp-content\/uploads\/2022\/03\/175-sophie-prusa-03.jpg 680w, https:\/\/kunst-portraits.at\/wp-content\/uploads\/2022\/03\/175-sophie-prusa-03-200x300.jpg 200w\" sizes=\"auto, (max-width: 680px) 100vw, 680px\" \/><\/a>\n\t\t\t<\/div><\/figure><figure class='gallery-item'>\n\t\t\t<div class='gallery-icon portrait'>\n\t\t\t\t<a data-elementor-open-lightbox=\"yes\" data-elementor-lightbox-slideshow=\"14c3a47a\" data-elementor-lightbox-title=\"Babett Arens\" e-action-hash=\"#elementor-action%3Aaction%3Dlightbox%26settings%3DeyJpZCI6NzI0LCJ1cmwiOiJodHRwczpcL1wva3Vuc3QtcG9ydHJhaXRzLmF0XC93cC1jb250ZW50XC91cGxvYWRzXC8yMDIyXC8wM1wvMTczLWJhYmV0dC1hcmVucy0wMS5qcGciLCJzbGlkZXNob3ciOiIxNGMzYTQ3YSJ9\" href='https:\/\/kunst-portraits.at\/wp-content\/uploads\/2022\/03\/173-babett-arens-01.jpg'><img loading=\"lazy\" decoding=\"async\" width=\"680\" height=\"1020\" src=\"https:\/\/kunst-portraits.at\/wp-content\/uploads\/2022\/03\/173-babett-arens-01.jpg\" class=\"attachment-large size-large\" alt=\"\" srcset=\"https:\/\/kunst-portraits.at\/wp-content\/uploads\/2022\/03\/173-babett-arens-01.jpg 680w, https:\/\/kunst-portraits.at\/wp-content\/uploads\/2022\/03\/173-babett-arens-01-200x300.jpg 200w\" sizes=\"auto, (max-width: 680px) 100vw, 680px\" \/><\/a>\n\t\t\t<\/div><\/figure><figure class='gallery-item'>\n\t\t\t<div class='gallery-icon portrait'>\n\t\t\t\t<a data-elementor-open-lightbox=\"yes\" data-elementor-lightbox-slideshow=\"14c3a47a\" data-elementor-lightbox-title=\"Uta K\u00f6bernick\" e-action-hash=\"#elementor-action%3Aaction%3Dlightbox%26settings%3DeyJpZCI6NzIzLCJ1cmwiOiJodHRwczpcL1wva3Vuc3QtcG9ydHJhaXRzLmF0XC93cC1jb250ZW50XC91cGxvYWRzXC8yMDIyXC8wM1wvMTcyLXV0YS0wMS5qcGciLCJzbGlkZXNob3ciOiIxNGMzYTQ3YSJ9\" href='https:\/\/kunst-portraits.at\/wp-content\/uploads\/2022\/03\/172-uta-01.jpg'><img loading=\"lazy\" decoding=\"async\" width=\"680\" height=\"1020\" src=\"https:\/\/kunst-portraits.at\/wp-content\/uploads\/2022\/03\/172-uta-01.jpg\" class=\"attachment-large size-large\" alt=\"\" srcset=\"https:\/\/kunst-portraits.at\/wp-content\/uploads\/2022\/03\/172-uta-01.jpg 680w, https:\/\/kunst-portraits.at\/wp-content\/uploads\/2022\/03\/172-uta-01-200x300.jpg 200w\" sizes=\"auto, (max-width: 680px) 100vw, 680px\" \/><\/a>\n\t\t\t<\/div><\/figure><figure class='gallery-item'>\n\t\t\t<div class='gallery-icon portrait'>\n\t\t\t\t<a data-elementor-open-lightbox=\"yes\" data-elementor-lightbox-slideshow=\"14c3a47a\" data-elementor-lightbox-title=\"Philipp Hansa\" e-action-hash=\"#elementor-action%3Aaction%3Dlightbox%26settings%3DeyJpZCI6NzIyLCJ1cmwiOiJodHRwczpcL1wva3Vuc3QtcG9ydHJhaXRzLmF0XC93cC1jb250ZW50XC91cGxvYWRzXC8yMDIyXC8wM1wvMTcxLXBoaWxpcHAtaGFuc2EtMDIuanBnIiwic2xpZGVzaG93IjoiMTRjM2E0N2EifQ%3D%3D\" href='https:\/\/kunst-portraits.at\/wp-content\/uploads\/2022\/03\/171-philipp-hansa-02.jpg'><img loading=\"lazy\" decoding=\"async\" width=\"680\" height=\"1020\" src=\"https:\/\/kunst-portraits.at\/wp-content\/uploads\/2022\/03\/171-philipp-hansa-02.jpg\" class=\"attachment-large size-large\" alt=\"\" srcset=\"https:\/\/kunst-portraits.at\/wp-content\/uploads\/2022\/03\/171-philipp-hansa-02.jpg 680w, https:\/\/kunst-portraits.at\/wp-content\/uploads\/2022\/03\/171-philipp-hansa-02-200x300.jpg 200w\" sizes=\"auto, (max-width: 680px) 100vw, 680px\" \/><\/a>\n\t\t\t<\/div><\/figure><figure class='gallery-item'>\n\t\t\t<div class='gallery-icon portrait'>\n\t\t\t\t<a data-elementor-open-lightbox=\"yes\" data-elementor-lightbox-slideshow=\"14c3a47a\" data-elementor-lightbox-title=\"Rachelle Nkou\" e-action-hash=\"#elementor-action%3Aaction%3Dlightbox%26settings%3DeyJpZCI6NzE5LCJ1cmwiOiJodHRwczpcL1wva3Vuc3QtcG9ydHJhaXRzLmF0XC93cC1jb250ZW50XC91cGxvYWRzXC8yMDIyXC8wM1wvMTY4LXJhY2hlbGxlLW5rb3UtMDEuanBnIiwic2xpZGVzaG93IjoiMTRjM2E0N2EifQ%3D%3D\" href='https:\/\/kunst-portraits.at\/wp-content\/uploads\/2022\/03\/168-rachelle-nkou-01.jpg'><img loading=\"lazy\" decoding=\"async\" width=\"680\" height=\"1020\" src=\"https:\/\/kunst-portraits.at\/wp-content\/uploads\/2022\/03\/168-rachelle-nkou-01.jpg\" class=\"attachment-large size-large\" alt=\"\" srcset=\"https:\/\/kunst-portraits.at\/wp-content\/uploads\/2022\/03\/168-rachelle-nkou-01.jpg 680w, https:\/\/kunst-portraits.at\/wp-content\/uploads\/2022\/03\/168-rachelle-nkou-01-200x300.jpg 200w\" sizes=\"auto, (max-width: 680px) 100vw, 680px\" \/><\/a>\n\t\t\t<\/div><\/figure><figure class='gallery-item'>\n\t\t\t<div class='gallery-icon portrait'>\n\t\t\t\t<a data-elementor-open-lightbox=\"yes\" data-elementor-lightbox-slideshow=\"14c3a47a\" data-elementor-lightbox-title=\"Geza Terner\" e-action-hash=\"#elementor-action%3Aaction%3Dlightbox%26settings%3DeyJpZCI6NzE4LCJ1cmwiOiJodHRwczpcL1wva3Vuc3QtcG9ydHJhaXRzLmF0XC93cC1jb250ZW50XC91cGxvYWRzXC8yMDIyXC8wM1wvMTY3LWdlemEtdGVybmVyLTA0LmpwZyIsInNsaWRlc2hvdyI6IjE0YzNhNDdhIn0%3D\" href='https:\/\/kunst-portraits.at\/wp-content\/uploads\/2022\/03\/167-geza-terner-04.jpg'><img loading=\"lazy\" decoding=\"async\" width=\"680\" height=\"1020\" src=\"https:\/\/kunst-portraits.at\/wp-content\/uploads\/2022\/03\/167-geza-terner-04.jpg\" class=\"attachment-large size-large\" alt=\"\" srcset=\"https:\/\/kunst-portraits.at\/wp-content\/uploads\/2022\/03\/167-geza-terner-04.jpg 680w, https:\/\/kunst-portraits.at\/wp-content\/uploads\/2022\/03\/167-geza-terner-04-200x300.jpg 200w\" sizes=\"auto, (max-width: 680px) 100vw, 680px\" \/><\/a>\n\t\t\t<\/div><\/figure><figure class='gallery-item'>\n\t\t\t<div class='gallery-icon portrait'>\n\t\t\t\t<a data-elementor-open-lightbox=\"yes\" data-elementor-lightbox-slideshow=\"14c3a47a\" data-elementor-lightbox-title=\"Peter Herrmann\" e-action-hash=\"#elementor-action%3Aaction%3Dlightbox%26settings%3DeyJpZCI6NzE3LCJ1cmwiOiJodHRwczpcL1wva3Vuc3QtcG9ydHJhaXRzLmF0XC93cC1jb250ZW50XC91cGxvYWRzXC8yMDIyXC8wM1wvMTY2LXBldGVyLWhlcnJtYW5uLTAxLmpwZyIsInNsaWRlc2hvdyI6IjE0YzNhNDdhIn0%3D\" href='https:\/\/kunst-portraits.at\/wp-content\/uploads\/2022\/03\/166-peter-herrmann-01.jpg'><img loading=\"lazy\" decoding=\"async\" width=\"680\" height=\"1020\" src=\"https:\/\/kunst-portraits.at\/wp-content\/uploads\/2022\/03\/166-peter-herrmann-01.jpg\" class=\"attachment-large size-large\" alt=\"\" srcset=\"https:\/\/kunst-portraits.at\/wp-content\/uploads\/2022\/03\/166-peter-herrmann-01.jpg 680w, https:\/\/kunst-portraits.at\/wp-content\/uploads\/2022\/03\/166-peter-herrmann-01-200x300.jpg 200w\" sizes=\"auto, (max-width: 680px) 100vw, 680px\" \/><\/a>\n\t\t\t<\/div><\/figure><figure class='gallery-item'>\n\t\t\t<div class='gallery-icon portrait'>\n\t\t\t\t<a data-elementor-open-lightbox=\"yes\" data-elementor-lightbox-slideshow=\"14c3a47a\" data-elementor-lightbox-title=\"Petra Kreuzer\" e-action-hash=\"#elementor-action%3Aaction%3Dlightbox%26settings%3DeyJpZCI6NzE2LCJ1cmwiOiJodHRwczpcL1wva3Vuc3QtcG9ydHJhaXRzLmF0XC93cC1jb250ZW50XC91cGxvYWRzXC8yMDIyXC8wM1wvMTY1LXRyYXNoZm9yY2FzaC0wMi5qcGciLCJzbGlkZXNob3ciOiIxNGMzYTQ3YSJ9\" href='https:\/\/kunst-portraits.at\/wp-content\/uploads\/2022\/03\/165-trashforcash-02.jpg'><img loading=\"lazy\" decoding=\"async\" width=\"680\" height=\"1020\" src=\"https:\/\/kunst-portraits.at\/wp-content\/uploads\/2022\/03\/165-trashforcash-02.jpg\" class=\"attachment-large size-large\" alt=\"\" srcset=\"https:\/\/kunst-portraits.at\/wp-content\/uploads\/2022\/03\/165-trashforcash-02.jpg 680w, https:\/\/kunst-portraits.at\/wp-content\/uploads\/2022\/03\/165-trashforcash-02-200x300.jpg 200w\" sizes=\"auto, (max-width: 680px) 100vw, 680px\" \/><\/a>\n\t\t\t<\/div><\/figure><figure class='gallery-item'>\n\t\t\t<div class='gallery-icon portrait'>\n\t\t\t\t<a data-elementor-open-lightbox=\"yes\" data-elementor-lightbox-slideshow=\"14c3a47a\" data-elementor-lightbox-title=\"Martin Zauner\" e-action-hash=\"#elementor-action%3Aaction%3Dlightbox%26settings%3DeyJpZCI6NzE1LCJ1cmwiOiJodHRwczpcL1wva3Vuc3QtcG9ydHJhaXRzLmF0XC93cC1jb250ZW50XC91cGxvYWRzXC8yMDIyXC8wM1wvMTY0LW1hcnRpbi16YXVuZXItMDQuanBnIiwic2xpZGVzaG93IjoiMTRjM2E0N2EifQ%3D%3D\" href='https:\/\/kunst-portraits.at\/wp-content\/uploads\/2022\/03\/164-martin-zauner-04.jpg'><img loading=\"lazy\" decoding=\"async\" width=\"680\" height=\"1020\" src=\"https:\/\/kunst-portraits.at\/wp-content\/uploads\/2022\/03\/164-martin-zauner-04.jpg\" class=\"attachment-large size-large\" alt=\"\" srcset=\"https:\/\/kunst-portraits.at\/wp-content\/uploads\/2022\/03\/164-martin-zauner-04.jpg 680w, https:\/\/kunst-portraits.at\/wp-content\/uploads\/2022\/03\/164-martin-zauner-04-200x300.jpg 200w\" sizes=\"auto, (max-width: 680px) 100vw, 680px\" \/><\/a>\n\t\t\t<\/div><\/figure><figure class='gallery-item'>\n\t\t\t<div class='gallery-icon portrait'>\n\t\t\t\t<a data-elementor-open-lightbox=\"yes\" data-elementor-lightbox-slideshow=\"14c3a47a\" data-elementor-lightbox-title=\"Eva Maria Scholz\" e-action-hash=\"#elementor-action%3Aaction%3Dlightbox%26settings%3DeyJpZCI6NzE0LCJ1cmwiOiJodHRwczpcL1wva3Vuc3QtcG9ydHJhaXRzLmF0XC93cC1jb250ZW50XC91cGxvYWRzXC8yMDIyXC8wM1wvMTYzLWV2YS1tYXJpYS1zY2hvbHotMDEuanBnIiwic2xpZGVzaG93IjoiMTRjM2E0N2EifQ%3D%3D\" href='https:\/\/kunst-portraits.at\/wp-content\/uploads\/2022\/03\/163-eva-maria-scholz-01.jpg'><img loading=\"lazy\" decoding=\"async\" width=\"680\" height=\"1020\" src=\"https:\/\/kunst-portraits.at\/wp-content\/uploads\/2022\/03\/163-eva-maria-scholz-01.jpg\" class=\"attachment-large size-large\" alt=\"\" srcset=\"https:\/\/kunst-portraits.at\/wp-content\/uploads\/2022\/03\/163-eva-maria-scholz-01.jpg 680w, https:\/\/kunst-portraits.at\/wp-content\/uploads\/2022\/03\/163-eva-maria-scholz-01-200x300.jpg 200w\" sizes=\"auto, (max-width: 680px) 100vw, 680px\" \/><\/a>\n\t\t\t<\/div><\/figure><figure class='gallery-item'>\n\t\t\t<div class='gallery-icon portrait'>\n\t\t\t\t<a data-elementor-open-lightbox=\"yes\" data-elementor-lightbox-slideshow=\"14c3a47a\" data-elementor-lightbox-title=\"Eva Christina Binder\" e-action-hash=\"#elementor-action%3Aaction%3Dlightbox%26settings%3DeyJpZCI6NzEyLCJ1cmwiOiJodHRwczpcL1wva3Vuc3QtcG9ydHJhaXRzLmF0XC93cC1jb250ZW50XC91cGxvYWRzXC8yMDIyXC8wM1wvMTYxLWV2YS1jaHJpc3RpbmEtYmluZGVyLTAxLmpwZyIsInNsaWRlc2hvdyI6IjE0YzNhNDdhIn0%3D\" href='https:\/\/kunst-portraits.at\/wp-content\/uploads\/2022\/03\/161-eva-christina-binder-01.jpg'><img loading=\"lazy\" decoding=\"async\" width=\"680\" height=\"1020\" src=\"https:\/\/kunst-portraits.at\/wp-content\/uploads\/2022\/03\/161-eva-christina-binder-01.jpg\" class=\"attachment-large size-large\" alt=\"\" srcset=\"https:\/\/kunst-portraits.at\/wp-content\/uploads\/2022\/03\/161-eva-christina-binder-01.jpg 680w, https:\/\/kunst-portraits.at\/wp-content\/uploads\/2022\/03\/161-eva-christina-binder-01-200x300.jpg 200w\" sizes=\"auto, (max-width: 680px) 100vw, 680px\" \/><\/a>\n\t\t\t<\/div><\/figure><figure class='gallery-item'>\n\t\t\t<div class='gallery-icon portrait'>\n\t\t\t\t<a data-elementor-open-lightbox=\"yes\" data-elementor-lightbox-slideshow=\"14c3a47a\" data-elementor-lightbox-title=\"Robert Kolar\" e-action-hash=\"#elementor-action%3Aaction%3Dlightbox%26settings%3DeyJpZCI6NzExLCJ1cmwiOiJodHRwczpcL1wva3Vuc3QtcG9ydHJhaXRzLmF0XC93cC1jb250ZW50XC91cGxvYWRzXC8yMDIyXC8wM1wvMTYwLXJvYmVydC1rb2xhci0wMy5qcGciLCJzbGlkZXNob3ciOiIxNGMzYTQ3YSJ9\" href='https:\/\/kunst-portraits.at\/wp-content\/uploads\/2022\/03\/160-robert-kolar-03.jpg'><img loading=\"lazy\" decoding=\"async\" width=\"680\" height=\"1020\" src=\"https:\/\/kunst-portraits.at\/wp-content\/uploads\/2022\/03\/160-robert-kolar-03.jpg\" class=\"attachment-large size-large\" alt=\"\" srcset=\"https:\/\/kunst-portraits.at\/wp-content\/uploads\/2022\/03\/160-robert-kolar-03.jpg 680w, https:\/\/kunst-portraits.at\/wp-content\/uploads\/2022\/03\/160-robert-kolar-03-200x300.jpg 200w\" sizes=\"auto, (max-width: 680px) 100vw, 680px\" \/><\/a>\n\t\t\t<\/div><\/figure><figure class='gallery-item'>\n\t\t\t<div class='gallery-icon portrait'>\n\t\t\t\t<a data-elementor-open-lightbox=\"yes\" data-elementor-lightbox-slideshow=\"14c3a47a\" data-elementor-lightbox-title=\"Andrea Frohn\" e-action-hash=\"#elementor-action%3Aaction%3Dlightbox%26settings%3DeyJpZCI6NzEwLCJ1cmwiOiJodHRwczpcL1wva3Vuc3QtcG9ydHJhaXRzLmF0XC93cC1jb250ZW50XC91cGxvYWRzXC8yMDIyXC8wM1wvMTU5LWltZ18wMjg1cHMtc2NhbGVkLmpwZyIsInNsaWRlc2hvdyI6IjE0YzNhNDdhIn0%3D\" href='https:\/\/kunst-portraits.at\/wp-content\/uploads\/2022\/03\/159-img_0285ps-scaled.jpg'><img loading=\"lazy\" decoding=\"async\" width=\"683\" height=\"1024\" src=\"https:\/\/kunst-portraits.at\/wp-content\/uploads\/2022\/03\/159-img_0285ps-683x1024.jpg\" class=\"attachment-large size-large\" alt=\"\" srcset=\"https:\/\/kunst-portraits.at\/wp-content\/uploads\/2022\/03\/159-img_0285ps-683x1024.jpg 683w, https:\/\/kunst-portraits.at\/wp-content\/uploads\/2022\/03\/159-img_0285ps-200x300.jpg 200w, https:\/\/kunst-portraits.at\/wp-content\/uploads\/2022\/03\/159-img_0285ps-768x1152.jpg 768w, https:\/\/kunst-portraits.at\/wp-content\/uploads\/2022\/03\/159-img_0285ps-1024x1536.jpg 1024w, https:\/\/kunst-portraits.at\/wp-content\/uploads\/2022\/03\/159-img_0285ps-1365x2048.jpg 1365w, https:\/\/kunst-portraits.at\/wp-content\/uploads\/2022\/03\/159-img_0285ps-scaled.jpg 1707w\" sizes=\"auto, (max-width: 683px) 100vw, 683px\" \/><\/a>\n\t\t\t<\/div><\/figure><figure class='gallery-item'>\n\t\t\t<div class='gallery-icon portrait'>\n\t\t\t\t<a data-elementor-open-lightbox=\"yes\" data-elementor-lightbox-slideshow=\"14c3a47a\" data-elementor-lightbox-title=\"Judith Rumpf\" e-action-hash=\"#elementor-action%3Aaction%3Dlightbox%26settings%3DeyJpZCI6NzA5LCJ1cmwiOiJodHRwczpcL1wva3Vuc3QtcG9ydHJhaXRzLmF0XC93cC1jb250ZW50XC91cGxvYWRzXC8yMDIyXC8wM1wvMTU4LWp1ZGl0aC1ydW1wZi0wMi5qcGciLCJzbGlkZXNob3ciOiIxNGMzYTQ3YSJ9\" href='https:\/\/kunst-portraits.at\/wp-content\/uploads\/2022\/03\/158-judith-rumpf-02.jpg'><img loading=\"lazy\" decoding=\"async\" width=\"680\" height=\"1020\" src=\"https:\/\/kunst-portraits.at\/wp-content\/uploads\/2022\/03\/158-judith-rumpf-02.jpg\" class=\"attachment-large size-large\" alt=\"\" srcset=\"https:\/\/kunst-portraits.at\/wp-content\/uploads\/2022\/03\/158-judith-rumpf-02.jpg 680w, https:\/\/kunst-portraits.at\/wp-content\/uploads\/2022\/03\/158-judith-rumpf-02-200x300.jpg 200w\" sizes=\"auto, (max-width: 680px) 100vw, 680px\" \/><\/a>\n\t\t\t<\/div><\/figure><figure class='gallery-item'>\n\t\t\t<div class='gallery-icon portrait'>\n\t\t\t\t<a data-elementor-open-lightbox=\"yes\" data-elementor-lightbox-slideshow=\"14c3a47a\" data-elementor-lightbox-title=\"Wilhelm Iben\" e-action-hash=\"#elementor-action%3Aaction%3Dlightbox%26settings%3DeyJpZCI6NzA4LCJ1cmwiOiJodHRwczpcL1wva3Vuc3QtcG9ydHJhaXRzLmF0XC93cC1jb250ZW50XC91cGxvYWRzXC8yMDIyXC8wM1wvMTU3LXdpbGhlbG0taWJlbi0wMi5qcGciLCJzbGlkZXNob3ciOiIxNGMzYTQ3YSJ9\" href='https:\/\/kunst-portraits.at\/wp-content\/uploads\/2022\/03\/157-wilhelm-iben-02.jpg'><img loading=\"lazy\" decoding=\"async\" width=\"680\" height=\"1020\" src=\"https:\/\/kunst-portraits.at\/wp-content\/uploads\/2022\/03\/157-wilhelm-iben-02.jpg\" class=\"attachment-large size-large\" alt=\"\" srcset=\"https:\/\/kunst-portraits.at\/wp-content\/uploads\/2022\/03\/157-wilhelm-iben-02.jpg 680w, https:\/\/kunst-portraits.at\/wp-content\/uploads\/2022\/03\/157-wilhelm-iben-02-200x300.jpg 200w\" sizes=\"auto, (max-width: 680px) 100vw, 680px\" \/><\/a>\n\t\t\t<\/div><\/figure><figure class='gallery-item'>\n\t\t\t<div class='gallery-icon portrait'>\n\t\t\t\t<a data-elementor-open-lightbox=\"yes\" data-elementor-lightbox-slideshow=\"14c3a47a\" data-elementor-lightbox-title=\"Sasha Wussow\" e-action-hash=\"#elementor-action%3Aaction%3Dlightbox%26settings%3DeyJpZCI6NzA2LCJ1cmwiOiJodHRwczpcL1wva3Vuc3QtcG9ydHJhaXRzLmF0XC93cC1jb250ZW50XC91cGxvYWRzXC8yMDIyXC8wM1wvMTU1LXNhc2hhLXd1c3Nvdy0wMy5qcGciLCJzbGlkZXNob3ciOiIxNGMzYTQ3YSJ9\" href='https:\/\/kunst-portraits.at\/wp-content\/uploads\/2022\/03\/155-sasha-wussow-03.jpg'><img loading=\"lazy\" decoding=\"async\" width=\"680\" height=\"1020\" src=\"https:\/\/kunst-portraits.at\/wp-content\/uploads\/2022\/03\/155-sasha-wussow-03.jpg\" class=\"attachment-large size-large\" alt=\"\" srcset=\"https:\/\/kunst-portraits.at\/wp-content\/uploads\/2022\/03\/155-sasha-wussow-03.jpg 680w, https:\/\/kunst-portraits.at\/wp-content\/uploads\/2022\/03\/155-sasha-wussow-03-200x300.jpg 200w\" sizes=\"auto, (max-width: 680px) 100vw, 680px\" \/><\/a>\n\t\t\t<\/div><\/figure><figure class='gallery-item'>\n\t\t\t<div class='gallery-icon portrait'>\n\t\t\t\t<a data-elementor-open-lightbox=\"yes\" data-elementor-lightbox-slideshow=\"14c3a47a\" data-elementor-lightbox-title=\"Verena Barth\" e-action-hash=\"#elementor-action%3Aaction%3Dlightbox%26settings%3DeyJpZCI6NzA1LCJ1cmwiOiJodHRwczpcL1wva3Vuc3QtcG9ydHJhaXRzLmF0XC93cC1jb250ZW50XC91cGxvYWRzXC8yMDIyXC8wM1wvMTU0LXZlcmVuYS1iYXJ0aC0wMy5qcGciLCJzbGlkZXNob3ciOiIxNGMzYTQ3YSJ9\" href='https:\/\/kunst-portraits.at\/wp-content\/uploads\/2022\/03\/154-verena-barth-03.jpg'><img loading=\"lazy\" decoding=\"async\" width=\"680\" height=\"1020\" src=\"https:\/\/kunst-portraits.at\/wp-content\/uploads\/2022\/03\/154-verena-barth-03.jpg\" class=\"attachment-large size-large\" alt=\"\" srcset=\"https:\/\/kunst-portraits.at\/wp-content\/uploads\/2022\/03\/154-verena-barth-03.jpg 680w, https:\/\/kunst-portraits.at\/wp-content\/uploads\/2022\/03\/154-verena-barth-03-200x300.jpg 200w\" sizes=\"auto, (max-width: 680px) 100vw, 680px\" \/><\/a>\n\t\t\t<\/div><\/figure><figure class='gallery-item'>\n\t\t\t<div class='gallery-icon portrait'>\n\t\t\t\t<a data-elementor-open-lightbox=\"yes\" data-elementor-lightbox-slideshow=\"14c3a47a\" data-elementor-lightbox-title=\"Vanessa Payer\" e-action-hash=\"#elementor-action%3Aaction%3Dlightbox%26settings%3DeyJpZCI6NzA0LCJ1cmwiOiJodHRwczpcL1wva3Vuc3QtcG9ydHJhaXRzLmF0XC93cC1jb250ZW50XC91cGxvYWRzXC8yMDIyXC8wM1wvMTUzLXZhbmVzc2EtcGF5ZXItMDMuanBnIiwic2xpZGVzaG93IjoiMTRjM2E0N2EifQ%3D%3D\" href='https:\/\/kunst-portraits.at\/wp-content\/uploads\/2022\/03\/153-vanessa-payer-03.jpg'><img loading=\"lazy\" decoding=\"async\" width=\"680\" height=\"1020\" src=\"https:\/\/kunst-portraits.at\/wp-content\/uploads\/2022\/03\/153-vanessa-payer-03.jpg\" class=\"attachment-large size-large\" alt=\"\" srcset=\"https:\/\/kunst-portraits.at\/wp-content\/uploads\/2022\/03\/153-vanessa-payer-03.jpg 680w, https:\/\/kunst-portraits.at\/wp-content\/uploads\/2022\/03\/153-vanessa-payer-03-200x300.jpg 200w\" sizes=\"auto, (max-width: 680px) 100vw, 680px\" \/><\/a>\n\t\t\t<\/div><\/figure><figure class='gallery-item'>\n\t\t\t<div class='gallery-icon portrait'>\n\t\t\t\t<a data-elementor-open-lightbox=\"yes\" data-elementor-lightbox-slideshow=\"14c3a47a\" data-elementor-lightbox-title=\"Verena Barth\" e-action-hash=\"#elementor-action%3Aaction%3Dlightbox%26settings%3DeyJpZCI6NzAzLCJ1cmwiOiJodHRwczpcL1wva3Vuc3QtcG9ydHJhaXRzLmF0XC93cC1jb250ZW50XC91cGxvYWRzXC8yMDIyXC8wM1wvMTUyLXZlcmVuYS1iYXJ0aC0wMS5qcGciLCJzbGlkZXNob3ciOiIxNGMzYTQ3YSJ9\" href='https:\/\/kunst-portraits.at\/wp-content\/uploads\/2022\/03\/152-verena-barth-01.jpg'><img loading=\"lazy\" decoding=\"async\" width=\"680\" height=\"1020\" src=\"https:\/\/kunst-portraits.at\/wp-content\/uploads\/2022\/03\/152-verena-barth-01.jpg\" class=\"attachment-large size-large\" alt=\"\" srcset=\"https:\/\/kunst-portraits.at\/wp-content\/uploads\/2022\/03\/152-verena-barth-01.jpg 680w, https:\/\/kunst-portraits.at\/wp-content\/uploads\/2022\/03\/152-verena-barth-01-200x300.jpg 200w\" sizes=\"auto, (max-width: 680px) 100vw, 680px\" \/><\/a>\n\t\t\t<\/div><\/figure><figure class='gallery-item'>\n\t\t\t<div class='gallery-icon portrait'>\n\t\t\t\t<a data-elementor-open-lightbox=\"yes\" data-elementor-lightbox-slideshow=\"14c3a47a\" data-elementor-lightbox-title=\"Astrid Golda\" e-action-hash=\"#elementor-action%3Aaction%3Dlightbox%26settings%3DeyJpZCI6NzAyLCJ1cmwiOiJodHRwczpcL1wva3Vuc3QtcG9ydHJhaXRzLmF0XC93cC1jb250ZW50XC91cGxvYWRzXC8yMDIyXC8wM1wvMTUxLXRyYXNoZm9yY2FzaC0wMy5qcGciLCJzbGlkZXNob3ciOiIxNGMzYTQ3YSJ9\" href='https:\/\/kunst-portraits.at\/wp-content\/uploads\/2022\/03\/151-trashforcash-03.jpg'><img loading=\"lazy\" decoding=\"async\" width=\"680\" height=\"1020\" src=\"https:\/\/kunst-portraits.at\/wp-content\/uploads\/2022\/03\/151-trashforcash-03.jpg\" class=\"attachment-large size-large\" alt=\"\" srcset=\"https:\/\/kunst-portraits.at\/wp-content\/uploads\/2022\/03\/151-trashforcash-03.jpg 680w, https:\/\/kunst-portraits.at\/wp-content\/uploads\/2022\/03\/151-trashforcash-03-200x300.jpg 200w\" sizes=\"auto, (max-width: 680px) 100vw, 680px\" \/><\/a>\n\t\t\t<\/div><\/figure><figure class='gallery-item'>\n\t\t\t<div class='gallery-icon portrait'>\n\t\t\t\t<a data-elementor-open-lightbox=\"yes\" data-elementor-lightbox-slideshow=\"14c3a47a\" data-elementor-lightbox-title=\"Vanessa Payer\" e-action-hash=\"#elementor-action%3Aaction%3Dlightbox%26settings%3DeyJpZCI6NzAxLCJ1cmwiOiJodHRwczpcL1wva3Vuc3QtcG9ydHJhaXRzLmF0XC93cC1jb250ZW50XC91cGxvYWRzXC8yMDIyXC8wM1wvMTUwLXZhbmVzc2EtcGF5ZXItMDEuanBnIiwic2xpZGVzaG93IjoiMTRjM2E0N2EifQ%3D%3D\" href='https:\/\/kunst-portraits.at\/wp-content\/uploads\/2022\/03\/150-vanessa-payer-01.jpg'><img loading=\"lazy\" decoding=\"async\" width=\"680\" height=\"1020\" src=\"https:\/\/kunst-portraits.at\/wp-content\/uploads\/2022\/03\/150-vanessa-payer-01.jpg\" class=\"attachment-large size-large\" alt=\"\" srcset=\"https:\/\/kunst-portraits.at\/wp-content\/uploads\/2022\/03\/150-vanessa-payer-01.jpg 680w, https:\/\/kunst-portraits.at\/wp-content\/uploads\/2022\/03\/150-vanessa-payer-01-200x300.jpg 200w\" sizes=\"auto, (max-width: 680px) 100vw, 680px\" \/><\/a>\n\t\t\t<\/div><\/figure><figure class='gallery-item'>\n\t\t\t<div class='gallery-icon portrait'>\n\t\t\t\t<a data-elementor-open-lightbox=\"yes\" data-elementor-lightbox-slideshow=\"14c3a47a\" data-elementor-lightbox-title=\"Uta K\u00f6bernick\" e-action-hash=\"#elementor-action%3Aaction%3Dlightbox%26settings%3DeyJpZCI6Njk5LCJ1cmwiOiJodHRwczpcL1wva3Vuc3QtcG9ydHJhaXRzLmF0XC93cC1jb250ZW50XC91cGxvYWRzXC8yMDIyXC8wM1wvMTQ4LXV0YS0wMi5qcGciLCJzbGlkZXNob3ciOiIxNGMzYTQ3YSJ9\" href='https:\/\/kunst-portraits.at\/wp-content\/uploads\/2022\/03\/148-uta-02.jpg'><img loading=\"lazy\" decoding=\"async\" width=\"680\" height=\"1020\" src=\"https:\/\/kunst-portraits.at\/wp-content\/uploads\/2022\/03\/148-uta-02.jpg\" class=\"attachment-large size-large\" alt=\"\" srcset=\"https:\/\/kunst-portraits.at\/wp-content\/uploads\/2022\/03\/148-uta-02.jpg 680w, https:\/\/kunst-portraits.at\/wp-content\/uploads\/2022\/03\/148-uta-02-200x300.jpg 200w\" sizes=\"auto, (max-width: 680px) 100vw, 680px\" \/><\/a>\n\t\t\t<\/div><\/figure><figure class='gallery-item'>\n\t\t\t<div class='gallery-icon portrait'>\n\t\t\t\t<a data-elementor-open-lightbox=\"yes\" data-elementor-lightbox-slideshow=\"14c3a47a\" data-elementor-lightbox-title=\"146-thomas-gro\u00df-02\" e-action-hash=\"#elementor-action%3Aaction%3Dlightbox%26settings%3DeyJpZCI6Njk3LCJ1cmwiOiJodHRwczpcL1wva3Vuc3QtcG9ydHJhaXRzLmF0XC93cC1jb250ZW50XC91cGxvYWRzXC8yMDIyXC8wM1wvMTQ2LXRob21hcy1ncm9zLTAyLmpwZyIsInNsaWRlc2hvdyI6IjE0YzNhNDdhIn0%3D\" href='https:\/\/kunst-portraits.at\/wp-content\/uploads\/2022\/03\/146-thomas-gros-02.jpg'><img loading=\"lazy\" decoding=\"async\" width=\"680\" height=\"1020\" src=\"https:\/\/kunst-portraits.at\/wp-content\/uploads\/2022\/03\/146-thomas-gros-02.jpg\" class=\"attachment-large size-large\" alt=\"\" aria-describedby=\"gallery-1-697\" srcset=\"https:\/\/kunst-portraits.at\/wp-content\/uploads\/2022\/03\/146-thomas-gros-02.jpg 680w, https:\/\/kunst-portraits.at\/wp-content\/uploads\/2022\/03\/146-thomas-gros-02-200x300.jpg 200w\" sizes=\"auto, (max-width: 680px) 100vw, 680px\" \/><\/a>\n\t\t\t<\/div>\n\t\t\t\t<figcaption class='wp-caption-text gallery-caption' id='gallery-1-697'>\n\t\t\t\tThomas Gro\u00df\n\t\t\t\t<\/figcaption><\/figure><figure class='gallery-item'>\n\t\t\t<div class='gallery-icon portrait'>\n\t\t\t\t<a data-elementor-open-lightbox=\"yes\" data-elementor-lightbox-slideshow=\"14c3a47a\" data-elementor-lightbox-title=\"Stella F\u00fcrst\" e-action-hash=\"#elementor-action%3Aaction%3Dlightbox%26settings%3DeyJpZCI6Njk2LCJ1cmwiOiJodHRwczpcL1wva3Vuc3QtcG9ydHJhaXRzLmF0XC93cC1jb250ZW50XC91cGxvYWRzXC8yMDIyXC8wM1wvMTQ1LXN0ZWxsYS1mdXJzdC0wMS5qcGciLCJzbGlkZXNob3ciOiIxNGMzYTQ3YSJ9\" href='https:\/\/kunst-portraits.at\/wp-content\/uploads\/2022\/03\/145-stella-furst-01.jpg'><img loading=\"lazy\" decoding=\"async\" width=\"696\" height=\"1020\" src=\"https:\/\/kunst-portraits.at\/wp-content\/uploads\/2022\/03\/145-stella-furst-01.jpg\" class=\"attachment-large size-large\" alt=\"\" srcset=\"https:\/\/kunst-portraits.at\/wp-content\/uploads\/2022\/03\/145-stella-furst-01.jpg 696w, https:\/\/kunst-portraits.at\/wp-content\/uploads\/2022\/03\/145-stella-furst-01-205x300.jpg 205w\" sizes=\"auto, (max-width: 696px) 100vw, 696px\" \/><\/a>\n\t\t\t<\/div><\/figure><figure class='gallery-item'>\n\t\t\t<div class='gallery-icon portrait'>\n\t\t\t\t<a data-elementor-open-lightbox=\"yes\" data-elementor-lightbox-slideshow=\"14c3a47a\" data-elementor-lightbox-title=\"Sophie Prusa\" e-action-hash=\"#elementor-action%3Aaction%3Dlightbox%26settings%3DeyJpZCI6Njk1LCJ1cmwiOiJodHRwczpcL1wva3Vuc3QtcG9ydHJhaXRzLmF0XC93cC1jb250ZW50XC91cGxvYWRzXC8yMDIyXC8wM1wvMTQ0LXNvcGhpZS1wcnVzYS0wMi5qcGciLCJzbGlkZXNob3ciOiIxNGMzYTQ3YSJ9\" href='https:\/\/kunst-portraits.at\/wp-content\/uploads\/2022\/03\/144-sophie-prusa-02.jpg'><img loading=\"lazy\" decoding=\"async\" width=\"680\" height=\"1020\" src=\"https:\/\/kunst-portraits.at\/wp-content\/uploads\/2022\/03\/144-sophie-prusa-02.jpg\" class=\"attachment-large size-large\" alt=\"\" srcset=\"https:\/\/kunst-portraits.at\/wp-content\/uploads\/2022\/03\/144-sophie-prusa-02.jpg 680w, https:\/\/kunst-portraits.at\/wp-content\/uploads\/2022\/03\/144-sophie-prusa-02-200x300.jpg 200w\" sizes=\"auto, (max-width: 680px) 100vw, 680px\" \/><\/a>\n\t\t\t<\/div><\/figure><figure class='gallery-item'>\n\t\t\t<div class='gallery-icon portrait'>\n\t\t\t\t<a data-elementor-open-lightbox=\"yes\" data-elementor-lightbox-slideshow=\"14c3a47a\" data-elementor-lightbox-title=\"Sigrid Hauser\" e-action-hash=\"#elementor-action%3Aaction%3Dlightbox%26settings%3DeyJpZCI6NjkzLCJ1cmwiOiJodHRwczpcL1wva3Vuc3QtcG9ydHJhaXRzLmF0XC93cC1jb250ZW50XC91cGxvYWRzXC8yMDIyXC8wM1wvMTQyLXNpZ3JpZC1oYXVzZXItMDIuanBnIiwic2xpZGVzaG93IjoiMTRjM2E0N2EifQ%3D%3D\" href='https:\/\/kunst-portraits.at\/wp-content\/uploads\/2022\/03\/142-sigrid-hauser-02.jpg'><img loading=\"lazy\" decoding=\"async\" width=\"680\" height=\"1020\" src=\"https:\/\/kunst-portraits.at\/wp-content\/uploads\/2022\/03\/142-sigrid-hauser-02.jpg\" class=\"attachment-large size-large\" alt=\"\" srcset=\"https:\/\/kunst-portraits.at\/wp-content\/uploads\/2022\/03\/142-sigrid-hauser-02.jpg 680w, https:\/\/kunst-portraits.at\/wp-content\/uploads\/2022\/03\/142-sigrid-hauser-02-200x300.jpg 200w\" sizes=\"auto, (max-width: 680px) 100vw, 680px\" \/><\/a>\n\t\t\t<\/div><\/figure><figure class='gallery-item'>\n\t\t\t<div class='gallery-icon portrait'>\n\t\t\t\t<a data-elementor-open-lightbox=\"yes\" data-elementor-lightbox-slideshow=\"14c3a47a\" data-elementor-lightbox-title=\"Sophie Prusa\" e-action-hash=\"#elementor-action%3Aaction%3Dlightbox%26settings%3DeyJpZCI6Njk0LCJ1cmwiOiJodHRwczpcL1wva3Vuc3QtcG9ydHJhaXRzLmF0XC93cC1jb250ZW50XC91cGxvYWRzXC8yMDIyXC8wM1wvMTQzLXNvcGhpZS1wcnVzYS0wMS5qcGciLCJzbGlkZXNob3ciOiIxNGMzYTQ3YSJ9\" href='https:\/\/kunst-portraits.at\/wp-content\/uploads\/2022\/03\/143-sophie-prusa-01.jpg'><img loading=\"lazy\" decoding=\"async\" width=\"765\" height=\"1020\" src=\"https:\/\/kunst-portraits.at\/wp-content\/uploads\/2022\/03\/143-sophie-prusa-01.jpg\" class=\"attachment-large size-large\" alt=\"\" srcset=\"https:\/\/kunst-portraits.at\/wp-content\/uploads\/2022\/03\/143-sophie-prusa-01.jpg 765w, https:\/\/kunst-portraits.at\/wp-content\/uploads\/2022\/03\/143-sophie-prusa-01-225x300.jpg 225w\" sizes=\"auto, (max-width: 765px) 100vw, 765px\" \/><\/a>\n\t\t\t<\/div><\/figure><figure class='gallery-item'>\n\t\t\t<div class='gallery-icon portrait'>\n\t\t\t\t<a data-elementor-open-lightbox=\"yes\" data-elementor-lightbox-slideshow=\"14c3a47a\" data-elementor-lightbox-title=\"Sigrid Hauser\" e-action-hash=\"#elementor-action%3Aaction%3Dlightbox%26settings%3DeyJpZCI6NjkyLCJ1cmwiOiJodHRwczpcL1wva3Vuc3QtcG9ydHJhaXRzLmF0XC93cC1jb250ZW50XC91cGxvYWRzXC8yMDIyXC8wM1wvMTQxLXNpZ3JpZC1oYXVzZXItMDEuanBnIiwic2xpZGVzaG93IjoiMTRjM2E0N2EifQ%3D%3D\" href='https:\/\/kunst-portraits.at\/wp-content\/uploads\/2022\/03\/141-sigrid-hauser-01.jpg'><img loading=\"lazy\" decoding=\"async\" width=\"680\" height=\"1020\" src=\"https:\/\/kunst-portraits.at\/wp-content\/uploads\/2022\/03\/141-sigrid-hauser-01.jpg\" class=\"attachment-large size-large\" alt=\"\" srcset=\"https:\/\/kunst-portraits.at\/wp-content\/uploads\/2022\/03\/141-sigrid-hauser-01.jpg 680w, https:\/\/kunst-portraits.at\/wp-content\/uploads\/2022\/03\/141-sigrid-hauser-01-200x300.jpg 200w\" sizes=\"auto, (max-width: 680px) 100vw, 680px\" \/><\/a>\n\t\t\t<\/div><\/figure><figure class='gallery-item'>\n\t\t\t<div class='gallery-icon portrait'>\n\t\t\t\t<a data-elementor-open-lightbox=\"yes\" data-elementor-lightbox-slideshow=\"14c3a47a\" data-elementor-lightbox-title=\"Sasha Wussow\" e-action-hash=\"#elementor-action%3Aaction%3Dlightbox%26settings%3DeyJpZCI6NjkxLCJ1cmwiOiJodHRwczpcL1wva3Vuc3QtcG9ydHJhaXRzLmF0XC93cC1jb250ZW50XC91cGxvYWRzXC8yMDIyXC8wM1wvMTQwLXNhc2hhLXd1c3Nvdy0wMi5qcGciLCJzbGlkZXNob3ciOiIxNGMzYTQ3YSJ9\" href='https:\/\/kunst-portraits.at\/wp-content\/uploads\/2022\/03\/140-sasha-wussow-02.jpg'><img loading=\"lazy\" decoding=\"async\" width=\"680\" height=\"1020\" src=\"https:\/\/kunst-portraits.at\/wp-content\/uploads\/2022\/03\/140-sasha-wussow-02.jpg\" class=\"attachment-large size-large\" alt=\"\" srcset=\"https:\/\/kunst-portraits.at\/wp-content\/uploads\/2022\/03\/140-sasha-wussow-02.jpg 680w, https:\/\/kunst-portraits.at\/wp-content\/uploads\/2022\/03\/140-sasha-wussow-02-200x300.jpg 200w\" sizes=\"auto, (max-width: 680px) 100vw, 680px\" \/><\/a>\n\t\t\t<\/div><\/figure><figure class='gallery-item'>\n\t\t\t<div class='gallery-icon portrait'>\n\t\t\t\t<a data-elementor-open-lightbox=\"yes\" data-elementor-lightbox-slideshow=\"14c3a47a\" data-elementor-lightbox-title=\"Sarah Babitz\" e-action-hash=\"#elementor-action%3Aaction%3Dlightbox%26settings%3DeyJpZCI6NjkwLCJ1cmwiOiJodHRwczpcL1wva3Vuc3QtcG9ydHJhaXRzLmF0XC93cC1jb250ZW50XC91cGxvYWRzXC8yMDIyXC8wM1wvMTM5LXNhcmFoLWJhYml0ei0wMy5qcGciLCJzbGlkZXNob3ciOiIxNGMzYTQ3YSJ9\" href='https:\/\/kunst-portraits.at\/wp-content\/uploads\/2022\/03\/139-sarah-babitz-03.jpg'><img loading=\"lazy\" decoding=\"async\" width=\"680\" height=\"1020\" src=\"https:\/\/kunst-portraits.at\/wp-content\/uploads\/2022\/03\/139-sarah-babitz-03.jpg\" class=\"attachment-large size-large\" alt=\"\" srcset=\"https:\/\/kunst-portraits.at\/wp-content\/uploads\/2022\/03\/139-sarah-babitz-03.jpg 680w, https:\/\/kunst-portraits.at\/wp-content\/uploads\/2022\/03\/139-sarah-babitz-03-200x300.jpg 200w\" sizes=\"auto, (max-width: 680px) 100vw, 680px\" \/><\/a>\n\t\t\t<\/div><\/figure><figure class='gallery-item'>\n\t\t\t<div class='gallery-icon portrait'>\n\t\t\t\t<a data-elementor-open-lightbox=\"yes\" data-elementor-lightbox-slideshow=\"14c3a47a\" data-elementor-lightbox-title=\"Sarah Babitz\" e-action-hash=\"#elementor-action%3Aaction%3Dlightbox%26settings%3DeyJpZCI6Njg5LCJ1cmwiOiJodHRwczpcL1wva3Vuc3QtcG9ydHJhaXRzLmF0XC93cC1jb250ZW50XC91cGxvYWRzXC8yMDIyXC8wM1wvMTM4LXNhcmFoLWJhYml0ei0wMi5qcGciLCJzbGlkZXNob3ciOiIxNGMzYTQ3YSJ9\" href='https:\/\/kunst-portraits.at\/wp-content\/uploads\/2022\/03\/138-sarah-babitz-02.jpg'><img loading=\"lazy\" decoding=\"async\" width=\"680\" height=\"1020\" src=\"https:\/\/kunst-portraits.at\/wp-content\/uploads\/2022\/03\/138-sarah-babitz-02.jpg\" class=\"attachment-large size-large\" alt=\"\" srcset=\"https:\/\/kunst-portraits.at\/wp-content\/uploads\/2022\/03\/138-sarah-babitz-02.jpg 680w, https:\/\/kunst-portraits.at\/wp-content\/uploads\/2022\/03\/138-sarah-babitz-02-200x300.jpg 200w\" sizes=\"auto, (max-width: 680px) 100vw, 680px\" \/><\/a>\n\t\t\t<\/div><\/figure><figure class='gallery-item'>\n\t\t\t<div class='gallery-icon landscape'>\n\t\t\t\t<a data-elementor-open-lightbox=\"yes\" data-elementor-lightbox-slideshow=\"14c3a47a\" data-elementor-lightbox-title=\"Sabine Muhar\" e-action-hash=\"#elementor-action%3Aaction%3Dlightbox%26settings%3DeyJpZCI6Njg3LCJ1cmwiOiJodHRwczpcL1wva3Vuc3QtcG9ydHJhaXRzLmF0XC93cC1jb250ZW50XC91cGxvYWRzXC8yMDIyXC8wM1wvMTM2LXNhYmluZS1tdWhhci0wMi5qcGciLCJzbGlkZXNob3ciOiIxNGMzYTQ3YSJ9\" href='https:\/\/kunst-portraits.at\/wp-content\/uploads\/2022\/03\/136-sabine-muhar-02.jpg'><img loading=\"lazy\" decoding=\"async\" width=\"1024\" height=\"683\" src=\"https:\/\/kunst-portraits.at\/wp-content\/uploads\/2022\/03\/136-sabine-muhar-02-1024x683.jpg\" class=\"attachment-large size-large\" alt=\"\" srcset=\"https:\/\/kunst-portraits.at\/wp-content\/uploads\/2022\/03\/136-sabine-muhar-02-1024x683.jpg 1024w, https:\/\/kunst-portraits.at\/wp-content\/uploads\/2022\/03\/136-sabine-muhar-02-300x200.jpg 300w, https:\/\/kunst-portraits.at\/wp-content\/uploads\/2022\/03\/136-sabine-muhar-02-768x512.jpg 768w, https:\/\/kunst-portraits.at\/wp-content\/uploads\/2022\/03\/136-sabine-muhar-02.jpg 1530w\" sizes=\"auto, (max-width: 1024px) 100vw, 1024px\" \/><\/a>\n\t\t\t<\/div><\/figure><figure class='gallery-item'>\n\t\t\t<div class='gallery-icon landscape'>\n\t\t\t\t<a data-elementor-open-lightbox=\"yes\" data-elementor-lightbox-slideshow=\"14c3a47a\" data-elementor-lightbox-title=\"Vanessa Payer\" e-action-hash=\"#elementor-action%3Aaction%3Dlightbox%26settings%3DeyJpZCI6Njg1LCJ1cmwiOiJodHRwczpcL1wva3Vuc3QtcG9ydHJhaXRzLmF0XC93cC1jb250ZW50XC91cGxvYWRzXC8yMDIyXC8wM1wvMTM0LXZhbmVzc2EtcGF5ZXItMDIuanBnIiwic2xpZGVzaG93IjoiMTRjM2E0N2EifQ%3D%3D\" href='https:\/\/kunst-portraits.at\/wp-content\/uploads\/2022\/03\/134-vanessa-payer-02.jpg'><img loading=\"lazy\" decoding=\"async\" width=\"1024\" height=\"683\" src=\"https:\/\/kunst-portraits.at\/wp-content\/uploads\/2022\/03\/134-vanessa-payer-02-1024x683.jpg\" class=\"attachment-large size-large\" alt=\"\" srcset=\"https:\/\/kunst-portraits.at\/wp-content\/uploads\/2022\/03\/134-vanessa-payer-02-1024x683.jpg 1024w, https:\/\/kunst-portraits.at\/wp-content\/uploads\/2022\/03\/134-vanessa-payer-02-300x200.jpg 300w, https:\/\/kunst-portraits.at\/wp-content\/uploads\/2022\/03\/134-vanessa-payer-02-768x512.jpg 768w, https:\/\/kunst-portraits.at\/wp-content\/uploads\/2022\/03\/134-vanessa-payer-02.jpg 1530w\" sizes=\"auto, (max-width: 1024px) 100vw, 1024px\" \/><\/a>\n\t\t\t<\/div><\/figure><figure class='gallery-item'>\n\t\t\t<div class='gallery-icon portrait'>\n\t\t\t\t<a data-elementor-open-lightbox=\"yes\" data-elementor-lightbox-slideshow=\"14c3a47a\" data-elementor-lightbox-title=\"Ronald Kuste\" e-action-hash=\"#elementor-action%3Aaction%3Dlightbox%26settings%3DeyJpZCI6Njg0LCJ1cmwiOiJodHRwczpcL1wva3Vuc3QtcG9ydHJhaXRzLmF0XC93cC1jb250ZW50XC91cGxvYWRzXC8yMDIyXC8wM1wvMTMzLXJvbmFsZC1rdXN0ZS0wMi5qcGciLCJzbGlkZXNob3ciOiIxNGMzYTQ3YSJ9\" href='https:\/\/kunst-portraits.at\/wp-content\/uploads\/2022\/03\/133-ronald-kuste-02.jpg'><img loading=\"lazy\" decoding=\"async\" width=\"680\" height=\"1020\" src=\"https:\/\/kunst-portraits.at\/wp-content\/uploads\/2022\/03\/133-ronald-kuste-02.jpg\" class=\"attachment-large size-large\" alt=\"\" srcset=\"https:\/\/kunst-portraits.at\/wp-content\/uploads\/2022\/03\/133-ronald-kuste-02.jpg 680w, https:\/\/kunst-portraits.at\/wp-content\/uploads\/2022\/03\/133-ronald-kuste-02-200x300.jpg 200w\" sizes=\"auto, (max-width: 680px) 100vw, 680px\" \/><\/a>\n\t\t\t<\/div><\/figure><figure class='gallery-item'>\n\t\t\t<div class='gallery-icon portrait'>\n\t\t\t\t<a data-elementor-open-lightbox=\"yes\" data-elementor-lightbox-slideshow=\"14c3a47a\" data-elementor-lightbox-title=\"Robert Kolar\" e-action-hash=\"#elementor-action%3Aaction%3Dlightbox%26settings%3DeyJpZCI6NjgzLCJ1cmwiOiJodHRwczpcL1wva3Vuc3QtcG9ydHJhaXRzLmF0XC93cC1jb250ZW50XC91cGxvYWRzXC8yMDIyXC8wM1wvMTMyLXJvYmVydC1rb2xhci0wMS5qcGciLCJzbGlkZXNob3ciOiIxNGMzYTQ3YSJ9\" href='https:\/\/kunst-portraits.at\/wp-content\/uploads\/2022\/03\/132-robert-kolar-01.jpg'><img loading=\"lazy\" decoding=\"async\" width=\"680\" height=\"1020\" src=\"https:\/\/kunst-portraits.at\/wp-content\/uploads\/2022\/03\/132-robert-kolar-01.jpg\" class=\"attachment-large size-large\" alt=\"\" srcset=\"https:\/\/kunst-portraits.at\/wp-content\/uploads\/2022\/03\/132-robert-kolar-01.jpg 680w, https:\/\/kunst-portraits.at\/wp-content\/uploads\/2022\/03\/132-robert-kolar-01-200x300.jpg 200w\" sizes=\"auto, (max-width: 680px) 100vw, 680px\" \/><\/a>\n\t\t\t<\/div><\/figure><figure class='gallery-item'>\n\t\t\t<div class='gallery-icon portrait'>\n\t\t\t\t<a data-elementor-open-lightbox=\"yes\" data-elementor-lightbox-slideshow=\"14c3a47a\" data-elementor-lightbox-title=\"Regina Kail\" e-action-hash=\"#elementor-action%3Aaction%3Dlightbox%26settings%3DeyJpZCI6NjgyLCJ1cmwiOiJodHRwczpcL1wva3Vuc3QtcG9ydHJhaXRzLmF0XC93cC1jb250ZW50XC91cGxvYWRzXC8yMDIyXC8wM1wvMTMxLXJlZ2luYWthaWwwMy5qcGciLCJzbGlkZXNob3ciOiIxNGMzYTQ3YSJ9\" href='https:\/\/kunst-portraits.at\/wp-content\/uploads\/2022\/03\/131-reginakail03.jpg'><img loading=\"lazy\" decoding=\"async\" width=\"680\" height=\"1020\" src=\"https:\/\/kunst-portraits.at\/wp-content\/uploads\/2022\/03\/131-reginakail03.jpg\" class=\"attachment-large size-large\" alt=\"\" srcset=\"https:\/\/kunst-portraits.at\/wp-content\/uploads\/2022\/03\/131-reginakail03.jpg 680w, https:\/\/kunst-portraits.at\/wp-content\/uploads\/2022\/03\/131-reginakail03-200x300.jpg 200w\" sizes=\"auto, (max-width: 680px) 100vw, 680px\" \/><\/a>\n\t\t\t<\/div><\/figure><figure class='gallery-item'>\n\t\t\t<div class='gallery-icon portrait'>\n\t\t\t\t<a data-elementor-open-lightbox=\"yes\" data-elementor-lightbox-slideshow=\"14c3a47a\" data-elementor-lightbox-title=\"Stella F\u00fcrst\" e-action-hash=\"#elementor-action%3Aaction%3Dlightbox%26settings%3DeyJpZCI6NjgxLCJ1cmwiOiJodHRwczpcL1wva3Vuc3QtcG9ydHJhaXRzLmF0XC93cC1jb250ZW50XC91cGxvYWRzXC8yMDIyXC8wM1wvMTMwLXN0ZWxsYS1mdXJzdC0wMi5qcGciLCJzbGlkZXNob3ciOiIxNGMzYTQ3YSJ9\" href='https:\/\/kunst-portraits.at\/wp-content\/uploads\/2022\/03\/130-stella-furst-02.jpg'><img loading=\"lazy\" decoding=\"async\" width=\"696\" height=\"1020\" src=\"https:\/\/kunst-portraits.at\/wp-content\/uploads\/2022\/03\/130-stella-furst-02.jpg\" class=\"attachment-large size-large\" alt=\"\" srcset=\"https:\/\/kunst-portraits.at\/wp-content\/uploads\/2022\/03\/130-stella-furst-02.jpg 696w, https:\/\/kunst-portraits.at\/wp-content\/uploads\/2022\/03\/130-stella-furst-02-205x300.jpg 205w\" sizes=\"auto, (max-width: 696px) 100vw, 696px\" \/><\/a>\n\t\t\t<\/div><\/figure><figure class='gallery-item'>\n\t\t\t<div class='gallery-icon portrait'>\n\t\t\t\t<a data-elementor-open-lightbox=\"yes\" data-elementor-lightbox-slideshow=\"14c3a47a\" data-elementor-lightbox-title=\"Regina Kail\" e-action-hash=\"#elementor-action%3Aaction%3Dlightbox%26settings%3DeyJpZCI6NjgwLCJ1cmwiOiJodHRwczpcL1wva3Vuc3QtcG9ydHJhaXRzLmF0XC93cC1jb250ZW50XC91cGxvYWRzXC8yMDIyXC8wM1wvMTI5LXJlZ2luYWthaWwwMi5qcGciLCJzbGlkZXNob3ciOiIxNGMzYTQ3YSJ9\" href='https:\/\/kunst-portraits.at\/wp-content\/uploads\/2022\/03\/129-reginakail02.jpg'><img loading=\"lazy\" decoding=\"async\" width=\"680\" height=\"1020\" src=\"https:\/\/kunst-portraits.at\/wp-content\/uploads\/2022\/03\/129-reginakail02.jpg\" class=\"attachment-large size-large\" alt=\"\" srcset=\"https:\/\/kunst-portraits.at\/wp-content\/uploads\/2022\/03\/129-reginakail02.jpg 680w, https:\/\/kunst-portraits.at\/wp-content\/uploads\/2022\/03\/129-reginakail02-200x300.jpg 200w\" sizes=\"auto, (max-width: 680px) 100vw, 680px\" \/><\/a>\n\t\t\t<\/div><\/figure><figure class='gallery-item'>\n\t\t\t<div class='gallery-icon portrait'>\n\t\t\t\t<a data-elementor-open-lightbox=\"yes\" data-elementor-lightbox-slideshow=\"14c3a47a\" data-elementor-lightbox-title=\"Rachelle Nkou\" e-action-hash=\"#elementor-action%3Aaction%3Dlightbox%26settings%3DeyJpZCI6Njc5LCJ1cmwiOiJodHRwczpcL1wva3Vuc3QtcG9ydHJhaXRzLmF0XC93cC1jb250ZW50XC91cGxvYWRzXC8yMDIyXC8wM1wvMTI4LXJhY2hlbGxlLW5rb3UtMDMuanBnIiwic2xpZGVzaG93IjoiMTRjM2E0N2EifQ%3D%3D\" href='https:\/\/kunst-portraits.at\/wp-content\/uploads\/2022\/03\/128-rachelle-nkou-03.jpg'><img loading=\"lazy\" decoding=\"async\" width=\"680\" height=\"1020\" src=\"https:\/\/kunst-portraits.at\/wp-content\/uploads\/2022\/03\/128-rachelle-nkou-03.jpg\" class=\"attachment-large size-large\" alt=\"\" srcset=\"https:\/\/kunst-portraits.at\/wp-content\/uploads\/2022\/03\/128-rachelle-nkou-03.jpg 680w, https:\/\/kunst-portraits.at\/wp-content\/uploads\/2022\/03\/128-rachelle-nkou-03-200x300.jpg 200w\" sizes=\"auto, (max-width: 680px) 100vw, 680px\" \/><\/a>\n\t\t\t<\/div><\/figure><figure class='gallery-item'>\n\t\t\t<div class='gallery-icon landscape'>\n\t\t\t\t<a data-elementor-open-lightbox=\"yes\" data-elementor-lightbox-slideshow=\"14c3a47a\" data-elementor-lightbox-title=\"Philipp Hansa\" e-action-hash=\"#elementor-action%3Aaction%3Dlightbox%26settings%3DeyJpZCI6Njc4LCJ1cmwiOiJodHRwczpcL1wva3Vuc3QtcG9ydHJhaXRzLmF0XC93cC1jb250ZW50XC91cGxvYWRzXC8yMDIyXC8wM1wvMTI3LXBoaWxpcHAtaGFuc2EtMDQuanBnIiwic2xpZGVzaG93IjoiMTRjM2E0N2EifQ%3D%3D\" href='https:\/\/kunst-portraits.at\/wp-content\/uploads\/2022\/03\/127-philipp-hansa-04.jpg'><img loading=\"lazy\" decoding=\"async\" width=\"1024\" height=\"683\" src=\"https:\/\/kunst-portraits.at\/wp-content\/uploads\/2022\/03\/127-philipp-hansa-04-1024x683.jpg\" class=\"attachment-large size-large\" alt=\"\" srcset=\"https:\/\/kunst-portraits.at\/wp-content\/uploads\/2022\/03\/127-philipp-hansa-04-1024x683.jpg 1024w, https:\/\/kunst-portraits.at\/wp-content\/uploads\/2022\/03\/127-philipp-hansa-04-300x200.jpg 300w, https:\/\/kunst-portraits.at\/wp-content\/uploads\/2022\/03\/127-philipp-hansa-04-768x512.jpg 768w, https:\/\/kunst-portraits.at\/wp-content\/uploads\/2022\/03\/127-philipp-hansa-04.jpg 1530w\" sizes=\"auto, (max-width: 1024px) 100vw, 1024px\" \/><\/a>\n\t\t\t<\/div><\/figure><figure class='gallery-item'>\n\t\t\t<div class='gallery-icon portrait'>\n\t\t\t\t<a data-elementor-open-lightbox=\"yes\" data-elementor-lightbox-slideshow=\"14c3a47a\" data-elementor-lightbox-title=\"Philipp Hansa\" e-action-hash=\"#elementor-action%3Aaction%3Dlightbox%26settings%3DeyJpZCI6Njc3LCJ1cmwiOiJodHRwczpcL1wva3Vuc3QtcG9ydHJhaXRzLmF0XC93cC1jb250ZW50XC91cGxvYWRzXC8yMDIyXC8wM1wvMTI2LXBoaWxpcHAtaGFuc2EtMDMuanBnIiwic2xpZGVzaG93IjoiMTRjM2E0N2EifQ%3D%3D\" href='https:\/\/kunst-portraits.at\/wp-content\/uploads\/2022\/03\/126-philipp-hansa-03.jpg'><img loading=\"lazy\" decoding=\"async\" width=\"680\" height=\"1020\" src=\"https:\/\/kunst-portraits.at\/wp-content\/uploads\/2022\/03\/126-philipp-hansa-03.jpg\" class=\"attachment-large size-large\" alt=\"\" srcset=\"https:\/\/kunst-portraits.at\/wp-content\/uploads\/2022\/03\/126-philipp-hansa-03.jpg 680w, https:\/\/kunst-portraits.at\/wp-content\/uploads\/2022\/03\/126-philipp-hansa-03-200x300.jpg 200w\" sizes=\"auto, (max-width: 680px) 100vw, 680px\" \/><\/a>\n\t\t\t<\/div><\/figure><figure class='gallery-item'>\n\t\t\t<div class='gallery-icon portrait'>\n\t\t\t\t<a data-elementor-open-lightbox=\"yes\" data-elementor-lightbox-slideshow=\"14c3a47a\" data-elementor-lightbox-title=\"Petra M\u00f6dlhammer\" e-action-hash=\"#elementor-action%3Aaction%3Dlightbox%26settings%3DeyJpZCI6Njc2LCJ1cmwiOiJodHRwczpcL1wva3Vuc3QtcG9ydHJhaXRzLmF0XC93cC1jb250ZW50XC91cGxvYWRzXC8yMDIyXC8wM1wvMTI1LXBldHJhLW1vZGxoYW1tZXItMDIuanBnIiwic2xpZGVzaG93IjoiMTRjM2E0N2EifQ%3D%3D\" href='https:\/\/kunst-portraits.at\/wp-content\/uploads\/2022\/03\/125-petra-modlhammer-02.jpg'><img loading=\"lazy\" decoding=\"async\" width=\"680\" height=\"1020\" src=\"https:\/\/kunst-portraits.at\/wp-content\/uploads\/2022\/03\/125-petra-modlhammer-02.jpg\" class=\"attachment-large size-large\" alt=\"\" srcset=\"https:\/\/kunst-portraits.at\/wp-content\/uploads\/2022\/03\/125-petra-modlhammer-02.jpg 680w, https:\/\/kunst-portraits.at\/wp-content\/uploads\/2022\/03\/125-petra-modlhammer-02-200x300.jpg 200w\" sizes=\"auto, (max-width: 680px) 100vw, 680px\" \/><\/a>\n\t\t\t<\/div><\/figure><figure class='gallery-item'>\n\t\t\t<div class='gallery-icon portrait'>\n\t\t\t\t<a data-elementor-open-lightbox=\"yes\" data-elementor-lightbox-slideshow=\"14c3a47a\" data-elementor-lightbox-title=\"Peter Herrmann\" e-action-hash=\"#elementor-action%3Aaction%3Dlightbox%26settings%3DeyJpZCI6Njc1LCJ1cmwiOiJodHRwczpcL1wva3Vuc3QtcG9ydHJhaXRzLmF0XC93cC1jb250ZW50XC91cGxvYWRzXC8yMDIyXC8wM1wvMTI0LXBldGVyLWhlcnJtYW5uLTAyLmpwZyIsInNsaWRlc2hvdyI6IjE0YzNhNDdhIn0%3D\" href='https:\/\/kunst-portraits.at\/wp-content\/uploads\/2022\/03\/124-peter-herrmann-02.jpg'><img loading=\"lazy\" decoding=\"async\" width=\"680\" height=\"1020\" src=\"https:\/\/kunst-portraits.at\/wp-content\/uploads\/2022\/03\/124-peter-herrmann-02.jpg\" class=\"attachment-large size-large\" alt=\"\" srcset=\"https:\/\/kunst-portraits.at\/wp-content\/uploads\/2022\/03\/124-peter-herrmann-02.jpg 680w, https:\/\/kunst-portraits.at\/wp-content\/uploads\/2022\/03\/124-peter-herrmann-02-200x300.jpg 200w\" sizes=\"auto, (max-width: 680px) 100vw, 680px\" \/><\/a>\n\t\t\t<\/div><\/figure><figure class='gallery-item'>\n\t\t\t<div class='gallery-icon portrait'>\n\t\t\t\t<a data-elementor-open-lightbox=\"yes\" data-elementor-lightbox-slideshow=\"14c3a47a\" data-elementor-lightbox-title=\"\u00d6zaydin Akbaba\" e-action-hash=\"#elementor-action%3Aaction%3Dlightbox%26settings%3DeyJpZCI6Njc0LCJ1cmwiOiJodHRwczpcL1wva3Vuc3QtcG9ydHJhaXRzLmF0XC93cC1jb250ZW50XC91cGxvYWRzXC8yMDIyXC8wM1wvMTIzLW96eS0wNi5qcGciLCJzbGlkZXNob3ciOiIxNGMzYTQ3YSJ9\" href='https:\/\/kunst-portraits.at\/wp-content\/uploads\/2022\/03\/123-ozy-06.jpg'><img loading=\"lazy\" decoding=\"async\" width=\"680\" height=\"1020\" src=\"https:\/\/kunst-portraits.at\/wp-content\/uploads\/2022\/03\/123-ozy-06.jpg\" class=\"attachment-large size-large\" alt=\"\" srcset=\"https:\/\/kunst-portraits.at\/wp-content\/uploads\/2022\/03\/123-ozy-06.jpg 680w, https:\/\/kunst-portraits.at\/wp-content\/uploads\/2022\/03\/123-ozy-06-200x300.jpg 200w\" sizes=\"auto, (max-width: 680px) 100vw, 680px\" \/><\/a>\n\t\t\t<\/div><\/figure><figure class='gallery-item'>\n\t\t\t<div class='gallery-icon portrait'>\n\t\t\t\t<a data-elementor-open-lightbox=\"yes\" data-elementor-lightbox-slideshow=\"14c3a47a\" data-elementor-lightbox-title=\"Irene Halenka\" e-action-hash=\"#elementor-action%3Aaction%3Dlightbox%26settings%3DeyJpZCI6NjcyLCJ1cmwiOiJodHRwczpcL1wva3Vuc3QtcG9ydHJhaXRzLmF0XC93cC1jb250ZW50XC91cGxvYWRzXC8yMDIyXC8wM1wvMTIxLWlyZW5lLWhhbGVua2EtMDMuanBnIiwic2xpZGVzaG93IjoiMTRjM2E0N2EifQ%3D%3D\" href='https:\/\/kunst-portraits.at\/wp-content\/uploads\/2022\/03\/121-irene-halenka-03.jpg'><img loading=\"lazy\" decoding=\"async\" width=\"680\" height=\"1020\" src=\"https:\/\/kunst-portraits.at\/wp-content\/uploads\/2022\/03\/121-irene-halenka-03.jpg\" class=\"attachment-large size-large\" alt=\"\" srcset=\"https:\/\/kunst-portraits.at\/wp-content\/uploads\/2022\/03\/121-irene-halenka-03.jpg 680w, https:\/\/kunst-portraits.at\/wp-content\/uploads\/2022\/03\/121-irene-halenka-03-200x300.jpg 200w\" sizes=\"auto, (max-width: 680px) 100vw, 680px\" \/><\/a>\n\t\t\t<\/div><\/figure><figure class='gallery-item'>\n\t\t\t<div class='gallery-icon portrait'>\n\t\t\t\t<a data-elementor-open-lightbox=\"yes\" data-elementor-lightbox-slideshow=\"14c3a47a\" data-elementor-lightbox-title=\"\u00d6zaydin Akbaba\" e-action-hash=\"#elementor-action%3Aaction%3Dlightbox%26settings%3DeyJpZCI6NjczLCJ1cmwiOiJodHRwczpcL1wva3Vuc3QtcG9ydHJhaXRzLmF0XC93cC1jb250ZW50XC91cGxvYWRzXC8yMDIyXC8wM1wvMTIyLW96eS0wMy5qcGciLCJzbGlkZXNob3ciOiIxNGMzYTQ3YSJ9\" href='https:\/\/kunst-portraits.at\/wp-content\/uploads\/2022\/03\/122-ozy-03.jpg'><img loading=\"lazy\" decoding=\"async\" width=\"680\" height=\"1020\" src=\"https:\/\/kunst-portraits.at\/wp-content\/uploads\/2022\/03\/122-ozy-03.jpg\" class=\"attachment-large size-large\" alt=\"\" srcset=\"https:\/\/kunst-portraits.at\/wp-content\/uploads\/2022\/03\/122-ozy-03.jpg 680w, https:\/\/kunst-portraits.at\/wp-content\/uploads\/2022\/03\/122-ozy-03-200x300.jpg 200w\" sizes=\"auto, (max-width: 680px) 100vw, 680px\" \/><\/a>\n\t\t\t<\/div><\/figure><figure class='gallery-item'>\n\t\t\t<div class='gallery-icon portrait'>\n\t\t\t\t<a data-elementor-open-lightbox=\"yes\" data-elementor-lightbox-slideshow=\"14c3a47a\" data-elementor-lightbox-title=\"Monika Zirngast\" e-action-hash=\"#elementor-action%3Aaction%3Dlightbox%26settings%3DeyJpZCI6NjcwLCJ1cmwiOiJodHRwczpcL1wva3Vuc3QtcG9ydHJhaXRzLmF0XC93cC1jb250ZW50XC91cGxvYWRzXC8yMDIyXC8wM1wvMTE5LW1vbmlrYS16aXJuZ2FzdC0wMy5qcGciLCJzbGlkZXNob3ciOiIxNGMzYTQ3YSJ9\" href='https:\/\/kunst-portraits.at\/wp-content\/uploads\/2022\/03\/119-monika-zirngast-03.jpg'><img loading=\"lazy\" decoding=\"async\" width=\"680\" height=\"1020\" src=\"https:\/\/kunst-portraits.at\/wp-content\/uploads\/2022\/03\/119-monika-zirngast-03.jpg\" class=\"attachment-large size-large\" alt=\"\" srcset=\"https:\/\/kunst-portraits.at\/wp-content\/uploads\/2022\/03\/119-monika-zirngast-03.jpg 680w, https:\/\/kunst-portraits.at\/wp-content\/uploads\/2022\/03\/119-monika-zirngast-03-200x300.jpg 200w\" sizes=\"auto, (max-width: 680px) 100vw, 680px\" \/><\/a>\n\t\t\t<\/div><\/figure><figure class='gallery-item'>\n\t\t\t<div class='gallery-icon portrait'>\n\t\t\t\t<a data-elementor-open-lightbox=\"yes\" data-elementor-lightbox-slideshow=\"14c3a47a\" data-elementor-lightbox-title=\"\u00d6zaydin Akbaba\" e-action-hash=\"#elementor-action%3Aaction%3Dlightbox%26settings%3DeyJpZCI6NjcxLCJ1cmwiOiJodHRwczpcL1wva3Vuc3QtcG9ydHJhaXRzLmF0XC93cC1jb250ZW50XC91cGxvYWRzXC8yMDIyXC8wM1wvMTIwLW96eS0wMi5qcGciLCJzbGlkZXNob3ciOiIxNGMzYTQ3YSJ9\" href='https:\/\/kunst-portraits.at\/wp-content\/uploads\/2022\/03\/120-ozy-02.jpg'><img loading=\"lazy\" decoding=\"async\" width=\"680\" height=\"1020\" src=\"https:\/\/kunst-portraits.at\/wp-content\/uploads\/2022\/03\/120-ozy-02.jpg\" class=\"attachment-large size-large\" alt=\"\" srcset=\"https:\/\/kunst-portraits.at\/wp-content\/uploads\/2022\/03\/120-ozy-02.jpg 680w, https:\/\/kunst-portraits.at\/wp-content\/uploads\/2022\/03\/120-ozy-02-200x300.jpg 200w\" sizes=\"auto, (max-width: 680px) 100vw, 680px\" \/><\/a>\n\t\t\t<\/div><\/figure><figure class='gallery-item'>\n\t\t\t<div class='gallery-icon portrait'>\n\t\t\t\t<a data-elementor-open-lightbox=\"yes\" data-elementor-lightbox-slideshow=\"14c3a47a\" data-elementor-lightbox-title=\"Geza Terner\" e-action-hash=\"#elementor-action%3Aaction%3Dlightbox%26settings%3DeyJpZCI6NjY2LCJ1cmwiOiJodHRwczpcL1wva3Vuc3QtcG9ydHJhaXRzLmF0XC93cC1jb250ZW50XC91cGxvYWRzXC8yMDIyXC8wM1wvMTE1LWdlemEtdGVybmVyLTAxLmpwZyIsInNsaWRlc2hvdyI6IjE0YzNhNDdhIn0%3D\" href='https:\/\/kunst-portraits.at\/wp-content\/uploads\/2022\/03\/115-geza-terner-01.jpg'><img loading=\"lazy\" decoding=\"async\" width=\"680\" height=\"1020\" src=\"https:\/\/kunst-portraits.at\/wp-content\/uploads\/2022\/03\/115-geza-terner-01.jpg\" class=\"attachment-large size-large\" alt=\"\" srcset=\"https:\/\/kunst-portraits.at\/wp-content\/uploads\/2022\/03\/115-geza-terner-01.jpg 680w, https:\/\/kunst-portraits.at\/wp-content\/uploads\/2022\/03\/115-geza-terner-01-200x300.jpg 200w\" sizes=\"auto, (max-width: 680px) 100vw, 680px\" \/><\/a>\n\t\t\t<\/div><\/figure><figure class='gallery-item'>\n\t\t\t<div class='gallery-icon portrait'>\n\t\t\t\t<a data-elementor-open-lightbox=\"yes\" data-elementor-lightbox-slideshow=\"14c3a47a\" data-elementor-lightbox-title=\"Petra M\u00f6dlhammer\" e-action-hash=\"#elementor-action%3Aaction%3Dlightbox%26settings%3DeyJpZCI6NjY1LCJ1cmwiOiJodHRwczpcL1wva3Vuc3QtcG9ydHJhaXRzLmF0XC93cC1jb250ZW50XC91cGxvYWRzXC8yMDIyXC8wM1wvMTE0LXBldHJhLW1vZGxoYW1tZXItMDEuanBnIiwic2xpZGVzaG93IjoiMTRjM2E0N2EifQ%3D%3D\" href='https:\/\/kunst-portraits.at\/wp-content\/uploads\/2022\/03\/114-petra-modlhammer-01.jpg'><img loading=\"lazy\" decoding=\"async\" width=\"680\" height=\"1020\" src=\"https:\/\/kunst-portraits.at\/wp-content\/uploads\/2022\/03\/114-petra-modlhammer-01.jpg\" class=\"attachment-large size-large\" alt=\"\" srcset=\"https:\/\/kunst-portraits.at\/wp-content\/uploads\/2022\/03\/114-petra-modlhammer-01.jpg 680w, https:\/\/kunst-portraits.at\/wp-content\/uploads\/2022\/03\/114-petra-modlhammer-01-200x300.jpg 200w\" sizes=\"auto, (max-width: 680px) 100vw, 680px\" \/><\/a>\n\t\t\t<\/div><\/figure><figure class='gallery-item'>\n\t\t\t<div class='gallery-icon portrait'>\n\t\t\t\t<a data-elementor-open-lightbox=\"yes\" data-elementor-lightbox-slideshow=\"14c3a47a\" data-elementor-lightbox-title=\"Martin Zauner\" e-action-hash=\"#elementor-action%3Aaction%3Dlightbox%26settings%3DeyJpZCI6NjY0LCJ1cmwiOiJodHRwczpcL1wva3Vuc3QtcG9ydHJhaXRzLmF0XC93cC1jb250ZW50XC91cGxvYWRzXC8yMDIyXC8wM1wvMTEzLW1hcnRpbi16YXVuZXItMDEuanBnIiwic2xpZGVzaG93IjoiMTRjM2E0N2EifQ%3D%3D\" href='https:\/\/kunst-portraits.at\/wp-content\/uploads\/2022\/03\/113-martin-zauner-01.jpg'><img loading=\"lazy\" decoding=\"async\" width=\"680\" height=\"1020\" src=\"https:\/\/kunst-portraits.at\/wp-content\/uploads\/2022\/03\/113-martin-zauner-01.jpg\" class=\"attachment-large size-large\" alt=\"\" srcset=\"https:\/\/kunst-portraits.at\/wp-content\/uploads\/2022\/03\/113-martin-zauner-01.jpg 680w, https:\/\/kunst-portraits.at\/wp-content\/uploads\/2022\/03\/113-martin-zauner-01-200x300.jpg 200w\" sizes=\"auto, (max-width: 680px) 100vw, 680px\" \/><\/a>\n\t\t\t<\/div><\/figure><figure class='gallery-item'>\n\t\t\t<div class='gallery-icon portrait'>\n\t\t\t\t<a data-elementor-open-lightbox=\"yes\" data-elementor-lightbox-slideshow=\"14c3a47a\" data-elementor-lightbox-title=\"Margot Ganser\" e-action-hash=\"#elementor-action%3Aaction%3Dlightbox%26settings%3DeyJpZCI6NjYyLCJ1cmwiOiJodHRwczpcL1wva3Vuc3QtcG9ydHJhaXRzLmF0XC93cC1jb250ZW50XC91cGxvYWRzXC8yMDIyXC8wM1wvMTExLW1hcmdvdC1nYW5zZXItMDIuanBnIiwic2xpZGVzaG93IjoiMTRjM2E0N2EifQ%3D%3D\" href='https:\/\/kunst-portraits.at\/wp-content\/uploads\/2022\/03\/111-margot-ganser-02.jpg'><img loading=\"lazy\" decoding=\"async\" width=\"680\" height=\"1020\" src=\"https:\/\/kunst-portraits.at\/wp-content\/uploads\/2022\/03\/111-margot-ganser-02.jpg\" class=\"attachment-large size-large\" alt=\"\" srcset=\"https:\/\/kunst-portraits.at\/wp-content\/uploads\/2022\/03\/111-margot-ganser-02.jpg 680w, https:\/\/kunst-portraits.at\/wp-content\/uploads\/2022\/03\/111-margot-ganser-02-200x300.jpg 200w\" sizes=\"auto, (max-width: 680px) 100vw, 680px\" \/><\/a>\n\t\t\t<\/div><\/figure><figure class='gallery-item'>\n\t\t\t<div class='gallery-icon portrait'>\n\t\t\t\t<a data-elementor-open-lightbox=\"yes\" data-elementor-lightbox-slideshow=\"14c3a47a\" data-elementor-lightbox-title=\"Linde Prelog\" e-action-hash=\"#elementor-action%3Aaction%3Dlightbox%26settings%3DeyJpZCI6NjYxLCJ1cmwiOiJodHRwczpcL1wva3Vuc3QtcG9ydHJhaXRzLmF0XC93cC1jb250ZW50XC91cGxvYWRzXC8yMDIyXC8wM1wvMTEwLWxpbmRlLXByZWxvZy0wMi5qcGciLCJzbGlkZXNob3ciOiIxNGMzYTQ3YSJ9\" href='https:\/\/kunst-portraits.at\/wp-content\/uploads\/2022\/03\/110-linde-prelog-02.jpg'><img loading=\"lazy\" decoding=\"async\" width=\"680\" height=\"1020\" src=\"https:\/\/kunst-portraits.at\/wp-content\/uploads\/2022\/03\/110-linde-prelog-02.jpg\" class=\"attachment-large size-large\" alt=\"\" srcset=\"https:\/\/kunst-portraits.at\/wp-content\/uploads\/2022\/03\/110-linde-prelog-02.jpg 680w, https:\/\/kunst-portraits.at\/wp-content\/uploads\/2022\/03\/110-linde-prelog-02-200x300.jpg 200w\" sizes=\"auto, (max-width: 680px) 100vw, 680px\" \/><\/a>\n\t\t\t<\/div><\/figure><figure class='gallery-item'>\n\t\t\t<div class='gallery-icon landscape'>\n\t\t\t\t<a data-elementor-open-lightbox=\"yes\" data-elementor-lightbox-slideshow=\"14c3a47a\" data-elementor-lightbox-title=\"Philipp Hansa\" e-action-hash=\"#elementor-action%3Aaction%3Dlightbox%26settings%3DeyJpZCI6NjYwLCJ1cmwiOiJodHRwczpcL1wva3Vuc3QtcG9ydHJhaXRzLmF0XC93cC1jb250ZW50XC91cGxvYWRzXC8yMDIyXC8wM1wvMTA5LXBoaWxpcHAtaGFuc2EtMDEuanBnIiwic2xpZGVzaG93IjoiMTRjM2E0N2EifQ%3D%3D\" href='https:\/\/kunst-portraits.at\/wp-content\/uploads\/2022\/03\/109-philipp-hansa-01.jpg'><img loading=\"lazy\" decoding=\"async\" width=\"1024\" height=\"683\" src=\"https:\/\/kunst-portraits.at\/wp-content\/uploads\/2022\/03\/109-philipp-hansa-01-1024x683.jpg\" class=\"attachment-large size-large\" alt=\"\" srcset=\"https:\/\/kunst-portraits.at\/wp-content\/uploads\/2022\/03\/109-philipp-hansa-01-1024x683.jpg 1024w, https:\/\/kunst-portraits.at\/wp-content\/uploads\/2022\/03\/109-philipp-hansa-01-300x200.jpg 300w, https:\/\/kunst-portraits.at\/wp-content\/uploads\/2022\/03\/109-philipp-hansa-01-768x512.jpg 768w, https:\/\/kunst-portraits.at\/wp-content\/uploads\/2022\/03\/109-philipp-hansa-01.jpg 1530w\" sizes=\"auto, (max-width: 1024px) 100vw, 1024px\" \/><\/a>\n\t\t\t<\/div><\/figure><figure class='gallery-item'>\n\t\t\t<div class='gallery-icon portrait'>\n\t\t\t\t<a data-elementor-open-lightbox=\"yes\" data-elementor-lightbox-slideshow=\"14c3a47a\" data-elementor-lightbox-title=\"Monika Zirngast\" e-action-hash=\"#elementor-action%3Aaction%3Dlightbox%26settings%3DeyJpZCI6NjU5LCJ1cmwiOiJodHRwczpcL1wva3Vuc3QtcG9ydHJhaXRzLmF0XC93cC1jb250ZW50XC91cGxvYWRzXC8yMDIyXC8wM1wvMTA4LW1vbmlrYS16aXJuZ2FzdC0wMi5qcGciLCJzbGlkZXNob3ciOiIxNGMzYTQ3YSJ9\" href='https:\/\/kunst-portraits.at\/wp-content\/uploads\/2022\/03\/108-monika-zirngast-02.jpg'><img loading=\"lazy\" decoding=\"async\" width=\"680\" height=\"1020\" src=\"https:\/\/kunst-portraits.at\/wp-content\/uploads\/2022\/03\/108-monika-zirngast-02.jpg\" class=\"attachment-large size-large\" alt=\"\" srcset=\"https:\/\/kunst-portraits.at\/wp-content\/uploads\/2022\/03\/108-monika-zirngast-02.jpg 680w, https:\/\/kunst-portraits.at\/wp-content\/uploads\/2022\/03\/108-monika-zirngast-02-200x300.jpg 200w\" sizes=\"auto, (max-width: 680px) 100vw, 680px\" \/><\/a>\n\t\t\t<\/div><\/figure><figure class='gallery-item'>\n\t\t\t<div class='gallery-icon portrait'>\n\t\t\t\t<a data-elementor-open-lightbox=\"yes\" data-elementor-lightbox-slideshow=\"14c3a47a\" data-elementor-lightbox-title=\"Bianca Hanzel\" e-action-hash=\"#elementor-action%3Aaction%3Dlightbox%26settings%3DeyJpZCI6NjU4LCJ1cmwiOiJodHRwczpcL1wva3Vuc3QtcG9ydHJhaXRzLmF0XC93cC1jb250ZW50XC91cGxvYWRzXC8yMDIyXC8wM1wvMTA3LWJpYW5jYS1oYW56ZWwtMDEuanBnIiwic2xpZGVzaG93IjoiMTRjM2E0N2EifQ%3D%3D\" href='https:\/\/kunst-portraits.at\/wp-content\/uploads\/2022\/03\/107-bianca-hanzel-01.jpg'><img loading=\"lazy\" decoding=\"async\" width=\"680\" height=\"1020\" src=\"https:\/\/kunst-portraits.at\/wp-content\/uploads\/2022\/03\/107-bianca-hanzel-01.jpg\" class=\"attachment-large size-large\" alt=\"\" srcset=\"https:\/\/kunst-portraits.at\/wp-content\/uploads\/2022\/03\/107-bianca-hanzel-01.jpg 680w, https:\/\/kunst-portraits.at\/wp-content\/uploads\/2022\/03\/107-bianca-hanzel-01-200x300.jpg 200w\" sizes=\"auto, (max-width: 680px) 100vw, 680px\" \/><\/a>\n\t\t\t<\/div><\/figure><figure class='gallery-item'>\n\t\t\t<div class='gallery-icon portrait'>\n\t\t\t\t<a data-elementor-open-lightbox=\"yes\" data-elementor-lightbox-slideshow=\"14c3a47a\" data-elementor-lightbox-title=\"Linde Prelog\" e-action-hash=\"#elementor-action%3Aaction%3Dlightbox%26settings%3DeyJpZCI6NjU3LCJ1cmwiOiJodHRwczpcL1wva3Vuc3QtcG9ydHJhaXRzLmF0XC93cC1jb250ZW50XC91cGxvYWRzXC8yMDIyXC8wM1wvMTA2LWxpbmRlLXByZWxvZy0wMS5qcGciLCJzbGlkZXNob3ciOiIxNGMzYTQ3YSJ9\" href='https:\/\/kunst-portraits.at\/wp-content\/uploads\/2022\/03\/106-linde-prelog-01.jpg'><img loading=\"lazy\" decoding=\"async\" width=\"680\" height=\"1020\" src=\"https:\/\/kunst-portraits.at\/wp-content\/uploads\/2022\/03\/106-linde-prelog-01.jpg\" class=\"attachment-large size-large\" alt=\"\" srcset=\"https:\/\/kunst-portraits.at\/wp-content\/uploads\/2022\/03\/106-linde-prelog-01.jpg 680w, https:\/\/kunst-portraits.at\/wp-content\/uploads\/2022\/03\/106-linde-prelog-01-200x300.jpg 200w\" sizes=\"auto, (max-width: 680px) 100vw, 680px\" \/><\/a>\n\t\t\t<\/div><\/figure><figure class='gallery-item'>\n\t\t\t<div class='gallery-icon portrait'>\n\t\t\t\t<a data-elementor-open-lightbox=\"yes\" data-elementor-lightbox-slideshow=\"14c3a47a\" data-elementor-lightbox-title=\"Kristina Sprenger\" e-action-hash=\"#elementor-action%3Aaction%3Dlightbox%26settings%3DeyJpZCI6NjU2LCJ1cmwiOiJodHRwczpcL1wva3Vuc3QtcG9ydHJhaXRzLmF0XC93cC1jb250ZW50XC91cGxvYWRzXC8yMDIyXC8wM1wvMTA1LWtyaXN0aW5hLXNwcmVuZ2VyLTA1LmpwZyIsInNsaWRlc2hvdyI6IjE0YzNhNDdhIn0%3D\" href='https:\/\/kunst-portraits.at\/wp-content\/uploads\/2022\/03\/105-kristina-sprenger-05.jpg'><img loading=\"lazy\" decoding=\"async\" width=\"680\" height=\"1020\" src=\"https:\/\/kunst-portraits.at\/wp-content\/uploads\/2022\/03\/105-kristina-sprenger-05.jpg\" class=\"attachment-large size-large\" alt=\"\" srcset=\"https:\/\/kunst-portraits.at\/wp-content\/uploads\/2022\/03\/105-kristina-sprenger-05.jpg 680w, https:\/\/kunst-portraits.at\/wp-content\/uploads\/2022\/03\/105-kristina-sprenger-05-200x300.jpg 200w\" sizes=\"auto, (max-width: 680px) 100vw, 680px\" \/><\/a>\n\t\t\t<\/div><\/figure><figure class='gallery-item'>\n\t\t\t<div class='gallery-icon portrait'>\n\t\t\t\t<a data-elementor-open-lightbox=\"yes\" data-elementor-lightbox-slideshow=\"14c3a47a\" data-elementor-lightbox-title=\"Robert Kolar\" e-action-hash=\"#elementor-action%3Aaction%3Dlightbox%26settings%3DeyJpZCI6NjU1LCJ1cmwiOiJodHRwczpcL1wva3Vuc3QtcG9ydHJhaXRzLmF0XC93cC1jb250ZW50XC91cGxvYWRzXC8yMDIyXC8wM1wvMTA0LXJvYmVydC1rb2xhci0wMi5qcGciLCJzbGlkZXNob3ciOiIxNGMzYTQ3YSJ9\" href='https:\/\/kunst-portraits.at\/wp-content\/uploads\/2022\/03\/104-robert-kolar-02.jpg'><img loading=\"lazy\" decoding=\"async\" width=\"680\" height=\"1020\" src=\"https:\/\/kunst-portraits.at\/wp-content\/uploads\/2022\/03\/104-robert-kolar-02.jpg\" class=\"attachment-large size-large\" alt=\"\" srcset=\"https:\/\/kunst-portraits.at\/wp-content\/uploads\/2022\/03\/104-robert-kolar-02.jpg 680w, https:\/\/kunst-portraits.at\/wp-content\/uploads\/2022\/03\/104-robert-kolar-02-200x300.jpg 200w\" sizes=\"auto, (max-width: 680px) 100vw, 680px\" \/><\/a>\n\t\t\t<\/div><\/figure><figure class='gallery-item'>\n\t\t\t<div class='gallery-icon portrait'>\n\t\t\t\t<a data-elementor-open-lightbox=\"yes\" data-elementor-lightbox-slideshow=\"14c3a47a\" data-elementor-lightbox-title=\"Kristina Sprenger\" e-action-hash=\"#elementor-action%3Aaction%3Dlightbox%26settings%3DeyJpZCI6NjU0LCJ1cmwiOiJodHRwczpcL1wva3Vuc3QtcG9ydHJhaXRzLmF0XC93cC1jb250ZW50XC91cGxvYWRzXC8yMDIyXC8wM1wvMTAzLWtyaXN0aW5hLXNwcmVuZ2VyLTA0LmpwZyIsInNsaWRlc2hvdyI6IjE0YzNhNDdhIn0%3D\" href='https:\/\/kunst-portraits.at\/wp-content\/uploads\/2022\/03\/103-kristina-sprenger-04.jpg'><img loading=\"lazy\" decoding=\"async\" width=\"680\" height=\"1020\" src=\"https:\/\/kunst-portraits.at\/wp-content\/uploads\/2022\/03\/103-kristina-sprenger-04.jpg\" class=\"attachment-large size-large\" alt=\"\" srcset=\"https:\/\/kunst-portraits.at\/wp-content\/uploads\/2022\/03\/103-kristina-sprenger-04.jpg 680w, https:\/\/kunst-portraits.at\/wp-content\/uploads\/2022\/03\/103-kristina-sprenger-04-200x300.jpg 200w\" sizes=\"auto, (max-width: 680px) 100vw, 680px\" \/><\/a>\n\t\t\t<\/div><\/figure><figure class='gallery-item'>\n\t\t\t<div class='gallery-icon portrait'>\n\t\t\t\t<a data-elementor-open-lightbox=\"yes\" data-elementor-lightbox-slideshow=\"14c3a47a\" data-elementor-lightbox-title=\"Karl K\u00fcnstler\" e-action-hash=\"#elementor-action%3Aaction%3Dlightbox%26settings%3DeyJpZCI6NjUyLCJ1cmwiOiJodHRwczpcL1wva3Vuc3QtcG9ydHJhaXRzLmF0XC93cC1jb250ZW50XC91cGxvYWRzXC8yMDIyXC8wM1wvMTAxLWthcmwta3Vuc3RsZXItMDIuanBnIiwic2xpZGVzaG93IjoiMTRjM2E0N2EifQ%3D%3D\" href='https:\/\/kunst-portraits.at\/wp-content\/uploads\/2022\/03\/101-karl-kunstler-02.jpg'><img loading=\"lazy\" decoding=\"async\" width=\"680\" height=\"1020\" src=\"https:\/\/kunst-portraits.at\/wp-content\/uploads\/2022\/03\/101-karl-kunstler-02.jpg\" class=\"attachment-large size-large\" alt=\"\" srcset=\"https:\/\/kunst-portraits.at\/wp-content\/uploads\/2022\/03\/101-karl-kunstler-02.jpg 680w, https:\/\/kunst-portraits.at\/wp-content\/uploads\/2022\/03\/101-karl-kunstler-02-200x300.jpg 200w\" sizes=\"auto, (max-width: 680px) 100vw, 680px\" \/><\/a>\n\t\t\t<\/div><\/figure><figure class='gallery-item'>\n\t\t\t<div class='gallery-icon portrait'>\n\t\t\t\t<a data-elementor-open-lightbox=\"yes\" data-elementor-lightbox-slideshow=\"14c3a47a\" data-elementor-lightbox-title=\"Judith Rumpf\" e-action-hash=\"#elementor-action%3Aaction%3Dlightbox%26settings%3DeyJpZCI6NjUxLCJ1cmwiOiJodHRwczpcL1wva3Vuc3QtcG9ydHJhaXRzLmF0XC93cC1jb250ZW50XC91cGxvYWRzXC8yMDIyXC8wM1wvMTAwLWp1ZGl0aC1ydW1wZi0wNS5qcGciLCJzbGlkZXNob3ciOiIxNGMzYTQ3YSJ9\" href='https:\/\/kunst-portraits.at\/wp-content\/uploads\/2022\/03\/100-judith-rumpf-05.jpg'><img loading=\"lazy\" decoding=\"async\" width=\"680\" height=\"1020\" src=\"https:\/\/kunst-portraits.at\/wp-content\/uploads\/2022\/03\/100-judith-rumpf-05.jpg\" class=\"attachment-large size-large\" alt=\"\" srcset=\"https:\/\/kunst-portraits.at\/wp-content\/uploads\/2022\/03\/100-judith-rumpf-05.jpg 680w, https:\/\/kunst-portraits.at\/wp-content\/uploads\/2022\/03\/100-judith-rumpf-05-200x300.jpg 200w\" sizes=\"auto, (max-width: 680px) 100vw, 680px\" \/><\/a>\n\t\t\t<\/div><\/figure><figure class='gallery-item'>\n\t\t\t<div class='gallery-icon landscape'>\n\t\t\t\t<a data-elementor-open-lightbox=\"yes\" data-elementor-lightbox-slideshow=\"14c3a47a\" data-elementor-lightbox-title=\"Rachelle Nkou\" e-action-hash=\"#elementor-action%3Aaction%3Dlightbox%26settings%3DeyJpZCI6NjUwLCJ1cmwiOiJodHRwczpcL1wva3Vuc3QtcG9ydHJhaXRzLmF0XC93cC1jb250ZW50XC91cGxvYWRzXC8yMDIyXC8wM1wvMDk5LXJhY2hlbGxlLW5rb3UtMDIuanBnIiwic2xpZGVzaG93IjoiMTRjM2E0N2EifQ%3D%3D\" href='https:\/\/kunst-portraits.at\/wp-content\/uploads\/2022\/03\/099-rachelle-nkou-02.jpg'><img loading=\"lazy\" decoding=\"async\" width=\"1024\" height=\"683\" src=\"https:\/\/kunst-portraits.at\/wp-content\/uploads\/2022\/03\/099-rachelle-nkou-02-1024x683.jpg\" class=\"attachment-large size-large\" alt=\"\" srcset=\"https:\/\/kunst-portraits.at\/wp-content\/uploads\/2022\/03\/099-rachelle-nkou-02-1024x683.jpg 1024w, https:\/\/kunst-portraits.at\/wp-content\/uploads\/2022\/03\/099-rachelle-nkou-02-300x200.jpg 300w, https:\/\/kunst-portraits.at\/wp-content\/uploads\/2022\/03\/099-rachelle-nkou-02-768x512.jpg 768w, https:\/\/kunst-portraits.at\/wp-content\/uploads\/2022\/03\/099-rachelle-nkou-02.jpg 1530w\" sizes=\"auto, (max-width: 1024px) 100vw, 1024px\" \/><\/a>\n\t\t\t<\/div><\/figure><figure class='gallery-item'>\n\t\t\t<div class='gallery-icon portrait'>\n\t\t\t\t<a data-elementor-open-lightbox=\"yes\" data-elementor-lightbox-slideshow=\"14c3a47a\" data-elementor-lightbox-title=\"Anna Sophie Krenn\" e-action-hash=\"#elementor-action%3Aaction%3Dlightbox%26settings%3DeyJpZCI6NjQ5LCJ1cmwiOiJodHRwczpcL1wva3Vuc3QtcG9ydHJhaXRzLmF0XC93cC1jb250ZW50XC91cGxvYWRzXC8yMDIyXC8wM1wvMDk4LWFubmEtc29waGllLWtyZW5uLTAzLmpwZyIsInNsaWRlc2hvdyI6IjE0YzNhNDdhIn0%3D\" href='https:\/\/kunst-portraits.at\/wp-content\/uploads\/2022\/03\/098-anna-sophie-krenn-03.jpg'><img loading=\"lazy\" decoding=\"async\" width=\"680\" height=\"1020\" src=\"https:\/\/kunst-portraits.at\/wp-content\/uploads\/2022\/03\/098-anna-sophie-krenn-03.jpg\" class=\"attachment-large size-large\" alt=\"\" srcset=\"https:\/\/kunst-portraits.at\/wp-content\/uploads\/2022\/03\/098-anna-sophie-krenn-03.jpg 680w, https:\/\/kunst-portraits.at\/wp-content\/uploads\/2022\/03\/098-anna-sophie-krenn-03-200x300.jpg 200w\" sizes=\"auto, (max-width: 680px) 100vw, 680px\" \/><\/a>\n\t\t\t<\/div><\/figure><figure class='gallery-item'>\n\t\t\t<div class='gallery-icon portrait'>\n\t\t\t\t<a data-elementor-open-lightbox=\"yes\" data-elementor-lightbox-slideshow=\"14c3a47a\" data-elementor-lightbox-title=\"Judith Rumpf\" e-action-hash=\"#elementor-action%3Aaction%3Dlightbox%26settings%3DeyJpZCI6NjQ4LCJ1cmwiOiJodHRwczpcL1wva3Vuc3QtcG9ydHJhaXRzLmF0XC93cC1jb250ZW50XC91cGxvYWRzXC8yMDIyXC8wM1wvMDk3LWp1ZGl0aC1ydW1wZi0wMS5qcGciLCJzbGlkZXNob3ciOiIxNGMzYTQ3YSJ9\" href='https:\/\/kunst-portraits.at\/wp-content\/uploads\/2022\/03\/097-judith-rumpf-01.jpg'><img loading=\"lazy\" decoding=\"async\" width=\"721\" height=\"1020\" src=\"https:\/\/kunst-portraits.at\/wp-content\/uploads\/2022\/03\/097-judith-rumpf-01.jpg\" class=\"attachment-large size-large\" alt=\"\" srcset=\"https:\/\/kunst-portraits.at\/wp-content\/uploads\/2022\/03\/097-judith-rumpf-01.jpg 721w, https:\/\/kunst-portraits.at\/wp-content\/uploads\/2022\/03\/097-judith-rumpf-01-212x300.jpg 212w\" sizes=\"auto, (max-width: 721px) 100vw, 721px\" \/><\/a>\n\t\t\t<\/div><\/figure><figure class='gallery-item'>\n\t\t\t<div class='gallery-icon portrait'>\n\t\t\t\t<a data-elementor-open-lightbox=\"yes\" data-elementor-lightbox-slideshow=\"14c3a47a\" data-elementor-lightbox-title=\"Irene Halenka\" e-action-hash=\"#elementor-action%3Aaction%3Dlightbox%26settings%3DeyJpZCI6NjQ3LCJ1cmwiOiJodHRwczpcL1wva3Vuc3QtcG9ydHJhaXRzLmF0XC93cC1jb250ZW50XC91cGxvYWRzXC8yMDIyXC8wM1wvMDk2LWlyZW5lLWhhbGVua2EtMDQuanBnIiwic2xpZGVzaG93IjoiMTRjM2E0N2EifQ%3D%3D\" href='https:\/\/kunst-portraits.at\/wp-content\/uploads\/2022\/03\/096-irene-halenka-04.jpg'><img loading=\"lazy\" decoding=\"async\" width=\"680\" height=\"1020\" src=\"https:\/\/kunst-portraits.at\/wp-content\/uploads\/2022\/03\/096-irene-halenka-04.jpg\" class=\"attachment-large size-large\" alt=\"\" srcset=\"https:\/\/kunst-portraits.at\/wp-content\/uploads\/2022\/03\/096-irene-halenka-04.jpg 680w, https:\/\/kunst-portraits.at\/wp-content\/uploads\/2022\/03\/096-irene-halenka-04-200x300.jpg 200w\" sizes=\"auto, (max-width: 680px) 100vw, 680px\" \/><\/a>\n\t\t\t<\/div><\/figure><figure class='gallery-item'>\n\t\t\t<div class='gallery-icon portrait'>\n\t\t\t\t<a data-elementor-open-lightbox=\"yes\" data-elementor-lightbox-slideshow=\"14c3a47a\" data-elementor-lightbox-title=\"Margot Ganser\" e-action-hash=\"#elementor-action%3Aaction%3Dlightbox%26settings%3DeyJpZCI6NjQ2LCJ1cmwiOiJodHRwczpcL1wva3Vuc3QtcG9ydHJhaXRzLmF0XC93cC1jb250ZW50XC91cGxvYWRzXC8yMDIyXC8wM1wvMDk1LW1hcmdvdC1nYW5zZXItMDMuanBnIiwic2xpZGVzaG93IjoiMTRjM2E0N2EifQ%3D%3D\" href='https:\/\/kunst-portraits.at\/wp-content\/uploads\/2022\/03\/095-margot-ganser-03.jpg'><img loading=\"lazy\" decoding=\"async\" width=\"680\" height=\"1020\" src=\"https:\/\/kunst-portraits.at\/wp-content\/uploads\/2022\/03\/095-margot-ganser-03.jpg\" class=\"attachment-large size-large\" alt=\"\" srcset=\"https:\/\/kunst-portraits.at\/wp-content\/uploads\/2022\/03\/095-margot-ganser-03.jpg 680w, https:\/\/kunst-portraits.at\/wp-content\/uploads\/2022\/03\/095-margot-ganser-03-200x300.jpg 200w\" sizes=\"auto, (max-width: 680px) 100vw, 680px\" \/><\/a>\n\t\t\t<\/div><\/figure><figure class='gallery-item'>\n\t\t\t<div class='gallery-icon portrait'>\n\t\t\t\t<a data-elementor-open-lightbox=\"yes\" data-elementor-lightbox-slideshow=\"14c3a47a\" data-elementor-lightbox-title=\"Adriana Zartl\" e-action-hash=\"#elementor-action%3Aaction%3Dlightbox%26settings%3DeyJpZCI6NjQ0LCJ1cmwiOiJodHRwczpcL1wva3Vuc3QtcG9ydHJhaXRzLmF0XC93cC1jb250ZW50XC91cGxvYWRzXC8yMDIyXC8wM1wvMDkzLWFkcmlhbmEtemFydGwtMDEuanBnIiwic2xpZGVzaG93IjoiMTRjM2E0N2EifQ%3D%3D\" href='https:\/\/kunst-portraits.at\/wp-content\/uploads\/2022\/03\/093-adriana-zartl-01.jpg'><img loading=\"lazy\" decoding=\"async\" width=\"683\" height=\"1024\" src=\"https:\/\/kunst-portraits.at\/wp-content\/uploads\/2022\/03\/093-adriana-zartl-01-683x1024.jpg\" class=\"attachment-large size-large\" alt=\"\" srcset=\"https:\/\/kunst-portraits.at\/wp-content\/uploads\/2022\/03\/093-adriana-zartl-01-683x1024.jpg 683w, https:\/\/kunst-portraits.at\/wp-content\/uploads\/2022\/03\/093-adriana-zartl-01-200x300.jpg 200w, https:\/\/kunst-portraits.at\/wp-content\/uploads\/2022\/03\/093-adriana-zartl-01.jpg 717w\" sizes=\"auto, (max-width: 683px) 100vw, 683px\" \/><\/a>\n\t\t\t<\/div><\/figure><figure class='gallery-item'>\n\t\t\t<div class='gallery-icon portrait'>\n\t\t\t\t<a data-elementor-open-lightbox=\"yes\" data-elementor-lightbox-slideshow=\"14c3a47a\" data-elementor-lightbox-title=\"Wilhelm Iben\" e-action-hash=\"#elementor-action%3Aaction%3Dlightbox%26settings%3DeyJpZCI6NjQzLCJ1cmwiOiJodHRwczpcL1wva3Vuc3QtcG9ydHJhaXRzLmF0XC93cC1jb250ZW50XC91cGxvYWRzXC8yMDIyXC8wM1wvMDkyLXdpbGhlbG0taWJlbi0wMy5qcGciLCJzbGlkZXNob3ciOiIxNGMzYTQ3YSJ9\" href='https:\/\/kunst-portraits.at\/wp-content\/uploads\/2022\/03\/092-wilhelm-iben-03.jpg'><img loading=\"lazy\" decoding=\"async\" width=\"680\" height=\"1020\" src=\"https:\/\/kunst-portraits.at\/wp-content\/uploads\/2022\/03\/092-wilhelm-iben-03.jpg\" class=\"attachment-large size-large\" alt=\"\" srcset=\"https:\/\/kunst-portraits.at\/wp-content\/uploads\/2022\/03\/092-wilhelm-iben-03.jpg 680w, https:\/\/kunst-portraits.at\/wp-content\/uploads\/2022\/03\/092-wilhelm-iben-03-200x300.jpg 200w\" sizes=\"auto, (max-width: 680px) 100vw, 680px\" \/><\/a>\n\t\t\t<\/div><\/figure><figure class='gallery-item'>\n\t\t\t<div class='gallery-icon portrait'>\n\t\t\t\t<a data-elementor-open-lightbox=\"yes\" data-elementor-lightbox-slideshow=\"14c3a47a\" data-elementor-lightbox-title=\"Irene Halenka\" e-action-hash=\"#elementor-action%3Aaction%3Dlightbox%26settings%3DeyJpZCI6NjQyLCJ1cmwiOiJodHRwczpcL1wva3Vuc3QtcG9ydHJhaXRzLmF0XC93cC1jb250ZW50XC91cGxvYWRzXC8yMDIyXC8wM1wvMDkxLWlyZW5lLWhhbGVua2EtMDIuanBnIiwic2xpZGVzaG93IjoiMTRjM2E0N2EifQ%3D%3D\" href='https:\/\/kunst-portraits.at\/wp-content\/uploads\/2022\/03\/091-irene-halenka-02.jpg'><img loading=\"lazy\" decoding=\"async\" width=\"680\" height=\"1020\" src=\"https:\/\/kunst-portraits.at\/wp-content\/uploads\/2022\/03\/091-irene-halenka-02.jpg\" class=\"attachment-large size-large\" alt=\"\" srcset=\"https:\/\/kunst-portraits.at\/wp-content\/uploads\/2022\/03\/091-irene-halenka-02.jpg 680w, https:\/\/kunst-portraits.at\/wp-content\/uploads\/2022\/03\/091-irene-halenka-02-200x300.jpg 200w\" sizes=\"auto, (max-width: 680px) 100vw, 680px\" \/><\/a>\n\t\t\t<\/div><\/figure><figure class='gallery-item'>\n\t\t\t<div class='gallery-icon portrait'>\n\t\t\t\t<a data-elementor-open-lightbox=\"yes\" data-elementor-lightbox-slideshow=\"14c3a47a\" data-elementor-lightbox-title=\"Kristina Sprenger\" e-action-hash=\"#elementor-action%3Aaction%3Dlightbox%26settings%3DeyJpZCI6NjQxLCJ1cmwiOiJodHRwczpcL1wva3Vuc3QtcG9ydHJhaXRzLmF0XC93cC1jb250ZW50XC91cGxvYWRzXC8yMDIyXC8wM1wvMDkwLWtyaXN0aW5hLXNwcmVuZ2VyLTAzLmpwZyIsInNsaWRlc2hvdyI6IjE0YzNhNDdhIn0%3D\" href='https:\/\/kunst-portraits.at\/wp-content\/uploads\/2022\/03\/090-kristina-sprenger-03.jpg'><img loading=\"lazy\" decoding=\"async\" width=\"680\" height=\"1020\" src=\"https:\/\/kunst-portraits.at\/wp-content\/uploads\/2022\/03\/090-kristina-sprenger-03.jpg\" class=\"attachment-large size-large\" alt=\"\" srcset=\"https:\/\/kunst-portraits.at\/wp-content\/uploads\/2022\/03\/090-kristina-sprenger-03.jpg 680w, https:\/\/kunst-portraits.at\/wp-content\/uploads\/2022\/03\/090-kristina-sprenger-03-200x300.jpg 200w\" sizes=\"auto, (max-width: 680px) 100vw, 680px\" \/><\/a>\n\t\t\t<\/div><\/figure><figure class='gallery-item'>\n\t\t\t<div class='gallery-icon portrait'>\n\t\t\t\t<a data-elementor-open-lightbox=\"yes\" data-elementor-lightbox-slideshow=\"14c3a47a\" data-elementor-lightbox-title=\"Margot Ganser\" e-action-hash=\"#elementor-action%3Aaction%3Dlightbox%26settings%3DeyJpZCI6NjQwLCJ1cmwiOiJodHRwczpcL1wva3Vuc3QtcG9ydHJhaXRzLmF0XC93cC1jb250ZW50XC91cGxvYWRzXC8yMDIyXC8wM1wvMDg5LW1hcmdvdC1nYW5zZXItMDEuanBnIiwic2xpZGVzaG93IjoiMTRjM2E0N2EifQ%3D%3D\" href='https:\/\/kunst-portraits.at\/wp-content\/uploads\/2022\/03\/089-margot-ganser-01.jpg'><img loading=\"lazy\" decoding=\"async\" width=\"680\" height=\"1020\" src=\"https:\/\/kunst-portraits.at\/wp-content\/uploads\/2022\/03\/089-margot-ganser-01.jpg\" class=\"attachment-large size-large\" alt=\"\" srcset=\"https:\/\/kunst-portraits.at\/wp-content\/uploads\/2022\/03\/089-margot-ganser-01.jpg 680w, https:\/\/kunst-portraits.at\/wp-content\/uploads\/2022\/03\/089-margot-ganser-01-200x300.jpg 200w\" sizes=\"auto, (max-width: 680px) 100vw, 680px\" \/><\/a>\n\t\t\t<\/div><\/figure><figure class='gallery-item'>\n\t\t\t<div class='gallery-icon portrait'>\n\t\t\t\t<a data-elementor-open-lightbox=\"yes\" data-elementor-lightbox-slideshow=\"14c3a47a\" data-elementor-lightbox-title=\"Irene Halenka\" e-action-hash=\"#elementor-action%3Aaction%3Dlightbox%26settings%3DeyJpZCI6NjM5LCJ1cmwiOiJodHRwczpcL1wva3Vuc3QtcG9ydHJhaXRzLmF0XC93cC1jb250ZW50XC91cGxvYWRzXC8yMDIyXC8wM1wvMDg4LWlyZW5lLWhhbGVua2EtMDEuanBnIiwic2xpZGVzaG93IjoiMTRjM2E0N2EifQ%3D%3D\" href='https:\/\/kunst-portraits.at\/wp-content\/uploads\/2022\/03\/088-irene-halenka-01.jpg'><img loading=\"lazy\" decoding=\"async\" width=\"680\" height=\"1020\" src=\"https:\/\/kunst-portraits.at\/wp-content\/uploads\/2022\/03\/088-irene-halenka-01.jpg\" class=\"attachment-large size-large\" alt=\"\" srcset=\"https:\/\/kunst-portraits.at\/wp-content\/uploads\/2022\/03\/088-irene-halenka-01.jpg 680w, https:\/\/kunst-portraits.at\/wp-content\/uploads\/2022\/03\/088-irene-halenka-01-200x300.jpg 200w\" sizes=\"auto, (max-width: 680px) 100vw, 680px\" \/><\/a>\n\t\t\t<\/div><\/figure><figure class='gallery-item'>\n\t\t\t<div class='gallery-icon portrait'>\n\t\t\t\t<a data-elementor-open-lightbox=\"yes\" data-elementor-lightbox-slideshow=\"14c3a47a\" data-elementor-lightbox-title=\"Andrea Frohn\" e-action-hash=\"#elementor-action%3Aaction%3Dlightbox%26settings%3DeyJpZCI6NjM4LCJ1cmwiOiJodHRwczpcL1wva3Vuc3QtcG9ydHJhaXRzLmF0XC93cC1jb250ZW50XC91cGxvYWRzXC8yMDIyXC8wM1wvMDg3LWltZ18wNTU2cHMtc2NhbGVkLmpwZyIsInNsaWRlc2hvdyI6IjE0YzNhNDdhIn0%3D\" href='https:\/\/kunst-portraits.at\/wp-content\/uploads\/2022\/03\/087-img_0556ps-scaled.jpg'><img loading=\"lazy\" decoding=\"async\" width=\"683\" height=\"1024\" src=\"https:\/\/kunst-portraits.at\/wp-content\/uploads\/2022\/03\/087-img_0556ps-683x1024.jpg\" class=\"attachment-large size-large\" alt=\"\" srcset=\"https:\/\/kunst-portraits.at\/wp-content\/uploads\/2022\/03\/087-img_0556ps-683x1024.jpg 683w, https:\/\/kunst-portraits.at\/wp-content\/uploads\/2022\/03\/087-img_0556ps-200x300.jpg 200w, https:\/\/kunst-portraits.at\/wp-content\/uploads\/2022\/03\/087-img_0556ps-768x1152.jpg 768w, https:\/\/kunst-portraits.at\/wp-content\/uploads\/2022\/03\/087-img_0556ps-1024x1536.jpg 1024w, https:\/\/kunst-portraits.at\/wp-content\/uploads\/2022\/03\/087-img_0556ps-1365x2048.jpg 1365w, https:\/\/kunst-portraits.at\/wp-content\/uploads\/2022\/03\/087-img_0556ps-scaled.jpg 1707w\" sizes=\"auto, (max-width: 683px) 100vw, 683px\" \/><\/a>\n\t\t\t<\/div><\/figure><figure class='gallery-item'>\n\t\t\t<div class='gallery-icon portrait'>\n\t\t\t\t<a data-elementor-open-lightbox=\"yes\" data-elementor-lightbox-slideshow=\"14c3a47a\" data-elementor-lightbox-title=\"Heidelinde Pfaffenbichler\" e-action-hash=\"#elementor-action%3Aaction%3Dlightbox%26settings%3DeyJpZCI6NjM3LCJ1cmwiOiJodHRwczpcL1wva3Vuc3QtcG9ydHJhaXRzLmF0XC93cC1jb250ZW50XC91cGxvYWRzXC8yMDIyXC8wM1wvMDg2LWhlaWRlbGluZGUtcGZhZmZlbmJpY2hsZXItMDIuanBnIiwic2xpZGVzaG93IjoiMTRjM2E0N2EifQ%3D%3D\" href='https:\/\/kunst-portraits.at\/wp-content\/uploads\/2022\/03\/086-heidelinde-pfaffenbichler-02.jpg'><img loading=\"lazy\" decoding=\"async\" width=\"680\" height=\"1020\" src=\"https:\/\/kunst-portraits.at\/wp-content\/uploads\/2022\/03\/086-heidelinde-pfaffenbichler-02.jpg\" class=\"attachment-large size-large\" alt=\"\" srcset=\"https:\/\/kunst-portraits.at\/wp-content\/uploads\/2022\/03\/086-heidelinde-pfaffenbichler-02.jpg 680w, https:\/\/kunst-portraits.at\/wp-content\/uploads\/2022\/03\/086-heidelinde-pfaffenbichler-02-200x300.jpg 200w\" sizes=\"auto, (max-width: 680px) 100vw, 680px\" \/><\/a>\n\t\t\t<\/div><\/figure><figure class='gallery-item'>\n\t\t\t<div class='gallery-icon portrait'>\n\t\t\t\t<a data-elementor-open-lightbox=\"yes\" data-elementor-lightbox-slideshow=\"14c3a47a\" data-elementor-lightbox-title=\"Gunkl\" e-action-hash=\"#elementor-action%3Aaction%3Dlightbox%26settings%3DeyJpZCI6NjM1LCJ1cmwiOiJodHRwczpcL1wva3Vuc3QtcG9ydHJhaXRzLmF0XC93cC1jb250ZW50XC91cGxvYWRzXC8yMDIyXC8wM1wvMDg0LWd1bmtsLTAyLmpwZyIsInNsaWRlc2hvdyI6IjE0YzNhNDdhIn0%3D\" href='https:\/\/kunst-portraits.at\/wp-content\/uploads\/2022\/03\/084-gunkl-02.jpg'><img loading=\"lazy\" decoding=\"async\" width=\"680\" height=\"1020\" src=\"https:\/\/kunst-portraits.at\/wp-content\/uploads\/2022\/03\/084-gunkl-02.jpg\" class=\"attachment-large size-large\" alt=\"\" srcset=\"https:\/\/kunst-portraits.at\/wp-content\/uploads\/2022\/03\/084-gunkl-02.jpg 680w, https:\/\/kunst-portraits.at\/wp-content\/uploads\/2022\/03\/084-gunkl-02-200x300.jpg 200w\" sizes=\"auto, (max-width: 680px) 100vw, 680px\" \/><\/a>\n\t\t\t<\/div><\/figure><figure class='gallery-item'>\n\t\t\t<div class='gallery-icon portrait'>\n\t\t\t\t<a data-elementor-open-lightbox=\"yes\" data-elementor-lightbox-slideshow=\"14c3a47a\" data-elementor-lightbox-title=\"Geza Terner\" e-action-hash=\"#elementor-action%3Aaction%3Dlightbox%26settings%3DeyJpZCI6NjMzLCJ1cmwiOiJodHRwczpcL1wva3Vuc3QtcG9ydHJhaXRzLmF0XC93cC1jb250ZW50XC91cGxvYWRzXC8yMDIyXC8wM1wvMDgyLWdlemEtdGVybmVyLTA1LmpwZyIsInNsaWRlc2hvdyI6IjE0YzNhNDdhIn0%3D\" href='https:\/\/kunst-portraits.at\/wp-content\/uploads\/2022\/03\/082-geza-terner-05.jpg'><img loading=\"lazy\" decoding=\"async\" width=\"680\" height=\"1020\" src=\"https:\/\/kunst-portraits.at\/wp-content\/uploads\/2022\/03\/082-geza-terner-05.jpg\" class=\"attachment-large size-large\" alt=\"\" srcset=\"https:\/\/kunst-portraits.at\/wp-content\/uploads\/2022\/03\/082-geza-terner-05.jpg 680w, https:\/\/kunst-portraits.at\/wp-content\/uploads\/2022\/03\/082-geza-terner-05-200x300.jpg 200w\" sizes=\"auto, (max-width: 680px) 100vw, 680px\" \/><\/a>\n\t\t\t<\/div><\/figure><figure class='gallery-item'>\n\t\t\t<div class='gallery-icon landscape'>\n\t\t\t\t<a data-elementor-open-lightbox=\"yes\" data-elementor-lightbox-slideshow=\"14c3a47a\" data-elementor-lightbox-title=\"Gunkl\" e-action-hash=\"#elementor-action%3Aaction%3Dlightbox%26settings%3DeyJpZCI6NjM0LCJ1cmwiOiJodHRwczpcL1wva3Vuc3QtcG9ydHJhaXRzLmF0XC93cC1jb250ZW50XC91cGxvYWRzXC8yMDIyXC8wM1wvMDgzLWd1bmtsLTAxLmpwZyIsInNsaWRlc2hvdyI6IjE0YzNhNDdhIn0%3D\" href='https:\/\/kunst-portraits.at\/wp-content\/uploads\/2022\/03\/083-gunkl-01.jpg'><img loading=\"lazy\" decoding=\"async\" width=\"1024\" height=\"683\" src=\"https:\/\/kunst-portraits.at\/wp-content\/uploads\/2022\/03\/083-gunkl-01-1024x683.jpg\" class=\"attachment-large size-large\" alt=\"\" srcset=\"https:\/\/kunst-portraits.at\/wp-content\/uploads\/2022\/03\/083-gunkl-01-1024x683.jpg 1024w, https:\/\/kunst-portraits.at\/wp-content\/uploads\/2022\/03\/083-gunkl-01-300x200.jpg 300w, https:\/\/kunst-portraits.at\/wp-content\/uploads\/2022\/03\/083-gunkl-01-768x512.jpg 768w, https:\/\/kunst-portraits.at\/wp-content\/uploads\/2022\/03\/083-gunkl-01.jpg 1529w\" sizes=\"auto, (max-width: 1024px) 100vw, 1024px\" \/><\/a>\n\t\t\t<\/div><\/figure><figure class='gallery-item'>\n\t\t\t<div class='gallery-icon portrait'>\n\t\t\t\t<a data-elementor-open-lightbox=\"yes\" data-elementor-lightbox-slideshow=\"14c3a47a\" data-elementor-lightbox-title=\"Irene Halenka\" e-action-hash=\"#elementor-action%3Aaction%3Dlightbox%26settings%3DeyJpZCI6NjMwLCJ1cmwiOiJodHRwczpcL1wva3Vuc3QtcG9ydHJhaXRzLmF0XC93cC1jb250ZW50XC91cGxvYWRzXC8yMDIyXC8wM1wvMDc5LWlyZW5lLWhhbGVua2EtMDUuanBnIiwic2xpZGVzaG93IjoiMTRjM2E0N2EifQ%3D%3D\" href='https:\/\/kunst-portraits.at\/wp-content\/uploads\/2022\/03\/079-irene-halenka-05.jpg'><img loading=\"lazy\" decoding=\"async\" width=\"680\" height=\"1020\" src=\"https:\/\/kunst-portraits.at\/wp-content\/uploads\/2022\/03\/079-irene-halenka-05.jpg\" class=\"attachment-large size-large\" alt=\"\" srcset=\"https:\/\/kunst-portraits.at\/wp-content\/uploads\/2022\/03\/079-irene-halenka-05.jpg 680w, https:\/\/kunst-portraits.at\/wp-content\/uploads\/2022\/03\/079-irene-halenka-05-200x300.jpg 200w\" sizes=\"auto, (max-width: 680px) 100vw, 680px\" \/><\/a>\n\t\t\t<\/div><\/figure><figure class='gallery-item'>\n\t\t\t<div class='gallery-icon portrait'>\n\t\t\t\t<a data-elementor-open-lightbox=\"yes\" data-elementor-lightbox-slideshow=\"14c3a47a\" data-elementor-lightbox-title=\"Marlies Mayer\" e-action-hash=\"#elementor-action%3Aaction%3Dlightbox%26settings%3DeyJpZCI6NjI4LCJ1cmwiOiJodHRwczpcL1wva3Vuc3QtcG9ydHJhaXRzLmF0XC93cC1jb250ZW50XC91cGxvYWRzXC8yMDIyXC8wM1wvMDc3LW1hcmxpZXMtbWF5ZXItMDMuanBnIiwic2xpZGVzaG93IjoiMTRjM2E0N2EifQ%3D%3D\" href='https:\/\/kunst-portraits.at\/wp-content\/uploads\/2022\/03\/077-marlies-mayer-03.jpg'><img loading=\"lazy\" decoding=\"async\" width=\"721\" height=\"1020\" src=\"https:\/\/kunst-portraits.at\/wp-content\/uploads\/2022\/03\/077-marlies-mayer-03.jpg\" class=\"attachment-large size-large\" alt=\"\" srcset=\"https:\/\/kunst-portraits.at\/wp-content\/uploads\/2022\/03\/077-marlies-mayer-03.jpg 721w, https:\/\/kunst-portraits.at\/wp-content\/uploads\/2022\/03\/077-marlies-mayer-03-212x300.jpg 212w\" sizes=\"auto, (max-width: 721px) 100vw, 721px\" \/><\/a>\n\t\t\t<\/div><\/figure><figure class='gallery-item'>\n\t\t\t<div class='gallery-icon portrait'>\n\t\t\t\t<a data-elementor-open-lightbox=\"yes\" data-elementor-lightbox-slideshow=\"14c3a47a\" data-elementor-lightbox-title=\"Andrea H\u00e4ndler\" e-action-hash=\"#elementor-action%3Aaction%3Dlightbox%26settings%3DeyJpZCI6NjI3LCJ1cmwiOiJodHRwczpcL1wva3Vuc3QtcG9ydHJhaXRzLmF0XC93cC1jb250ZW50XC91cGxvYWRzXC8yMDIyXC8wM1wvMDc2LWFuZHJlYS1oYW5kbGVyLTA0LmpwZyIsInNsaWRlc2hvdyI6IjE0YzNhNDdhIn0%3D\" href='https:\/\/kunst-portraits.at\/wp-content\/uploads\/2022\/03\/076-andrea-handler-04.jpg'><img loading=\"lazy\" decoding=\"async\" width=\"680\" height=\"1020\" src=\"https:\/\/kunst-portraits.at\/wp-content\/uploads\/2022\/03\/076-andrea-handler-04.jpg\" class=\"attachment-large size-large\" alt=\"\" srcset=\"https:\/\/kunst-portraits.at\/wp-content\/uploads\/2022\/03\/076-andrea-handler-04.jpg 680w, https:\/\/kunst-portraits.at\/wp-content\/uploads\/2022\/03\/076-andrea-handler-04-200x300.jpg 200w\" sizes=\"auto, (max-width: 680px) 100vw, 680px\" \/><\/a>\n\t\t\t<\/div><\/figure><figure class='gallery-item'>\n\t\t\t<div class='gallery-icon portrait'>\n\t\t\t\t<a data-elementor-open-lightbox=\"yes\" data-elementor-lightbox-slideshow=\"14c3a47a\" data-elementor-lightbox-title=\"Judith Rumpf\" e-action-hash=\"#elementor-action%3Aaction%3Dlightbox%26settings%3DeyJpZCI6NjI2LCJ1cmwiOiJodHRwczpcL1wva3Vuc3QtcG9ydHJhaXRzLmF0XC93cC1jb250ZW50XC91cGxvYWRzXC8yMDIyXC8wM1wvMDc1LWp1ZGl0aC1ydW1wZi0wMy5qcGciLCJzbGlkZXNob3ciOiIxNGMzYTQ3YSJ9\" href='https:\/\/kunst-portraits.at\/wp-content\/uploads\/2022\/03\/075-judith-rumpf-03.jpg'><img loading=\"lazy\" decoding=\"async\" width=\"680\" height=\"1020\" src=\"https:\/\/kunst-portraits.at\/wp-content\/uploads\/2022\/03\/075-judith-rumpf-03.jpg\" class=\"attachment-large size-large\" alt=\"\" srcset=\"https:\/\/kunst-portraits.at\/wp-content\/uploads\/2022\/03\/075-judith-rumpf-03.jpg 680w, https:\/\/kunst-portraits.at\/wp-content\/uploads\/2022\/03\/075-judith-rumpf-03-200x300.jpg 200w\" sizes=\"auto, (max-width: 680px) 100vw, 680px\" \/><\/a>\n\t\t\t<\/div><\/figure><figure class='gallery-item'>\n\t\t\t<div class='gallery-icon portrait'>\n\t\t\t\t<a data-elementor-open-lightbox=\"yes\" data-elementor-lightbox-slideshow=\"14c3a47a\" data-elementor-lightbox-title=\"Regina Kail\" e-action-hash=\"#elementor-action%3Aaction%3Dlightbox%26settings%3DeyJpZCI6NjI0LCJ1cmwiOiJodHRwczpcL1wva3Vuc3QtcG9ydHJhaXRzLmF0XC93cC1jb250ZW50XC91cGxvYWRzXC8yMDIyXC8wM1wvMDczLXJlZ2luYWthaWwwMS5qcGciLCJzbGlkZXNob3ciOiIxNGMzYTQ3YSJ9\" href='https:\/\/kunst-portraits.at\/wp-content\/uploads\/2022\/03\/073-reginakail01.jpg'><img loading=\"lazy\" decoding=\"async\" width=\"680\" height=\"1020\" src=\"https:\/\/kunst-portraits.at\/wp-content\/uploads\/2022\/03\/073-reginakail01.jpg\" class=\"attachment-large size-large\" alt=\"\" srcset=\"https:\/\/kunst-portraits.at\/wp-content\/uploads\/2022\/03\/073-reginakail01.jpg 680w, https:\/\/kunst-portraits.at\/wp-content\/uploads\/2022\/03\/073-reginakail01-200x300.jpg 200w\" sizes=\"auto, (max-width: 680px) 100vw, 680px\" \/><\/a>\n\t\t\t<\/div><\/figure><figure class='gallery-item'>\n\t\t\t<div class='gallery-icon portrait'>\n\t\t\t\t<a data-elementor-open-lightbox=\"yes\" data-elementor-lightbox-slideshow=\"14c3a47a\" data-elementor-lightbox-title=\"Eva Maria Scholz\" e-action-hash=\"#elementor-action%3Aaction%3Dlightbox%26settings%3DeyJpZCI6NjIxLCJ1cmwiOiJodHRwczpcL1wva3Vuc3QtcG9ydHJhaXRzLmF0XC93cC1jb250ZW50XC91cGxvYWRzXC8yMDIyXC8wM1wvMDcwLWV2YS1tYXJpYS1zY2hvbHotMDIuanBnIiwic2xpZGVzaG93IjoiMTRjM2E0N2EifQ%3D%3D\" href='https:\/\/kunst-portraits.at\/wp-content\/uploads\/2022\/03\/070-eva-maria-scholz-02.jpg'><img loading=\"lazy\" decoding=\"async\" width=\"680\" height=\"1020\" src=\"https:\/\/kunst-portraits.at\/wp-content\/uploads\/2022\/03\/070-eva-maria-scholz-02.jpg\" class=\"attachment-large size-large\" alt=\"\" srcset=\"https:\/\/kunst-portraits.at\/wp-content\/uploads\/2022\/03\/070-eva-maria-scholz-02.jpg 680w, https:\/\/kunst-portraits.at\/wp-content\/uploads\/2022\/03\/070-eva-maria-scholz-02-200x300.jpg 200w\" sizes=\"auto, (max-width: 680px) 100vw, 680px\" \/><\/a>\n\t\t\t<\/div><\/figure><figure class='gallery-item'>\n\t\t\t<div class='gallery-icon portrait'>\n\t\t\t\t<a data-elementor-open-lightbox=\"yes\" data-elementor-lightbox-slideshow=\"14c3a47a\" data-elementor-lightbox-title=\"Eva Christina Binder\" e-action-hash=\"#elementor-action%3Aaction%3Dlightbox%26settings%3DeyJpZCI6NjIwLCJ1cmwiOiJodHRwczpcL1wva3Vuc3QtcG9ydHJhaXRzLmF0XC93cC1jb250ZW50XC91cGxvYWRzXC8yMDIyXC8wM1wvMDY5LWV2YS1jaHJpc3RpbmEtYmluZGVyLTAyLmpwZyIsInNsaWRlc2hvdyI6IjE0YzNhNDdhIn0%3D\" href='https:\/\/kunst-portraits.at\/wp-content\/uploads\/2022\/03\/069-eva-christina-binder-02.jpg'><img loading=\"lazy\" decoding=\"async\" width=\"680\" height=\"1020\" src=\"https:\/\/kunst-portraits.at\/wp-content\/uploads\/2022\/03\/069-eva-christina-binder-02.jpg\" class=\"attachment-large size-large\" alt=\"\" srcset=\"https:\/\/kunst-portraits.at\/wp-content\/uploads\/2022\/03\/069-eva-christina-binder-02.jpg 680w, https:\/\/kunst-portraits.at\/wp-content\/uploads\/2022\/03\/069-eva-christina-binder-02-200x300.jpg 200w\" sizes=\"auto, (max-width: 680px) 100vw, 680px\" \/><\/a>\n\t\t\t<\/div><\/figure><figure class='gallery-item'>\n\t\t\t<div class='gallery-icon portrait'>\n\t\t\t\t<a data-elementor-open-lightbox=\"yes\" data-elementor-lightbox-slideshow=\"14c3a47a\" data-elementor-lightbox-title=\"Eva Bilisich\" e-action-hash=\"#elementor-action%3Aaction%3Dlightbox%26settings%3DeyJpZCI6NjE5LCJ1cmwiOiJodHRwczpcL1wva3Vuc3QtcG9ydHJhaXRzLmF0XC93cC1jb250ZW50XC91cGxvYWRzXC8yMDIyXC8wM1wvMDY4LWV2YS1iaWxpc2ljaC0wMi5qcGciLCJzbGlkZXNob3ciOiIxNGMzYTQ3YSJ9\" href='https:\/\/kunst-portraits.at\/wp-content\/uploads\/2022\/03\/068-eva-bilisich-02.jpg'><img loading=\"lazy\" decoding=\"async\" width=\"680\" height=\"1020\" src=\"https:\/\/kunst-portraits.at\/wp-content\/uploads\/2022\/03\/068-eva-bilisich-02.jpg\" class=\"attachment-large size-large\" alt=\"\" srcset=\"https:\/\/kunst-portraits.at\/wp-content\/uploads\/2022\/03\/068-eva-bilisich-02.jpg 680w, https:\/\/kunst-portraits.at\/wp-content\/uploads\/2022\/03\/068-eva-bilisich-02-200x300.jpg 200w\" sizes=\"auto, (max-width: 680px) 100vw, 680px\" \/><\/a>\n\t\t\t<\/div><\/figure><figure class='gallery-item'>\n\t\t\t<div class='gallery-icon portrait'>\n\t\t\t\t<a data-elementor-open-lightbox=\"yes\" data-elementor-lightbox-slideshow=\"14c3a47a\" data-elementor-lightbox-title=\"Astrid Golda\" e-action-hash=\"#elementor-action%3Aaction%3Dlightbox%26settings%3DeyJpZCI6NjE4LCJ1cmwiOiJodHRwczpcL1wva3Vuc3QtcG9ydHJhaXRzLmF0XC93cC1jb250ZW50XC91cGxvYWRzXC8yMDIyXC8wM1wvMDY3LWFzdHJpZC1nb2xkYS0wMS5qcGciLCJzbGlkZXNob3ciOiIxNGMzYTQ3YSJ9\" href='https:\/\/kunst-portraits.at\/wp-content\/uploads\/2022\/03\/067-astrid-golda-01.jpg'><img loading=\"lazy\" decoding=\"async\" width=\"680\" height=\"1020\" src=\"https:\/\/kunst-portraits.at\/wp-content\/uploads\/2022\/03\/067-astrid-golda-01.jpg\" class=\"attachment-large size-large\" alt=\"\" srcset=\"https:\/\/kunst-portraits.at\/wp-content\/uploads\/2022\/03\/067-astrid-golda-01.jpg 680w, https:\/\/kunst-portraits.at\/wp-content\/uploads\/2022\/03\/067-astrid-golda-01-200x300.jpg 200w\" sizes=\"auto, (max-width: 680px) 100vw, 680px\" \/><\/a>\n\t\t\t<\/div><\/figure><figure class='gallery-item'>\n\t\t\t<div class='gallery-icon portrait'>\n\t\t\t\t<a data-elementor-open-lightbox=\"yes\" data-elementor-lightbox-slideshow=\"14c3a47a\" data-elementor-lightbox-title=\"Wilhelm Iben\" e-action-hash=\"#elementor-action%3Aaction%3Dlightbox%26settings%3DeyJpZCI6NjE3LCJ1cmwiOiJodHRwczpcL1wva3Vuc3QtcG9ydHJhaXRzLmF0XC93cC1jb250ZW50XC91cGxvYWRzXC8yMDIyXC8wM1wvMDY2LXdpbGhlbG0taWJlbi0wMS5qcGciLCJzbGlkZXNob3ciOiIxNGMzYTQ3YSJ9\" href='https:\/\/kunst-portraits.at\/wp-content\/uploads\/2022\/03\/066-wilhelm-iben-01.jpg'><img loading=\"lazy\" decoding=\"async\" width=\"680\" height=\"1020\" src=\"https:\/\/kunst-portraits.at\/wp-content\/uploads\/2022\/03\/066-wilhelm-iben-01.jpg\" class=\"attachment-large size-large\" alt=\"\" srcset=\"https:\/\/kunst-portraits.at\/wp-content\/uploads\/2022\/03\/066-wilhelm-iben-01.jpg 680w, https:\/\/kunst-portraits.at\/wp-content\/uploads\/2022\/03\/066-wilhelm-iben-01-200x300.jpg 200w\" sizes=\"auto, (max-width: 680px) 100vw, 680px\" \/><\/a>\n\t\t\t<\/div><\/figure><figure class='gallery-item'>\n\t\t\t<div class='gallery-icon portrait'>\n\t\t\t\t<a data-elementor-open-lightbox=\"yes\" data-elementor-lightbox-slideshow=\"14c3a47a\" data-elementor-lightbox-title=\"Andrea H\u00e4ndler\" e-action-hash=\"#elementor-action%3Aaction%3Dlightbox%26settings%3DeyJpZCI6NjE2LCJ1cmwiOiJodHRwczpcL1wva3Vuc3QtcG9ydHJhaXRzLmF0XC93cC1jb250ZW50XC91cGxvYWRzXC8yMDIyXC8wM1wvMDY1LWFuZHJlYS1oYW5kbGVyLTAxLmpwZyIsInNsaWRlc2hvdyI6IjE0YzNhNDdhIn0%3D\" href='https:\/\/kunst-portraits.at\/wp-content\/uploads\/2022\/03\/065-andrea-handler-01.jpg'><img loading=\"lazy\" decoding=\"async\" width=\"680\" height=\"1020\" src=\"https:\/\/kunst-portraits.at\/wp-content\/uploads\/2022\/03\/065-andrea-handler-01.jpg\" class=\"attachment-large size-large\" alt=\"\" srcset=\"https:\/\/kunst-portraits.at\/wp-content\/uploads\/2022\/03\/065-andrea-handler-01.jpg 680w, https:\/\/kunst-portraits.at\/wp-content\/uploads\/2022\/03\/065-andrea-handler-01-200x300.jpg 200w\" sizes=\"auto, (max-width: 680px) 100vw, 680px\" \/><\/a>\n\t\t\t<\/div><\/figure><figure class='gallery-item'>\n\t\t\t<div class='gallery-icon portrait'>\n\t\t\t\t<a data-elementor-open-lightbox=\"yes\" data-elementor-lightbox-slideshow=\"14c3a47a\" data-elementor-lightbox-title=\"Christina Scherrer\" e-action-hash=\"#elementor-action%3Aaction%3Dlightbox%26settings%3DeyJpZCI6NjE0LCJ1cmwiOiJodHRwczpcL1wva3Vuc3QtcG9ydHJhaXRzLmF0XC93cC1jb250ZW50XC91cGxvYWRzXC8yMDIyXC8wM1wvMDYzLWNocmlzdGluYS1zY2hlcnJlci0wMy5qcGciLCJzbGlkZXNob3ciOiIxNGMzYTQ3YSJ9\" href='https:\/\/kunst-portraits.at\/wp-content\/uploads\/2022\/03\/063-christina-scherrer-03.jpg'><img loading=\"lazy\" decoding=\"async\" width=\"680\" height=\"1020\" src=\"https:\/\/kunst-portraits.at\/wp-content\/uploads\/2022\/03\/063-christina-scherrer-03.jpg\" class=\"attachment-large size-large\" alt=\"\" srcset=\"https:\/\/kunst-portraits.at\/wp-content\/uploads\/2022\/03\/063-christina-scherrer-03.jpg 680w, https:\/\/kunst-portraits.at\/wp-content\/uploads\/2022\/03\/063-christina-scherrer-03-200x300.jpg 200w\" sizes=\"auto, (max-width: 680px) 100vw, 680px\" \/><\/a>\n\t\t\t<\/div><\/figure><figure class='gallery-item'>\n\t\t\t<div class='gallery-icon portrait'>\n\t\t\t\t<a data-elementor-open-lightbox=\"yes\" data-elementor-lightbox-slideshow=\"14c3a47a\" data-elementor-lightbox-title=\"Judith Rumpf\" e-action-hash=\"#elementor-action%3Aaction%3Dlightbox%26settings%3DeyJpZCI6NjEzLCJ1cmwiOiJodHRwczpcL1wva3Vuc3QtcG9ydHJhaXRzLmF0XC93cC1jb250ZW50XC91cGxvYWRzXC8yMDIyXC8wM1wvMDYyLWp1ZGl0aC1ydW1wZi0wNC5qcGciLCJzbGlkZXNob3ciOiIxNGMzYTQ3YSJ9\" href='https:\/\/kunst-portraits.at\/wp-content\/uploads\/2022\/03\/062-judith-rumpf-04.jpg'><img loading=\"lazy\" decoding=\"async\" width=\"680\" height=\"1020\" src=\"https:\/\/kunst-portraits.at\/wp-content\/uploads\/2022\/03\/062-judith-rumpf-04.jpg\" class=\"attachment-large size-large\" alt=\"\" srcset=\"https:\/\/kunst-portraits.at\/wp-content\/uploads\/2022\/03\/062-judith-rumpf-04.jpg 680w, https:\/\/kunst-portraits.at\/wp-content\/uploads\/2022\/03\/062-judith-rumpf-04-200x300.jpg 200w\" sizes=\"auto, (max-width: 680px) 100vw, 680px\" \/><\/a>\n\t\t\t<\/div><\/figure><figure class='gallery-item'>\n\t\t\t<div class='gallery-icon portrait'>\n\t\t\t\t<a data-elementor-open-lightbox=\"yes\" data-elementor-lightbox-slideshow=\"14c3a47a\" data-elementor-lightbox-title=\"Doris Lang\" e-action-hash=\"#elementor-action%3Aaction%3Dlightbox%26settings%3DeyJpZCI6NjEyLCJ1cmwiOiJodHRwczpcL1wva3Vuc3QtcG9ydHJhaXRzLmF0XC93cC1jb250ZW50XC91cGxvYWRzXC8yMDIyXC8wM1wvMDYxLWRvcmlzLWxhbmctMDMuanBnIiwic2xpZGVzaG93IjoiMTRjM2E0N2EifQ%3D%3D\" href='https:\/\/kunst-portraits.at\/wp-content\/uploads\/2022\/03\/061-doris-lang-03.jpg'><img loading=\"lazy\" decoding=\"async\" width=\"680\" height=\"1020\" src=\"https:\/\/kunst-portraits.at\/wp-content\/uploads\/2022\/03\/061-doris-lang-03.jpg\" class=\"attachment-large size-large\" alt=\"\" srcset=\"https:\/\/kunst-portraits.at\/wp-content\/uploads\/2022\/03\/061-doris-lang-03.jpg 680w, https:\/\/kunst-portraits.at\/wp-content\/uploads\/2022\/03\/061-doris-lang-03-200x300.jpg 200w\" sizes=\"auto, (max-width: 680px) 100vw, 680px\" \/><\/a>\n\t\t\t<\/div><\/figure><figure class='gallery-item'>\n\t\t\t<div class='gallery-icon portrait'>\n\t\t\t\t<a data-elementor-open-lightbox=\"yes\" data-elementor-lightbox-slideshow=\"14c3a47a\" data-elementor-lightbox-title=\"Geza Terner\" e-action-hash=\"#elementor-action%3Aaction%3Dlightbox%26settings%3DeyJpZCI6NjExLCJ1cmwiOiJodHRwczpcL1wva3Vuc3QtcG9ydHJhaXRzLmF0XC93cC1jb250ZW50XC91cGxvYWRzXC8yMDIyXC8wM1wvMDYwLWdlemEtdGVybmVyLTAzLmpwZyIsInNsaWRlc2hvdyI6IjE0YzNhNDdhIn0%3D\" href='https:\/\/kunst-portraits.at\/wp-content\/uploads\/2022\/03\/060-geza-terner-03.jpg'><img loading=\"lazy\" decoding=\"async\" width=\"680\" height=\"1020\" src=\"https:\/\/kunst-portraits.at\/wp-content\/uploads\/2022\/03\/060-geza-terner-03.jpg\" class=\"attachment-large size-large\" alt=\"\" srcset=\"https:\/\/kunst-portraits.at\/wp-content\/uploads\/2022\/03\/060-geza-terner-03.jpg 680w, https:\/\/kunst-portraits.at\/wp-content\/uploads\/2022\/03\/060-geza-terner-03-200x300.jpg 200w\" sizes=\"auto, (max-width: 680px) 100vw, 680px\" \/><\/a>\n\t\t\t<\/div><\/figure><figure class='gallery-item'>\n\t\t\t<div class='gallery-icon portrait'>\n\t\t\t\t<a data-elementor-open-lightbox=\"yes\" data-elementor-lightbox-slideshow=\"14c3a47a\" data-elementor-lightbox-title=\"Martin Zauner\" e-action-hash=\"#elementor-action%3Aaction%3Dlightbox%26settings%3DeyJpZCI6NjEwLCJ1cmwiOiJodHRwczpcL1wva3Vuc3QtcG9ydHJhaXRzLmF0XC93cC1jb250ZW50XC91cGxvYWRzXC8yMDIyXC8wM1wvMDU5LW1hcnRpbi16YXVuZXItMDMuanBnIiwic2xpZGVzaG93IjoiMTRjM2E0N2EifQ%3D%3D\" href='https:\/\/kunst-portraits.at\/wp-content\/uploads\/2022\/03\/059-martin-zauner-03.jpg'><img loading=\"lazy\" decoding=\"async\" width=\"680\" height=\"1020\" src=\"https:\/\/kunst-portraits.at\/wp-content\/uploads\/2022\/03\/059-martin-zauner-03.jpg\" class=\"attachment-large size-large\" alt=\"\" srcset=\"https:\/\/kunst-portraits.at\/wp-content\/uploads\/2022\/03\/059-martin-zauner-03.jpg 680w, https:\/\/kunst-portraits.at\/wp-content\/uploads\/2022\/03\/059-martin-zauner-03-200x300.jpg 200w\" sizes=\"auto, (max-width: 680px) 100vw, 680px\" \/><\/a>\n\t\t\t<\/div><\/figure><figure class='gallery-item'>\n\t\t\t<div class='gallery-icon portrait'>\n\t\t\t\t<a data-elementor-open-lightbox=\"yes\" data-elementor-lightbox-slideshow=\"14c3a47a\" data-elementor-lightbox-title=\"Irene Halenka\" e-action-hash=\"#elementor-action%3Aaction%3Dlightbox%26settings%3DeyJpZCI6NjA5LCJ1cmwiOiJodHRwczpcL1wva3Vuc3QtcG9ydHJhaXRzLmF0XC93cC1jb250ZW50XC91cGxvYWRzXC8yMDIyXC8wM1wvMDU4LWlyZW5lLWhhbGVua2EtMDYuanBnIiwic2xpZGVzaG93IjoiMTRjM2E0N2EifQ%3D%3D\" href='https:\/\/kunst-portraits.at\/wp-content\/uploads\/2022\/03\/058-irene-halenka-06.jpg'><img loading=\"lazy\" decoding=\"async\" width=\"680\" height=\"1020\" src=\"https:\/\/kunst-portraits.at\/wp-content\/uploads\/2022\/03\/058-irene-halenka-06.jpg\" class=\"attachment-large size-large\" alt=\"\" srcset=\"https:\/\/kunst-portraits.at\/wp-content\/uploads\/2022\/03\/058-irene-halenka-06.jpg 680w, https:\/\/kunst-portraits.at\/wp-content\/uploads\/2022\/03\/058-irene-halenka-06-200x300.jpg 200w\" sizes=\"auto, (max-width: 680px) 100vw, 680px\" \/><\/a>\n\t\t\t<\/div><\/figure><figure class='gallery-item'>\n\t\t\t<div class='gallery-icon portrait'>\n\t\t\t\t<a data-elementor-open-lightbox=\"yes\" data-elementor-lightbox-slideshow=\"14c3a47a\" data-elementor-lightbox-title=\"Doris Lang\" e-action-hash=\"#elementor-action%3Aaction%3Dlightbox%26settings%3DeyJpZCI6NjA4LCJ1cmwiOiJodHRwczpcL1wva3Vuc3QtcG9ydHJhaXRzLmF0XC93cC1jb250ZW50XC91cGxvYWRzXC8yMDIyXC8wM1wvMDU3LWRvcmlzLWxhbmctMDIuanBnIiwic2xpZGVzaG93IjoiMTRjM2E0N2EifQ%3D%3D\" href='https:\/\/kunst-portraits.at\/wp-content\/uploads\/2022\/03\/057-doris-lang-02.jpg'><img loading=\"lazy\" decoding=\"async\" width=\"680\" height=\"1020\" src=\"https:\/\/kunst-portraits.at\/wp-content\/uploads\/2022\/03\/057-doris-lang-02.jpg\" class=\"attachment-large size-large\" alt=\"\" srcset=\"https:\/\/kunst-portraits.at\/wp-content\/uploads\/2022\/03\/057-doris-lang-02.jpg 680w, https:\/\/kunst-portraits.at\/wp-content\/uploads\/2022\/03\/057-doris-lang-02-200x300.jpg 200w\" sizes=\"auto, (max-width: 680px) 100vw, 680px\" \/><\/a>\n\t\t\t<\/div><\/figure><figure class='gallery-item'>\n\t\t\t<div class='gallery-icon portrait'>\n\t\t\t\t<a data-elementor-open-lightbox=\"yes\" data-elementor-lightbox-slideshow=\"14c3a47a\" data-elementor-lightbox-title=\"Andrea Radakovits\" e-action-hash=\"#elementor-action%3Aaction%3Dlightbox%26settings%3DeyJpZCI6NjA2LCJ1cmwiOiJodHRwczpcL1wva3Vuc3QtcG9ydHJhaXRzLmF0XC93cC1jb250ZW50XC91cGxvYWRzXC8yMDIyXC8wM1wvMDU1LWFuZHJlYS1yYWRha292aXRzLTAzLmpwZyIsInNsaWRlc2hvdyI6IjE0YzNhNDdhIn0%3D\" href='https:\/\/kunst-portraits.at\/wp-content\/uploads\/2022\/03\/055-andrea-radakovits-03.jpg'><img loading=\"lazy\" decoding=\"async\" width=\"680\" height=\"1020\" src=\"https:\/\/kunst-portraits.at\/wp-content\/uploads\/2022\/03\/055-andrea-radakovits-03.jpg\" class=\"attachment-large size-large\" alt=\"\" srcset=\"https:\/\/kunst-portraits.at\/wp-content\/uploads\/2022\/03\/055-andrea-radakovits-03.jpg 680w, https:\/\/kunst-portraits.at\/wp-content\/uploads\/2022\/03\/055-andrea-radakovits-03-200x300.jpg 200w\" sizes=\"auto, (max-width: 680px) 100vw, 680px\" \/><\/a>\n\t\t\t<\/div><\/figure><figure class='gallery-item'>\n\t\t\t<div class='gallery-icon portrait'>\n\t\t\t\t<a data-elementor-open-lightbox=\"yes\" data-elementor-lightbox-slideshow=\"14c3a47a\" data-elementor-lightbox-title=\"Doris Lang\" e-action-hash=\"#elementor-action%3Aaction%3Dlightbox%26settings%3DeyJpZCI6NjA3LCJ1cmwiOiJodHRwczpcL1wva3Vuc3QtcG9ydHJhaXRzLmF0XC93cC1jb250ZW50XC91cGxvYWRzXC8yMDIyXC8wM1wvMDU2LWRvcmlzLWxhbmctMDEuanBnIiwic2xpZGVzaG93IjoiMTRjM2E0N2EifQ%3D%3D\" href='https:\/\/kunst-portraits.at\/wp-content\/uploads\/2022\/03\/056-doris-lang-01.jpg'><img loading=\"lazy\" decoding=\"async\" width=\"681\" height=\"1020\" src=\"https:\/\/kunst-portraits.at\/wp-content\/uploads\/2022\/03\/056-doris-lang-01.jpg\" class=\"attachment-large size-large\" alt=\"\" srcset=\"https:\/\/kunst-portraits.at\/wp-content\/uploads\/2022\/03\/056-doris-lang-01.jpg 681w, https:\/\/kunst-portraits.at\/wp-content\/uploads\/2022\/03\/056-doris-lang-01-200x300.jpg 200w\" sizes=\"auto, (max-width: 681px) 100vw, 681px\" \/><\/a>\n\t\t\t<\/div><\/figure><figure class='gallery-item'>\n\t\t\t<div class='gallery-icon portrait'>\n\t\t\t\t<a data-elementor-open-lightbox=\"yes\" data-elementor-lightbox-slideshow=\"14c3a47a\" data-elementor-lightbox-title=\"Daniela Kong\" e-action-hash=\"#elementor-action%3Aaction%3Dlightbox%26settings%3DeyJpZCI6NjA0LCJ1cmwiOiJodHRwczpcL1wva3Vuc3QtcG9ydHJhaXRzLmF0XC93cC1jb250ZW50XC91cGxvYWRzXC8yMDIyXC8wM1wvMDUzLWRhbmllbGEta29uZy0wNS5qcGciLCJzbGlkZXNob3ciOiIxNGMzYTQ3YSJ9\" href='https:\/\/kunst-portraits.at\/wp-content\/uploads\/2022\/03\/053-daniela-kong-05.jpg'><img loading=\"lazy\" decoding=\"async\" width=\"680\" height=\"1020\" src=\"https:\/\/kunst-portraits.at\/wp-content\/uploads\/2022\/03\/053-daniela-kong-05.jpg\" class=\"attachment-large size-large\" alt=\"\" srcset=\"https:\/\/kunst-portraits.at\/wp-content\/uploads\/2022\/03\/053-daniela-kong-05.jpg 680w, https:\/\/kunst-portraits.at\/wp-content\/uploads\/2022\/03\/053-daniela-kong-05-200x300.jpg 200w\" sizes=\"auto, (max-width: 680px) 100vw, 680px\" \/><\/a>\n\t\t\t<\/div><\/figure><figure class='gallery-item'>\n\t\t\t<div class='gallery-icon landscape'>\n\t\t\t\t<a data-elementor-open-lightbox=\"yes\" data-elementor-lightbox-slideshow=\"14c3a47a\" data-elementor-lightbox-title=\"Christina Scherrer\" e-action-hash=\"#elementor-action%3Aaction%3Dlightbox%26settings%3DeyJpZCI6NjAzLCJ1cmwiOiJodHRwczpcL1wva3Vuc3QtcG9ydHJhaXRzLmF0XC93cC1jb250ZW50XC91cGxvYWRzXC8yMDIyXC8wM1wvMDUyLWNocmlzdGluYS1zY2hlcnJlci0wNC5qcGciLCJzbGlkZXNob3ciOiIxNGMzYTQ3YSJ9\" href='https:\/\/kunst-portraits.at\/wp-content\/uploads\/2022\/03\/052-christina-scherrer-04.jpg'><img loading=\"lazy\" decoding=\"async\" width=\"1024\" height=\"683\" src=\"https:\/\/kunst-portraits.at\/wp-content\/uploads\/2022\/03\/052-christina-scherrer-04-1024x683.jpg\" class=\"attachment-large size-large\" alt=\"\" srcset=\"https:\/\/kunst-portraits.at\/wp-content\/uploads\/2022\/03\/052-christina-scherrer-04-1024x683.jpg 1024w, https:\/\/kunst-portraits.at\/wp-content\/uploads\/2022\/03\/052-christina-scherrer-04-300x200.jpg 300w, https:\/\/kunst-portraits.at\/wp-content\/uploads\/2022\/03\/052-christina-scherrer-04-768x512.jpg 768w, https:\/\/kunst-portraits.at\/wp-content\/uploads\/2022\/03\/052-christina-scherrer-04.jpg 1530w\" sizes=\"auto, (max-width: 1024px) 100vw, 1024px\" \/><\/a>\n\t\t\t<\/div><\/figure><figure class='gallery-item'>\n\t\t\t<div class='gallery-icon landscape'>\n\t\t\t\t<a data-elementor-open-lightbox=\"yes\" data-elementor-lightbox-slideshow=\"14c3a47a\" data-elementor-lightbox-title=\"Eva Maria Scholz\" e-action-hash=\"#elementor-action%3Aaction%3Dlightbox%26settings%3DeyJpZCI6NjAyLCJ1cmwiOiJodHRwczpcL1wva3Vuc3QtcG9ydHJhaXRzLmF0XC93cC1jb250ZW50XC91cGxvYWRzXC8yMDIyXC8wM1wvMDUxLWV2YS1tYXJpYS1zY2hvbHotMDMuanBnIiwic2xpZGVzaG93IjoiMTRjM2E0N2EifQ%3D%3D\" href='https:\/\/kunst-portraits.at\/wp-content\/uploads\/2022\/03\/051-eva-maria-scholz-03.jpg'><img loading=\"lazy\" decoding=\"async\" width=\"1024\" height=\"683\" src=\"https:\/\/kunst-portraits.at\/wp-content\/uploads\/2022\/03\/051-eva-maria-scholz-03-1024x683.jpg\" class=\"attachment-large size-large\" alt=\"\" srcset=\"https:\/\/kunst-portraits.at\/wp-content\/uploads\/2022\/03\/051-eva-maria-scholz-03-1024x683.jpg 1024w, https:\/\/kunst-portraits.at\/wp-content\/uploads\/2022\/03\/051-eva-maria-scholz-03-300x200.jpg 300w, https:\/\/kunst-portraits.at\/wp-content\/uploads\/2022\/03\/051-eva-maria-scholz-03-768x512.jpg 768w, https:\/\/kunst-portraits.at\/wp-content\/uploads\/2022\/03\/051-eva-maria-scholz-03.jpg 1530w\" sizes=\"auto, (max-width: 1024px) 100vw, 1024px\" \/><\/a>\n\t\t\t<\/div><\/figure><figure class='gallery-item'>\n\t\t\t<div class='gallery-icon portrait'>\n\t\t\t\t<a data-elementor-open-lightbox=\"yes\" data-elementor-lightbox-slideshow=\"14c3a47a\" data-elementor-lightbox-title=\"Daniela Kong\" e-action-hash=\"#elementor-action%3Aaction%3Dlightbox%26settings%3DeyJpZCI6NjAxLCJ1cmwiOiJodHRwczpcL1wva3Vuc3QtcG9ydHJhaXRzLmF0XC93cC1jb250ZW50XC91cGxvYWRzXC8yMDIyXC8wM1wvMDUwLWRhbmllbGEta29uZy0wMy5qcGciLCJzbGlkZXNob3ciOiIxNGMzYTQ3YSJ9\" href='https:\/\/kunst-portraits.at\/wp-content\/uploads\/2022\/03\/050-daniela-kong-03.jpg'><img loading=\"lazy\" decoding=\"async\" width=\"680\" height=\"1020\" src=\"https:\/\/kunst-portraits.at\/wp-content\/uploads\/2022\/03\/050-daniela-kong-03.jpg\" class=\"attachment-large size-large\" alt=\"\" srcset=\"https:\/\/kunst-portraits.at\/wp-content\/uploads\/2022\/03\/050-daniela-kong-03.jpg 680w, https:\/\/kunst-portraits.at\/wp-content\/uploads\/2022\/03\/050-daniela-kong-03-200x300.jpg 200w\" sizes=\"auto, (max-width: 680px) 100vw, 680px\" \/><\/a>\n\t\t\t<\/div><\/figure><figure class='gallery-item'>\n\t\t\t<div class='gallery-icon portrait'>\n\t\t\t\t<a data-elementor-open-lightbox=\"yes\" data-elementor-lightbox-slideshow=\"14c3a47a\" data-elementor-lightbox-title=\"Bettina Reifschneider\" e-action-hash=\"#elementor-action%3Aaction%3Dlightbox%26settings%3DeyJpZCI6NjAwLCJ1cmwiOiJodHRwczpcL1wva3Vuc3QtcG9ydHJhaXRzLmF0XC93cC1jb250ZW50XC91cGxvYWRzXC8yMDIyXC8wM1wvMDQ5LWJldHRpbmEtcmVpZnNjaG5laWRlci0wMi5qcGciLCJzbGlkZXNob3ciOiIxNGMzYTQ3YSJ9\" href='https:\/\/kunst-portraits.at\/wp-content\/uploads\/2022\/03\/049-bettina-reifschneider-02.jpg'><img loading=\"lazy\" decoding=\"async\" width=\"680\" height=\"1020\" src=\"https:\/\/kunst-portraits.at\/wp-content\/uploads\/2022\/03\/049-bettina-reifschneider-02.jpg\" class=\"attachment-large size-large\" alt=\"\" srcset=\"https:\/\/kunst-portraits.at\/wp-content\/uploads\/2022\/03\/049-bettina-reifschneider-02.jpg 680w, https:\/\/kunst-portraits.at\/wp-content\/uploads\/2022\/03\/049-bettina-reifschneider-02-200x300.jpg 200w\" sizes=\"auto, (max-width: 680px) 100vw, 680px\" \/><\/a>\n\t\t\t<\/div><\/figure><figure class='gallery-item'>\n\t\t\t<div class='gallery-icon portrait'>\n\t\t\t\t<a data-elementor-open-lightbox=\"yes\" data-elementor-lightbox-slideshow=\"14c3a47a\" data-elementor-lightbox-title=\"Andrea Radakovits\" e-action-hash=\"#elementor-action%3Aaction%3Dlightbox%26settings%3DeyJpZCI6NTk5LCJ1cmwiOiJodHRwczpcL1wva3Vuc3QtcG9ydHJhaXRzLmF0XC93cC1jb250ZW50XC91cGxvYWRzXC8yMDIyXC8wM1wvMDQ4LWFuZHJlYS1yYWRha292aXRzLTAxLmpwZyIsInNsaWRlc2hvdyI6IjE0YzNhNDdhIn0%3D\" href='https:\/\/kunst-portraits.at\/wp-content\/uploads\/2022\/03\/048-andrea-radakovits-01.jpg'><img loading=\"lazy\" decoding=\"async\" width=\"680\" height=\"1020\" src=\"https:\/\/kunst-portraits.at\/wp-content\/uploads\/2022\/03\/048-andrea-radakovits-01.jpg\" class=\"attachment-large size-large\" alt=\"\" srcset=\"https:\/\/kunst-portraits.at\/wp-content\/uploads\/2022\/03\/048-andrea-radakovits-01.jpg 680w, https:\/\/kunst-portraits.at\/wp-content\/uploads\/2022\/03\/048-andrea-radakovits-01-200x300.jpg 200w\" sizes=\"auto, (max-width: 680px) 100vw, 680px\" \/><\/a>\n\t\t\t<\/div><\/figure><figure class='gallery-item'>\n\t\t\t<div class='gallery-icon portrait'>\n\t\t\t\t<a data-elementor-open-lightbox=\"yes\" data-elementor-lightbox-slideshow=\"14c3a47a\" data-elementor-lightbox-title=\"Daniela Kong\" e-action-hash=\"#elementor-action%3Aaction%3Dlightbox%26settings%3DeyJpZCI6NTk4LCJ1cmwiOiJodHRwczpcL1wva3Vuc3QtcG9ydHJhaXRzLmF0XC93cC1jb250ZW50XC91cGxvYWRzXC8yMDIyXC8wM1wvMDQ3LWRhbmllbGEta29uZy0wMS5qcGciLCJzbGlkZXNob3ciOiIxNGMzYTQ3YSJ9\" href='https:\/\/kunst-portraits.at\/wp-content\/uploads\/2022\/03\/047-daniela-kong-01.jpg'><img loading=\"lazy\" decoding=\"async\" width=\"680\" height=\"1020\" src=\"https:\/\/kunst-portraits.at\/wp-content\/uploads\/2022\/03\/047-daniela-kong-01.jpg\" class=\"attachment-large size-large\" alt=\"\" srcset=\"https:\/\/kunst-portraits.at\/wp-content\/uploads\/2022\/03\/047-daniela-kong-01.jpg 680w, https:\/\/kunst-portraits.at\/wp-content\/uploads\/2022\/03\/047-daniela-kong-01-200x300.jpg 200w\" sizes=\"auto, (max-width: 680px) 100vw, 680px\" \/><\/a>\n\t\t\t<\/div><\/figure><figure class='gallery-item'>\n\t\t\t<div class='gallery-icon portrait'>\n\t\t\t\t<a data-elementor-open-lightbox=\"yes\" data-elementor-lightbox-slideshow=\"14c3a47a\" data-elementor-lightbox-title=\"Berit Glaser\" e-action-hash=\"#elementor-action%3Aaction%3Dlightbox%26settings%3DeyJpZCI6NTk3LCJ1cmwiOiJodHRwczpcL1wva3Vuc3QtcG9ydHJhaXRzLmF0XC93cC1jb250ZW50XC91cGxvYWRzXC8yMDIyXC8wM1wvMDQ2LWJlcml0LWdsYXNlci0wMS5qcGciLCJzbGlkZXNob3ciOiIxNGMzYTQ3YSJ9\" href='https:\/\/kunst-portraits.at\/wp-content\/uploads\/2022\/03\/046-berit-glaser-01.jpg'><img loading=\"lazy\" decoding=\"async\" width=\"680\" height=\"1020\" src=\"https:\/\/kunst-portraits.at\/wp-content\/uploads\/2022\/03\/046-berit-glaser-01.jpg\" class=\"attachment-large size-large\" alt=\"\" srcset=\"https:\/\/kunst-portraits.at\/wp-content\/uploads\/2022\/03\/046-berit-glaser-01.jpg 680w, https:\/\/kunst-portraits.at\/wp-content\/uploads\/2022\/03\/046-berit-glaser-01-200x300.jpg 200w\" sizes=\"auto, (max-width: 680px) 100vw, 680px\" \/><\/a>\n\t\t\t<\/div><\/figure><figure class='gallery-item'>\n\t\t\t<div class='gallery-icon portrait'>\n\t\t\t\t<a data-elementor-open-lightbox=\"yes\" data-elementor-lightbox-slideshow=\"14c3a47a\" data-elementor-lightbox-title=\"Christina Scherrer\" e-action-hash=\"#elementor-action%3Aaction%3Dlightbox%26settings%3DeyJpZCI6NTk2LCJ1cmwiOiJodHRwczpcL1wva3Vuc3QtcG9ydHJhaXRzLmF0XC93cC1jb250ZW50XC91cGxvYWRzXC8yMDIyXC8wM1wvMDQ1LWNocmlzdGluYS1zY2hlcnJlci0wNS5qcGciLCJzbGlkZXNob3ciOiIxNGMzYTQ3YSJ9\" href='https:\/\/kunst-portraits.at\/wp-content\/uploads\/2022\/03\/045-christina-scherrer-05.jpg'><img loading=\"lazy\" decoding=\"async\" width=\"680\" height=\"1020\" src=\"https:\/\/kunst-portraits.at\/wp-content\/uploads\/2022\/03\/045-christina-scherrer-05.jpg\" class=\"attachment-large size-large\" alt=\"\" srcset=\"https:\/\/kunst-portraits.at\/wp-content\/uploads\/2022\/03\/045-christina-scherrer-05.jpg 680w, https:\/\/kunst-portraits.at\/wp-content\/uploads\/2022\/03\/045-christina-scherrer-05-200x300.jpg 200w\" sizes=\"auto, (max-width: 680px) 100vw, 680px\" \/><\/a>\n\t\t\t<\/div><\/figure><figure class='gallery-item'>\n\t\t\t<div class='gallery-icon portrait'>\n\t\t\t\t<a data-elementor-open-lightbox=\"yes\" data-elementor-lightbox-slideshow=\"14c3a47a\" data-elementor-lightbox-title=\"Karl K\u00fcnstler\" e-action-hash=\"#elementor-action%3Aaction%3Dlightbox%26settings%3DeyJpZCI6NTk0LCJ1cmwiOiJodHRwczpcL1wva3Vuc3QtcG9ydHJhaXRzLmF0XC93cC1jb250ZW50XC91cGxvYWRzXC8yMDIyXC8wM1wvMDQzLWthcmwta3Vuc3RsZXItMDMuanBnIiwic2xpZGVzaG93IjoiMTRjM2E0N2EifQ%3D%3D\" href='https:\/\/kunst-portraits.at\/wp-content\/uploads\/2022\/03\/043-karl-kunstler-03.jpg'><img loading=\"lazy\" decoding=\"async\" width=\"680\" height=\"1020\" src=\"https:\/\/kunst-portraits.at\/wp-content\/uploads\/2022\/03\/043-karl-kunstler-03.jpg\" class=\"attachment-large size-large\" alt=\"\" srcset=\"https:\/\/kunst-portraits.at\/wp-content\/uploads\/2022\/03\/043-karl-kunstler-03.jpg 680w, https:\/\/kunst-portraits.at\/wp-content\/uploads\/2022\/03\/043-karl-kunstler-03-200x300.jpg 200w\" sizes=\"auto, (max-width: 680px) 100vw, 680px\" \/><\/a>\n\t\t\t<\/div><\/figure><figure class='gallery-item'>\n\t\t\t<div class='gallery-icon portrait'>\n\t\t\t\t<a data-elementor-open-lightbox=\"yes\" data-elementor-lightbox-slideshow=\"14c3a47a\" data-elementor-lightbox-title=\"Christina Scherrer\" e-action-hash=\"#elementor-action%3Aaction%3Dlightbox%26settings%3DeyJpZCI6NTk1LCJ1cmwiOiJodHRwczpcL1wva3Vuc3QtcG9ydHJhaXRzLmF0XC93cC1jb250ZW50XC91cGxvYWRzXC8yMDIyXC8wM1wvMDQ0LWNocmlzdGluYS1zY2hlcnJlci0wMS5qcGciLCJzbGlkZXNob3ciOiIxNGMzYTQ3YSJ9\" href='https:\/\/kunst-portraits.at\/wp-content\/uploads\/2022\/03\/044-christina-scherrer-01.jpg'><img loading=\"lazy\" decoding=\"async\" width=\"680\" height=\"1020\" src=\"https:\/\/kunst-portraits.at\/wp-content\/uploads\/2022\/03\/044-christina-scherrer-01.jpg\" class=\"attachment-large size-large\" alt=\"\" srcset=\"https:\/\/kunst-portraits.at\/wp-content\/uploads\/2022\/03\/044-christina-scherrer-01.jpg 680w, https:\/\/kunst-portraits.at\/wp-content\/uploads\/2022\/03\/044-christina-scherrer-01-200x300.jpg 200w\" sizes=\"auto, (max-width: 680px) 100vw, 680px\" \/><\/a>\n\t\t\t<\/div><\/figure><figure class='gallery-item'>\n\t\t\t<div class='gallery-icon portrait'>\n\t\t\t\t<a data-elementor-open-lightbox=\"yes\" data-elementor-lightbox-slideshow=\"14c3a47a\" data-elementor-lightbox-title=\"Bianca Hanzel\" e-action-hash=\"#elementor-action%3Aaction%3Dlightbox%26settings%3DeyJpZCI6NTkzLCJ1cmwiOiJodHRwczpcL1wva3Vuc3QtcG9ydHJhaXRzLmF0XC93cC1jb250ZW50XC91cGxvYWRzXC8yMDIyXC8wM1wvMDQyLWJpYW5jYS1oYW56ZWwtMDUuanBnIiwic2xpZGVzaG93IjoiMTRjM2E0N2EifQ%3D%3D\" href='https:\/\/kunst-portraits.at\/wp-content\/uploads\/2022\/03\/042-bianca-hanzel-05.jpg'><img loading=\"lazy\" decoding=\"async\" width=\"680\" height=\"1020\" src=\"https:\/\/kunst-portraits.at\/wp-content\/uploads\/2022\/03\/042-bianca-hanzel-05.jpg\" class=\"attachment-large size-large\" alt=\"\" srcset=\"https:\/\/kunst-portraits.at\/wp-content\/uploads\/2022\/03\/042-bianca-hanzel-05.jpg 680w, https:\/\/kunst-portraits.at\/wp-content\/uploads\/2022\/03\/042-bianca-hanzel-05-200x300.jpg 200w\" sizes=\"auto, (max-width: 680px) 100vw, 680px\" \/><\/a>\n\t\t\t<\/div><\/figure><figure class='gallery-item'>\n\t\t\t<div class='gallery-icon portrait'>\n\t\t\t\t<a data-elementor-open-lightbox=\"yes\" data-elementor-lightbox-slideshow=\"14c3a47a\" data-elementor-lightbox-title=\"Bianca Hanzel\" e-action-hash=\"#elementor-action%3Aaction%3Dlightbox%26settings%3DeyJpZCI6NTkxLCJ1cmwiOiJodHRwczpcL1wva3Vuc3QtcG9ydHJhaXRzLmF0XC93cC1jb250ZW50XC91cGxvYWRzXC8yMDIyXC8wM1wvMDQwLWJpYW5jYS1oYW56ZWwtMDQuanBnIiwic2xpZGVzaG93IjoiMTRjM2E0N2EifQ%3D%3D\" href='https:\/\/kunst-portraits.at\/wp-content\/uploads\/2022\/03\/040-bianca-hanzel-04.jpg'><img loading=\"lazy\" decoding=\"async\" width=\"680\" height=\"1020\" src=\"https:\/\/kunst-portraits.at\/wp-content\/uploads\/2022\/03\/040-bianca-hanzel-04.jpg\" class=\"attachment-large size-large\" alt=\"\" srcset=\"https:\/\/kunst-portraits.at\/wp-content\/uploads\/2022\/03\/040-bianca-hanzel-04.jpg 680w, https:\/\/kunst-portraits.at\/wp-content\/uploads\/2022\/03\/040-bianca-hanzel-04-200x300.jpg 200w\" sizes=\"auto, (max-width: 680px) 100vw, 680px\" \/><\/a>\n\t\t\t<\/div><\/figure><figure class='gallery-item'>\n\t\t\t<div class='gallery-icon portrait'>\n\t\t\t\t<a data-elementor-open-lightbox=\"yes\" data-elementor-lightbox-slideshow=\"14c3a47a\" data-elementor-lightbox-title=\"Bettina Reifschneider\" e-action-hash=\"#elementor-action%3Aaction%3Dlightbox%26settings%3DeyJpZCI6NTkwLCJ1cmwiOiJodHRwczpcL1wva3Vuc3QtcG9ydHJhaXRzLmF0XC93cC1jb250ZW50XC91cGxvYWRzXC8yMDIyXC8wM1wvMDM5LWJldHRpbmEtcmVpZnNjaG5laWRlci0wMy5qcGciLCJzbGlkZXNob3ciOiIxNGMzYTQ3YSJ9\" href='https:\/\/kunst-portraits.at\/wp-content\/uploads\/2022\/03\/039-bettina-reifschneider-03.jpg'><img loading=\"lazy\" decoding=\"async\" width=\"680\" height=\"1020\" src=\"https:\/\/kunst-portraits.at\/wp-content\/uploads\/2022\/03\/039-bettina-reifschneider-03.jpg\" class=\"attachment-large size-large\" alt=\"\" srcset=\"https:\/\/kunst-portraits.at\/wp-content\/uploads\/2022\/03\/039-bettina-reifschneider-03.jpg 680w, https:\/\/kunst-portraits.at\/wp-content\/uploads\/2022\/03\/039-bettina-reifschneider-03-200x300.jpg 200w\" sizes=\"auto, (max-width: 680px) 100vw, 680px\" \/><\/a>\n\t\t\t<\/div><\/figure><figure class='gallery-item'>\n\t\t\t<div class='gallery-icon portrait'>\n\t\t\t\t<a data-elementor-open-lightbox=\"yes\" data-elementor-lightbox-slideshow=\"14c3a47a\" data-elementor-lightbox-title=\"Christina Scherrer\" e-action-hash=\"#elementor-action%3Aaction%3Dlightbox%26settings%3DeyJpZCI6NTg4LCJ1cmwiOiJodHRwczpcL1wva3Vuc3QtcG9ydHJhaXRzLmF0XC93cC1jb250ZW50XC91cGxvYWRzXC8yMDIyXC8wM1wvMDM3LWNocmlzdGluYS1zY2hlcnJlci0wMi5qcGciLCJzbGlkZXNob3ciOiIxNGMzYTQ3YSJ9\" href='https:\/\/kunst-portraits.at\/wp-content\/uploads\/2022\/03\/037-christina-scherrer-02.jpg'><img loading=\"lazy\" decoding=\"async\" width=\"680\" height=\"1020\" src=\"https:\/\/kunst-portraits.at\/wp-content\/uploads\/2022\/03\/037-christina-scherrer-02.jpg\" class=\"attachment-large size-large\" alt=\"\" srcset=\"https:\/\/kunst-portraits.at\/wp-content\/uploads\/2022\/03\/037-christina-scherrer-02.jpg 680w, https:\/\/kunst-portraits.at\/wp-content\/uploads\/2022\/03\/037-christina-scherrer-02-200x300.jpg 200w\" sizes=\"auto, (max-width: 680px) 100vw, 680px\" \/><\/a>\n\t\t\t<\/div><\/figure><figure class='gallery-item'>\n\t\t\t<div class='gallery-icon portrait'>\n\t\t\t\t<a data-elementor-open-lightbox=\"yes\" data-elementor-lightbox-slideshow=\"14c3a47a\" data-elementor-lightbox-title=\"Berit Glaser\" e-action-hash=\"#elementor-action%3Aaction%3Dlightbox%26settings%3DeyJpZCI6NTg3LCJ1cmwiOiJodHRwczpcL1wva3Vuc3QtcG9ydHJhaXRzLmF0XC93cC1jb250ZW50XC91cGxvYWRzXC8yMDIyXC8wM1wvMDM2LWJlcml0LWdsYXNlci0wMy5qcGciLCJzbGlkZXNob3ciOiIxNGMzYTQ3YSJ9\" href='https:\/\/kunst-portraits.at\/wp-content\/uploads\/2022\/03\/036-berit-glaser-03.jpg'><img loading=\"lazy\" decoding=\"async\" width=\"680\" height=\"1020\" src=\"https:\/\/kunst-portraits.at\/wp-content\/uploads\/2022\/03\/036-berit-glaser-03.jpg\" class=\"attachment-large size-large\" alt=\"\" srcset=\"https:\/\/kunst-portraits.at\/wp-content\/uploads\/2022\/03\/036-berit-glaser-03.jpg 680w, https:\/\/kunst-portraits.at\/wp-content\/uploads\/2022\/03\/036-berit-glaser-03-200x300.jpg 200w\" sizes=\"auto, (max-width: 680px) 100vw, 680px\" \/><\/a>\n\t\t\t<\/div><\/figure><figure class='gallery-item'>\n\t\t\t<div class='gallery-icon portrait'>\n\t\t\t\t<a data-elementor-open-lightbox=\"yes\" data-elementor-lightbox-slideshow=\"14c3a47a\" data-elementor-lightbox-title=\"Alfred Dorfer\" e-action-hash=\"#elementor-action%3Aaction%3Dlightbox%26settings%3DeyJpZCI6NTg2LCJ1cmwiOiJodHRwczpcL1wva3Vuc3QtcG9ydHJhaXRzLmF0XC93cC1jb250ZW50XC91cGxvYWRzXC8yMDIyXC8wM1wvMDM1LWFsZnJlZC1kb3JmZXItMDEuanBnIiwic2xpZGVzaG93IjoiMTRjM2E0N2EifQ%3D%3D\" href='https:\/\/kunst-portraits.at\/wp-content\/uploads\/2022\/03\/035-alfred-dorfer-01.jpg'><img loading=\"lazy\" decoding=\"async\" width=\"680\" height=\"1020\" src=\"https:\/\/kunst-portraits.at\/wp-content\/uploads\/2022\/03\/035-alfred-dorfer-01.jpg\" class=\"attachment-large size-large\" alt=\"\" srcset=\"https:\/\/kunst-portraits.at\/wp-content\/uploads\/2022\/03\/035-alfred-dorfer-01.jpg 680w, https:\/\/kunst-portraits.at\/wp-content\/uploads\/2022\/03\/035-alfred-dorfer-01-200x300.jpg 200w\" sizes=\"auto, (max-width: 680px) 100vw, 680px\" \/><\/a>\n\t\t\t<\/div><\/figure><figure class='gallery-item'>\n\t\t\t<div class='gallery-icon portrait'>\n\t\t\t\t<a data-elementor-open-lightbox=\"yes\" data-elementor-lightbox-slideshow=\"14c3a47a\" data-elementor-lightbox-title=\"Bettina Reifschneider\" e-action-hash=\"#elementor-action%3Aaction%3Dlightbox%26settings%3DeyJpZCI6NTg5LCJ1cmwiOiJodHRwczpcL1wva3Vuc3QtcG9ydHJhaXRzLmF0XC93cC1jb250ZW50XC91cGxvYWRzXC8yMDIyXC8wM1wvMDM4LWJldHRpbmEtcmVpZnNjaG5laWRlci0wMS5qcGciLCJzbGlkZXNob3ciOiIxNGMzYTQ3YSJ9\" href='https:\/\/kunst-portraits.at\/wp-content\/uploads\/2022\/03\/038-bettina-reifschneider-01.jpg'><img loading=\"lazy\" decoding=\"async\" width=\"680\" height=\"1020\" src=\"https:\/\/kunst-portraits.at\/wp-content\/uploads\/2022\/03\/038-bettina-reifschneider-01.jpg\" class=\"attachment-large size-large\" alt=\"\" srcset=\"https:\/\/kunst-portraits.at\/wp-content\/uploads\/2022\/03\/038-bettina-reifschneider-01.jpg 680w, https:\/\/kunst-portraits.at\/wp-content\/uploads\/2022\/03\/038-bettina-reifschneider-01-200x300.jpg 200w\" sizes=\"auto, (max-width: 680px) 100vw, 680px\" \/><\/a>\n\t\t\t<\/div><\/figure><figure class='gallery-item'>\n\t\t\t<div class='gallery-icon portrait'>\n\t\t\t\t<a data-elementor-open-lightbox=\"yes\" data-elementor-lightbox-slideshow=\"14c3a47a\" data-elementor-lightbox-title=\"Berit Glaser\" e-action-hash=\"#elementor-action%3Aaction%3Dlightbox%26settings%3DeyJpZCI6NTg1LCJ1cmwiOiJodHRwczpcL1wva3Vuc3QtcG9ydHJhaXRzLmF0XC93cC1jb250ZW50XC91cGxvYWRzXC8yMDIyXC8wM1wvMDM0LWJlcml0LWdsYXNlci0wMi5qcGciLCJzbGlkZXNob3ciOiIxNGMzYTQ3YSJ9\" href='https:\/\/kunst-portraits.at\/wp-content\/uploads\/2022\/03\/034-berit-glaser-02.jpg'><img loading=\"lazy\" decoding=\"async\" width=\"680\" height=\"1020\" src=\"https:\/\/kunst-portraits.at\/wp-content\/uploads\/2022\/03\/034-berit-glaser-02.jpg\" class=\"attachment-large size-large\" alt=\"\" srcset=\"https:\/\/kunst-portraits.at\/wp-content\/uploads\/2022\/03\/034-berit-glaser-02.jpg 680w, https:\/\/kunst-portraits.at\/wp-content\/uploads\/2022\/03\/034-berit-glaser-02-200x300.jpg 200w\" sizes=\"auto, (max-width: 680px) 100vw, 680px\" \/><\/a>\n\t\t\t<\/div><\/figure><figure class='gallery-item'>\n\t\t\t<div class='gallery-icon portrait'>\n\t\t\t\t<a data-elementor-open-lightbox=\"yes\" data-elementor-lightbox-slideshow=\"14c3a47a\" data-elementor-lightbox-title=\"Eva Bilisich\" e-action-hash=\"#elementor-action%3Aaction%3Dlightbox%26settings%3DeyJpZCI6NTg0LCJ1cmwiOiJodHRwczpcL1wva3Vuc3QtcG9ydHJhaXRzLmF0XC93cC1jb250ZW50XC91cGxvYWRzXC8yMDIyXC8wM1wvMDMzLWV2YS1iaWxpc2ljaC0wMS5qcGciLCJzbGlkZXNob3ciOiIxNGMzYTQ3YSJ9\" href='https:\/\/kunst-portraits.at\/wp-content\/uploads\/2022\/03\/033-eva-bilisich-01.jpg'><img loading=\"lazy\" decoding=\"async\" width=\"680\" height=\"1020\" src=\"https:\/\/kunst-portraits.at\/wp-content\/uploads\/2022\/03\/033-eva-bilisich-01.jpg\" class=\"attachment-large size-large\" alt=\"\" srcset=\"https:\/\/kunst-portraits.at\/wp-content\/uploads\/2022\/03\/033-eva-bilisich-01.jpg 680w, https:\/\/kunst-portraits.at\/wp-content\/uploads\/2022\/03\/033-eva-bilisich-01-200x300.jpg 200w\" sizes=\"auto, (max-width: 680px) 100vw, 680px\" \/><\/a>\n\t\t\t<\/div><\/figure><figure class='gallery-item'>\n\t\t\t<div class='gallery-icon portrait'>\n\t\t\t\t<a data-elementor-open-lightbox=\"yes\" data-elementor-lightbox-slideshow=\"14c3a47a\" data-elementor-lightbox-title=\"Babett Arens\" e-action-hash=\"#elementor-action%3Aaction%3Dlightbox%26settings%3DeyJpZCI6NTgzLCJ1cmwiOiJodHRwczpcL1wva3Vuc3QtcG9ydHJhaXRzLmF0XC93cC1jb250ZW50XC91cGxvYWRzXC8yMDIyXC8wM1wvMDMyLWJhYmV0dC1hcmVucy0wMy5qcGciLCJzbGlkZXNob3ciOiIxNGMzYTQ3YSJ9\" href='https:\/\/kunst-portraits.at\/wp-content\/uploads\/2022\/03\/032-babett-arens-03.jpg'><img loading=\"lazy\" decoding=\"async\" width=\"680\" height=\"1020\" src=\"https:\/\/kunst-portraits.at\/wp-content\/uploads\/2022\/03\/032-babett-arens-03.jpg\" class=\"attachment-large size-large\" alt=\"\" srcset=\"https:\/\/kunst-portraits.at\/wp-content\/uploads\/2022\/03\/032-babett-arens-03.jpg 680w, https:\/\/kunst-portraits.at\/wp-content\/uploads\/2022\/03\/032-babett-arens-03-200x300.jpg 200w\" sizes=\"auto, (max-width: 680px) 100vw, 680px\" \/><\/a>\n\t\t\t<\/div><\/figure><figure class='gallery-item'>\n\t\t\t<div class='gallery-icon portrait'>\n\t\t\t\t<a data-elementor-open-lightbox=\"yes\" data-elementor-lightbox-slideshow=\"14c3a47a\" data-elementor-lightbox-title=\"Bianca Hanzel\" e-action-hash=\"#elementor-action%3Aaction%3Dlightbox%26settings%3DeyJpZCI6NTgyLCJ1cmwiOiJodHRwczpcL1wva3Vuc3QtcG9ydHJhaXRzLmF0XC93cC1jb250ZW50XC91cGxvYWRzXC8yMDIyXC8wM1wvMDMxLWJpYW5jYS1oYW56ZWwtMDMuanBnIiwic2xpZGVzaG93IjoiMTRjM2E0N2EifQ%3D%3D\" href='https:\/\/kunst-portraits.at\/wp-content\/uploads\/2022\/03\/031-bianca-hanzel-03.jpg'><img loading=\"lazy\" decoding=\"async\" width=\"680\" height=\"1020\" src=\"https:\/\/kunst-portraits.at\/wp-content\/uploads\/2022\/03\/031-bianca-hanzel-03.jpg\" class=\"attachment-large size-large\" alt=\"\" srcset=\"https:\/\/kunst-portraits.at\/wp-content\/uploads\/2022\/03\/031-bianca-hanzel-03.jpg 680w, https:\/\/kunst-portraits.at\/wp-content\/uploads\/2022\/03\/031-bianca-hanzel-03-200x300.jpg 200w\" sizes=\"auto, (max-width: 680px) 100vw, 680px\" \/><\/a>\n\t\t\t<\/div><\/figure><figure class='gallery-item'>\n\t\t\t<div class='gallery-icon portrait'>\n\t\t\t\t<a data-elementor-open-lightbox=\"yes\" data-elementor-lightbox-slideshow=\"14c3a47a\" data-elementor-lightbox-title=\"Babett Arens\" e-action-hash=\"#elementor-action%3Aaction%3Dlightbox%26settings%3DeyJpZCI6NTgxLCJ1cmwiOiJodHRwczpcL1wva3Vuc3QtcG9ydHJhaXRzLmF0XC93cC1jb250ZW50XC91cGxvYWRzXC8yMDIyXC8wM1wvMDMwLWJhYmV0dC1hcmVucy0wMi5qcGciLCJzbGlkZXNob3ciOiIxNGMzYTQ3YSJ9\" href='https:\/\/kunst-portraits.at\/wp-content\/uploads\/2022\/03\/030-babett-arens-02.jpg'><img loading=\"lazy\" decoding=\"async\" width=\"680\" height=\"1020\" src=\"https:\/\/kunst-portraits.at\/wp-content\/uploads\/2022\/03\/030-babett-arens-02.jpg\" class=\"attachment-large size-large\" alt=\"\" srcset=\"https:\/\/kunst-portraits.at\/wp-content\/uploads\/2022\/03\/030-babett-arens-02.jpg 680w, https:\/\/kunst-portraits.at\/wp-content\/uploads\/2022\/03\/030-babett-arens-02-200x300.jpg 200w\" sizes=\"auto, (max-width: 680px) 100vw, 680px\" \/><\/a>\n\t\t\t<\/div><\/figure><figure class='gallery-item'>\n\t\t\t<div class='gallery-icon portrait'>\n\t\t\t\t<a data-elementor-open-lightbox=\"yes\" data-elementor-lightbox-slideshow=\"14c3a47a\" data-elementor-lightbox-title=\"Astrid Golda\" e-action-hash=\"#elementor-action%3Aaction%3Dlightbox%26settings%3DeyJpZCI6NTc5LCJ1cmwiOiJodHRwczpcL1wva3Vuc3QtcG9ydHJhaXRzLmF0XC93cC1jb250ZW50XC91cGxvYWRzXC8yMDIyXC8wM1wvMDI4LWFzdHJpZC1nb2xkYS0wMy5qcGciLCJzbGlkZXNob3ciOiIxNGMzYTQ3YSJ9\" href='https:\/\/kunst-portraits.at\/wp-content\/uploads\/2022\/03\/028-astrid-golda-03.jpg'><img loading=\"lazy\" decoding=\"async\" width=\"680\" height=\"1020\" src=\"https:\/\/kunst-portraits.at\/wp-content\/uploads\/2022\/03\/028-astrid-golda-03.jpg\" class=\"attachment-large size-large\" alt=\"\" srcset=\"https:\/\/kunst-portraits.at\/wp-content\/uploads\/2022\/03\/028-astrid-golda-03.jpg 680w, https:\/\/kunst-portraits.at\/wp-content\/uploads\/2022\/03\/028-astrid-golda-03-200x300.jpg 200w\" sizes=\"auto, (max-width: 680px) 100vw, 680px\" \/><\/a>\n\t\t\t<\/div><\/figure><figure class='gallery-item'>\n\t\t\t<div class='gallery-icon portrait'>\n\t\t\t\t<a data-elementor-open-lightbox=\"yes\" data-elementor-lightbox-slideshow=\"14c3a47a\" data-elementor-lightbox-title=\"Astrid Golda\" e-action-hash=\"#elementor-action%3Aaction%3Dlightbox%26settings%3DeyJpZCI6NTc4LCJ1cmwiOiJodHRwczpcL1wva3Vuc3QtcG9ydHJhaXRzLmF0XC93cC1jb250ZW50XC91cGxvYWRzXC8yMDIyXC8wM1wvMDI3LWFzdHJpZC1nb2xkYS0wMi5qcGciLCJzbGlkZXNob3ciOiIxNGMzYTQ3YSJ9\" href='https:\/\/kunst-portraits.at\/wp-content\/uploads\/2022\/03\/027-astrid-golda-02.jpg'><img loading=\"lazy\" decoding=\"async\" width=\"680\" height=\"1020\" src=\"https:\/\/kunst-portraits.at\/wp-content\/uploads\/2022\/03\/027-astrid-golda-02.jpg\" class=\"attachment-large size-large\" alt=\"\" srcset=\"https:\/\/kunst-portraits.at\/wp-content\/uploads\/2022\/03\/027-astrid-golda-02.jpg 680w, https:\/\/kunst-portraits.at\/wp-content\/uploads\/2022\/03\/027-astrid-golda-02-200x300.jpg 200w\" sizes=\"auto, (max-width: 680px) 100vw, 680px\" \/><\/a>\n\t\t\t<\/div><\/figure><figure class='gallery-item'>\n\t\t\t<div class='gallery-icon landscape'>\n\t\t\t\t<a data-elementor-open-lightbox=\"yes\" data-elementor-lightbox-slideshow=\"14c3a47a\" data-elementor-lightbox-title=\"Bianca Hanzel\" e-action-hash=\"#elementor-action%3Aaction%3Dlightbox%26settings%3DeyJpZCI6NTc3LCJ1cmwiOiJodHRwczpcL1wva3Vuc3QtcG9ydHJhaXRzLmF0XC93cC1jb250ZW50XC91cGxvYWRzXC8yMDIyXC8wM1wvMDI2LWJpYW5jYS1oYW56ZWwtMDIuanBnIiwic2xpZGVzaG93IjoiMTRjM2E0N2EifQ%3D%3D\" href='https:\/\/kunst-portraits.at\/wp-content\/uploads\/2022\/03\/026-bianca-hanzel-02.jpg'><img loading=\"lazy\" decoding=\"async\" width=\"1024\" height=\"683\" src=\"https:\/\/kunst-portraits.at\/wp-content\/uploads\/2022\/03\/026-bianca-hanzel-02-1024x683.jpg\" class=\"attachment-large size-large\" alt=\"\" srcset=\"https:\/\/kunst-portraits.at\/wp-content\/uploads\/2022\/03\/026-bianca-hanzel-02-1024x683.jpg 1024w, https:\/\/kunst-portraits.at\/wp-content\/uploads\/2022\/03\/026-bianca-hanzel-02-300x200.jpg 300w, https:\/\/kunst-portraits.at\/wp-content\/uploads\/2022\/03\/026-bianca-hanzel-02-768x512.jpg 768w, https:\/\/kunst-portraits.at\/wp-content\/uploads\/2022\/03\/026-bianca-hanzel-02.jpg 1530w\" sizes=\"auto, (max-width: 1024px) 100vw, 1024px\" \/><\/a>\n\t\t\t<\/div><\/figure><figure class='gallery-item'>\n\t\t\t<div class='gallery-icon portrait'>\n\t\t\t\t<a data-elementor-open-lightbox=\"yes\" data-elementor-lightbox-slideshow=\"14c3a47a\" data-elementor-lightbox-title=\"Anna Sophie Krenn\" e-action-hash=\"#elementor-action%3Aaction%3Dlightbox%26settings%3DeyJpZCI6NTc2LCJ1cmwiOiJodHRwczpcL1wva3Vuc3QtcG9ydHJhaXRzLmF0XC93cC1jb250ZW50XC91cGxvYWRzXC8yMDIyXC8wM1wvMDI1LWFubmEtc29waGllLWtyZW5uLTAyLmpwZyIsInNsaWRlc2hvdyI6IjE0YzNhNDdhIn0%3D\" href='https:\/\/kunst-portraits.at\/wp-content\/uploads\/2022\/03\/025-anna-sophie-krenn-02.jpg'><img loading=\"lazy\" decoding=\"async\" width=\"680\" height=\"1020\" src=\"https:\/\/kunst-portraits.at\/wp-content\/uploads\/2022\/03\/025-anna-sophie-krenn-02.jpg\" class=\"attachment-large size-large\" alt=\"\" srcset=\"https:\/\/kunst-portraits.at\/wp-content\/uploads\/2022\/03\/025-anna-sophie-krenn-02.jpg 680w, https:\/\/kunst-portraits.at\/wp-content\/uploads\/2022\/03\/025-anna-sophie-krenn-02-200x300.jpg 200w\" sizes=\"auto, (max-width: 680px) 100vw, 680px\" \/><\/a>\n\t\t\t<\/div><\/figure><figure class='gallery-item'>\n\t\t\t<div class='gallery-icon portrait'>\n\t\t\t\t<a data-elementor-open-lightbox=\"yes\" data-elementor-lightbox-slideshow=\"14c3a47a\" data-elementor-lightbox-title=\"Daniela Kong\" e-action-hash=\"#elementor-action%3Aaction%3Dlightbox%26settings%3DeyJpZCI6NTczLCJ1cmwiOiJodHRwczpcL1wva3Vuc3QtcG9ydHJhaXRzLmF0XC93cC1jb250ZW50XC91cGxvYWRzXC8yMDIyXC8wM1wvMDIyLWRhbmllbGEta29uZy0wNC5qcGciLCJzbGlkZXNob3ciOiIxNGMzYTQ3YSJ9\" href='https:\/\/kunst-portraits.at\/wp-content\/uploads\/2022\/03\/022-daniela-kong-04.jpg'><img loading=\"lazy\" decoding=\"async\" width=\"680\" height=\"1020\" src=\"https:\/\/kunst-portraits.at\/wp-content\/uploads\/2022\/03\/022-daniela-kong-04.jpg\" class=\"attachment-large size-large\" alt=\"\" srcset=\"https:\/\/kunst-portraits.at\/wp-content\/uploads\/2022\/03\/022-daniela-kong-04.jpg 680w, https:\/\/kunst-portraits.at\/wp-content\/uploads\/2022\/03\/022-daniela-kong-04-200x300.jpg 200w\" sizes=\"auto, (max-width: 680px) 100vw, 680px\" \/><\/a>\n\t\t\t<\/div><\/figure><figure class='gallery-item'>\n\t\t\t<div class='gallery-icon portrait'>\n\t\t\t\t<a data-elementor-open-lightbox=\"yes\" data-elementor-lightbox-slideshow=\"14c3a47a\" data-elementor-lightbox-title=\"Andrea H\u00e4ndler\" e-action-hash=\"#elementor-action%3Aaction%3Dlightbox%26settings%3DeyJpZCI6NTcyLCJ1cmwiOiJodHRwczpcL1wva3Vuc3QtcG9ydHJhaXRzLmF0XC93cC1jb250ZW50XC91cGxvYWRzXC8yMDIyXC8wM1wvMDIxLWFuZHJlYS1oYW5kbGVyLTAyLmpwZyIsInNsaWRlc2hvdyI6IjE0YzNhNDdhIn0%3D\" href='https:\/\/kunst-portraits.at\/wp-content\/uploads\/2022\/03\/021-andrea-handler-02.jpg'><img loading=\"lazy\" decoding=\"async\" width=\"680\" height=\"1020\" src=\"https:\/\/kunst-portraits.at\/wp-content\/uploads\/2022\/03\/021-andrea-handler-02.jpg\" class=\"attachment-large size-large\" alt=\"\" srcset=\"https:\/\/kunst-portraits.at\/wp-content\/uploads\/2022\/03\/021-andrea-handler-02.jpg 680w, https:\/\/kunst-portraits.at\/wp-content\/uploads\/2022\/03\/021-andrea-handler-02-200x300.jpg 200w\" sizes=\"auto, (max-width: 680px) 100vw, 680px\" \/><\/a>\n\t\t\t<\/div><\/figure><figure class='gallery-item'>\n\t\t\t<div class='gallery-icon portrait'>\n\t\t\t\t<a data-elementor-open-lightbox=\"yes\" data-elementor-lightbox-slideshow=\"14c3a47a\" data-elementor-lightbox-title=\"Alfred Dorfer\" e-action-hash=\"#elementor-action%3Aaction%3Dlightbox%26settings%3DeyJpZCI6NTcxLCJ1cmwiOiJodHRwczpcL1wva3Vuc3QtcG9ydHJhaXRzLmF0XC93cC1jb250ZW50XC91cGxvYWRzXC8yMDIyXC8wM1wvMDIwLWFsZnJlZC1kb3JmZXItMDIuanBnIiwic2xpZGVzaG93IjoiMTRjM2E0N2EifQ%3D%3D\" href='https:\/\/kunst-portraits.at\/wp-content\/uploads\/2022\/03\/020-alfred-dorfer-02.jpg'><img loading=\"lazy\" decoding=\"async\" width=\"723\" height=\"1020\" src=\"https:\/\/kunst-portraits.at\/wp-content\/uploads\/2022\/03\/020-alfred-dorfer-02.jpg\" class=\"attachment-large size-large\" alt=\"\" srcset=\"https:\/\/kunst-portraits.at\/wp-content\/uploads\/2022\/03\/020-alfred-dorfer-02.jpg 723w, https:\/\/kunst-portraits.at\/wp-content\/uploads\/2022\/03\/020-alfred-dorfer-02-213x300.jpg 213w\" sizes=\"auto, (max-width: 723px) 100vw, 723px\" \/><\/a>\n\t\t\t<\/div><\/figure><figure class='gallery-item'>\n\t\t\t<div class='gallery-icon portrait'>\n\t\t\t\t<a data-elementor-open-lightbox=\"yes\" data-elementor-lightbox-slideshow=\"14c3a47a\" data-elementor-lightbox-title=\"Alexander Rossi\" e-action-hash=\"#elementor-action%3Aaction%3Dlightbox%26settings%3DeyJpZCI6NTY5LCJ1cmwiOiJodHRwczpcL1wva3Vuc3QtcG9ydHJhaXRzLmF0XC93cC1jb250ZW50XC91cGxvYWRzXC8yMDIyXC8wM1wvMDE4LWFsZXhhbmRlci1yb3NzaS0wMy5qcGciLCJzbGlkZXNob3ciOiIxNGMzYTQ3YSJ9\" href='https:\/\/kunst-portraits.at\/wp-content\/uploads\/2022\/03\/018-alexander-rossi-03.jpg'><img loading=\"lazy\" decoding=\"async\" width=\"680\" height=\"1020\" src=\"https:\/\/kunst-portraits.at\/wp-content\/uploads\/2022\/03\/018-alexander-rossi-03.jpg\" class=\"attachment-large size-large\" alt=\"\" srcset=\"https:\/\/kunst-portraits.at\/wp-content\/uploads\/2022\/03\/018-alexander-rossi-03.jpg 680w, https:\/\/kunst-portraits.at\/wp-content\/uploads\/2022\/03\/018-alexander-rossi-03-200x300.jpg 200w\" sizes=\"auto, (max-width: 680px) 100vw, 680px\" \/><\/a>\n\t\t\t<\/div><\/figure><figure class='gallery-item'>\n\t\t\t<div class='gallery-icon portrait'>\n\t\t\t\t<a data-elementor-open-lightbox=\"yes\" data-elementor-lightbox-slideshow=\"14c3a47a\" data-elementor-lightbox-title=\"Alexander Rossi\" e-action-hash=\"#elementor-action%3Aaction%3Dlightbox%26settings%3DeyJpZCI6NTY4LCJ1cmwiOiJodHRwczpcL1wva3Vuc3QtcG9ydHJhaXRzLmF0XC93cC1jb250ZW50XC91cGxvYWRzXC8yMDIyXC8wM1wvMDE3LWFsZXhhbmRlci1yb3NzaS0wMS5qcGciLCJzbGlkZXNob3ciOiIxNGMzYTQ3YSJ9\" href='https:\/\/kunst-portraits.at\/wp-content\/uploads\/2022\/03\/017-alexander-rossi-01.jpg'><img loading=\"lazy\" decoding=\"async\" width=\"680\" height=\"1020\" src=\"https:\/\/kunst-portraits.at\/wp-content\/uploads\/2022\/03\/017-alexander-rossi-01.jpg\" class=\"attachment-large size-large\" alt=\"\" srcset=\"https:\/\/kunst-portraits.at\/wp-content\/uploads\/2022\/03\/017-alexander-rossi-01.jpg 680w, https:\/\/kunst-portraits.at\/wp-content\/uploads\/2022\/03\/017-alexander-rossi-01-200x300.jpg 200w\" sizes=\"auto, (max-width: 680px) 100vw, 680px\" \/><\/a>\n\t\t\t<\/div><\/figure><figure class='gallery-item'>\n\t\t\t<div class='gallery-icon portrait'>\n\t\t\t\t<a data-elementor-open-lightbox=\"yes\" data-elementor-lightbox-slideshow=\"14c3a47a\" data-elementor-lightbox-title=\"Adriana Zartl\" e-action-hash=\"#elementor-action%3Aaction%3Dlightbox%26settings%3DeyJpZCI6NTY3LCJ1cmwiOiJodHRwczpcL1wva3Vuc3QtcG9ydHJhaXRzLmF0XC93cC1jb250ZW50XC91cGxvYWRzXC8yMDIyXC8wM1wvMDE2LWFkcmlhbmEtemFydGwtMDIuanBnIiwic2xpZGVzaG93IjoiMTRjM2E0N2EifQ%3D%3D\" href='https:\/\/kunst-portraits.at\/wp-content\/uploads\/2022\/03\/016-adriana-zartl-02.jpg'><img loading=\"lazy\" decoding=\"async\" width=\"683\" height=\"1024\" src=\"https:\/\/kunst-portraits.at\/wp-content\/uploads\/2022\/03\/016-adriana-zartl-02-683x1024.jpg\" class=\"attachment-large size-large\" alt=\"\" srcset=\"https:\/\/kunst-portraits.at\/wp-content\/uploads\/2022\/03\/016-adriana-zartl-02-683x1024.jpg 683w, https:\/\/kunst-portraits.at\/wp-content\/uploads\/2022\/03\/016-adriana-zartl-02-200x300.jpg 200w, https:\/\/kunst-portraits.at\/wp-content\/uploads\/2022\/03\/016-adriana-zartl-02.jpg 717w\" sizes=\"auto, (max-width: 683px) 100vw, 683px\" \/><\/a>\n\t\t\t<\/div><\/figure><figure class='gallery-item'>\n\t\t\t<div class='gallery-icon portrait'>\n\t\t\t\t<a data-elementor-open-lightbox=\"yes\" data-elementor-lightbox-slideshow=\"14c3a47a\" data-elementor-lightbox-title=\"Otmar Binder\" e-action-hash=\"#elementor-action%3Aaction%3Dlightbox%26settings%3DeyJpZCI6NTY1LCJ1cmwiOiJodHRwczpcL1wva3Vuc3QtcG9ydHJhaXRzLmF0XC93cC1jb250ZW50XC91cGxvYWRzXC8yMDIyXC8wM1wvMDE0LWVuZG9yYS0wOC1zY2FsZWQuanBnIiwic2xpZGVzaG93IjoiMTRjM2E0N2EifQ%3D%3D\" href='https:\/\/kunst-portraits.at\/wp-content\/uploads\/2022\/03\/014-endora-08-scaled.jpg'><img loading=\"lazy\" decoding=\"async\" width=\"682\" height=\"1024\" src=\"https:\/\/kunst-portraits.at\/wp-content\/uploads\/2022\/03\/014-endora-08-682x1024.jpg\" class=\"attachment-large size-large\" alt=\"\" srcset=\"https:\/\/kunst-portraits.at\/wp-content\/uploads\/2022\/03\/014-endora-08-682x1024.jpg 682w, https:\/\/kunst-portraits.at\/wp-content\/uploads\/2022\/03\/014-endora-08-200x300.jpg 200w, https:\/\/kunst-portraits.at\/wp-content\/uploads\/2022\/03\/014-endora-08-768x1152.jpg 768w, https:\/\/kunst-portraits.at\/wp-content\/uploads\/2022\/03\/014-endora-08-1024x1536.jpg 1024w, https:\/\/kunst-portraits.at\/wp-content\/uploads\/2022\/03\/014-endora-08-1365x2048.jpg 1365w, https:\/\/kunst-portraits.at\/wp-content\/uploads\/2022\/03\/014-endora-08-scaled.jpg 1706w\" sizes=\"auto, (max-width: 682px) 100vw, 682px\" \/><\/a>\n\t\t\t<\/div><\/figure>\n\t\t<\/div>\n\t\t<\/div>\n\t\t\t\t<\/div>\n\t\t\t\t<\/div>\n\t\t\t\t\t<\/div>\n\t\t<\/div>\n\t\t\t\t\t\t\t<\/div>\n\t\t<\/section>\n\t\t\t\t<section class=\"elementor-section elementor-top-section elementor-element elementor-element-5a0a34d9 elementor-section-height-min-height elementor-section-boxed elementor-section-height-default elementor-section-items-middle\" data-id=\"5a0a34d9\" data-element_type=\"section\" id=\"contact\" data-settings=\"{&quot;background_background&quot;:&quot;classic&quot;}\">\n\t\t\t\t\t\t\t<div class=\"elementor-background-overlay\"><\/div>\n\t\t\t\t\t\t\t<div class=\"elementor-container elementor-column-gap-default\">\n\t\t\t\t\t<div class=\"elementor-column elementor-col-100 elementor-top-column elementor-element elementor-element-67fd29e1 elementor-invisible\" data-id=\"67fd29e1\" data-element_type=\"column\" data-settings=\"{&quot;animation&quot;:&quot;fadeInLeft&quot;}\">\n\t\t\t<div class=\"elementor-widget-wrap elementor-element-populated\">\n\t\t\t\t\t\t\t\t<div class=\"elementor-element elementor-element-24eaf356 elementor-widget elementor-widget-heading\" data-id=\"24eaf356\" data-element_type=\"widget\" data-widget_type=\"heading.default\">\n\t\t\t\t<div class=\"elementor-widget-container\">\n\t\t\t<h5 class=\"elementor-heading-title elementor-size-default\">Kontakt<\/h5>\t\t<\/div>\n\t\t\t\t<\/div>\n\t\t\t\t<div class=\"elementor-element elementor-element-cb539cf eael-wpforms-labels-yes eael-wpforms-form-button-custom elementor-widget elementor-widget-eael-wpforms\" data-id=\"cb539cf\" data-element_type=\"widget\" data-widget_type=\"eael-wpforms.default\">\n\t\t\t\t<div class=\"elementor-widget-container\">\n\t\t\t            <div class=\"eael-contact-form eael-wpforms eael-contact-form-align-default\">\n                                <div class=\"wpforms-container \" id=\"wpforms-797\"><form id=\"wpforms-form-797\" class=\"wpforms-validate wpforms-form wpforms-ajax-form\" data-formid=\"797\" method=\"post\" enctype=\"multipart\/form-data\" action=\"\/index.php\/wp-json\/wp\/v2\/pages\/125\" data-token=\"6cecbe4bd5718f640cb9647c554c3feb\"><div class=\"wpforms-head-container\"><\/div><noscript class=\"wpforms-error-noscript\">Please enable JavaScript in your browser to complete this form.<\/noscript><div class=\"wpforms-field-container\"><div id=\"wpforms-797-field_0-container\" class=\"wpforms-field wpforms-field-name\" data-field-id=\"0\"><label class=\"wpforms-field-label\" for=\"wpforms-797-field_0\">Name <span class=\"wpforms-required-label\">*<\/span><\/label><div class=\"wpforms-field-row wpforms-field-medium\"><div class=\"wpforms-field-row-block wpforms-first wpforms-one-half\"><input type=\"text\" id=\"wpforms-797-field_0\" class=\"wpforms-field-name-first wpforms-field-required\" name=\"wpforms[fields][0][first]\" required><label for=\"wpforms-797-field_0\" class=\"wpforms-field-sublabel after \">First<\/label><\/div><div class=\"wpforms-field-row-block wpforms-one-half\"><input type=\"text\" id=\"wpforms-797-field_0-last\" class=\"wpforms-field-name-last wpforms-field-required\" name=\"wpforms[fields][0][last]\" required><label for=\"wpforms-797-field_0-last\" class=\"wpforms-field-sublabel after \">Last<\/label><\/div><\/div><\/div><div id=\"wpforms-797-field_1-container\" class=\"wpforms-field wpforms-field-email\" data-field-id=\"1\"><label class=\"wpforms-field-label\" for=\"wpforms-797-field_1\">Email <span class=\"wpforms-required-label\">*<\/span><\/label><input type=\"email\" id=\"wpforms-797-field_1\" class=\"wpforms-field-medium wpforms-field-required\" name=\"wpforms[fields][1]\" required><\/div><div id=\"wpforms-797-field_2-container\" class=\"wpforms-field wpforms-field-textarea\" data-field-id=\"2\"><label class=\"wpforms-field-label\" for=\"wpforms-797-field_2\">Comment or Message <span class=\"wpforms-required-label\">*<\/span><\/label><textarea id=\"wpforms-797-field_2\" class=\"wpforms-field-medium wpforms-field-required\" name=\"wpforms[fields][2]\" required><\/textarea><\/div><\/div><div class=\"wpforms-submit-container\"><input type=\"hidden\" name=\"wpforms[id]\" value=\"797\"><input type=\"hidden\" name=\"wpforms[author]\" value=\"1\"><button type=\"submit\" name=\"wpforms[submit]\" id=\"wpforms-submit-797\" class=\"wpforms-submit\" data-alt-text=\"wird geschickt...\" data-submit-text=\"Abschicken\" aria-live=\"assertive\" value=\"wpforms-submit\">Abschicken<\/button><img loading=\"lazy\" decoding=\"async\" src=\"https:\/\/kunst-portraits.at\/wp-content\/plugins\/wpforms-lite\/assets\/images\/submit-spin.svg\" class=\"wpforms-submit-spinner\" style=\"display: none;\" width=\"26\" height=\"26\" alt=\"\"><\/div><\/form><\/div>  <!-- .wpforms-container -->            <\/div>\n\t\t<\/div>\n\t\t\t\t<\/div>\n\t\t\t\t\t<\/div>\n\t\t<\/div>\n\t\t\t\t\t\t\t<\/div>\n\t\t<\/section>\n\t\t\t\t\t\t\t<\/div>\n\t\t","protected":false},"excerpt":{"rendered":"<p>&#8220;Es ist mir wichtig, nicht Fotos von Menschen zu machen, sondern mit Menschen zu machen und mit ihnen zu kreieren.&#8221; -Robert Peres Gedankeng\u00e4nge Als Fotograf verstehe ich mich als Mittler zwischen dem zu portraitierenden Menschen und der Zeit jenseits der Gegenwart \u2013 dem zuk\u00fcnftigen Betrachter des Bildes. Ich sehe oft mehr in einem Bild als &hellip;<\/p>\n<p class=\"read-more\"> <a class=\"\" href=\"https:\/\/kunst-portraits.at\/\"> <span class=\"screen-reader-text\">Home<\/span> Read More &raquo;<\/a><\/p>\n","protected":false},"author":1,"featured_media":0,"parent":0,"menu_order":0,"comment_status":"closed","ping_status":"closed","template":"","meta":{"site-sidebar-layout":"no-sidebar","site-content-layout":"page-builder","ast-main-header-display":"","ast-hfb-above-header-display":"","ast-hfb-below-header-display":"","ast-hfb-mobile-header-display":"","site-post-title":"disabled","ast-breadcrumbs-content":"","ast-featured-img":"disabled","footer-sml-layout":"","theme-transparent-header-meta":"enabled","adv-header-id-meta":"","stick-header-meta":"","header-above-stick-meta":"","header-main-stick-meta":"","header-below-stick-meta":"","footnotes":""},"class_list":["post-125","page","type-page","status-publish","hentry"],"_links":{"self":[{"href":"https:\/\/kunst-portraits.at\/index.php\/wp-json\/wp\/v2\/pages\/125","targetHints":{"allow":["GET"]}}],"collection":[{"href":"https:\/\/kunst-portraits.at\/index.php\/wp-json\/wp\/v2\/pages"}],"about":[{"href":"https:\/\/kunst-portraits.at\/index.php\/wp-json\/wp\/v2\/types\/page"}],"author":[{"embeddable":true,"href":"https:\/\/kunst-portraits.at\/index.php\/wp-json\/wp\/v2\/users\/1"}],"replies":[{"embeddable":true,"href":"https:\/\/kunst-portraits.at\/index.php\/wp-json\/wp\/v2\/comments?post=125"}],"version-history":[{"count":73,"href":"https:\/\/kunst-portraits.at\/index.php\/wp-json\/wp\/v2\/pages\/125\/revisions"}],"predecessor-version":[{"id":816,"href":"https:\/\/kunst-portraits.at\/index.php\/wp-json\/wp\/v2\/pages\/125\/revisions\/816"}],"wp:attachment":[{"href":"https:\/\/kunst-portraits.at\/index.php\/wp-json\/wp\/v2\/media?parent=125"}],"curies":[{"name":"wp","href":"https:\/\/api.w.org\/{rel}","templated":true}]}}